{"id":12,"date":"2022-03-02T19:46:04","date_gmt":"2022-03-02T19:46:04","guid":{"rendered":"https:\/\/corovillamarta.pepelui.es\/?page_id=12"},"modified":"2025-10-26T19:44:09","modified_gmt":"2025-10-26T18:44:09","slug":"director-y-equipo-musical","status":"publish","type":"page","link":"https:\/\/corodelteatrovillamarta.org\/index.php\/director-y-equipo-musical\/","title":{"rendered":"Direcci\u00f3n Musical"},"content":{"rendered":"\n<p class=\"has-foreground-color has-text-color\">Directora musical: <strong>Marta Ben\u00edtez Fern\u00e1ndez<\/strong><\/p>\n\n\n\n<p class=\"has-foreground-color has-text-color\">Subdirector y pianista: <strong><strong>Hugo Dom\u00ednguez Moreno<\/strong><\/strong><\/p>\n\n\n\n<div class=\"wp-block-columns alignwide is-layout-flex wp-container-core-columns-is-layout-28f84493 wp-block-columns-is-layout-flex\">\n<div class=\"wp-block-column is-layout-flow wp-block-column-is-layout-flow\" style=\"flex-basis:1000px\">\n<p><strong><strong><strong>Marta Ben\u00edtez Fern\u00e1ndez<\/strong><\/strong>:<\/strong><\/p>\n\n\n\n<figure class=\"wp-block-image size-full is-resized\"><img loading=\"lazy\" decoding=\"async\" width=\"474\" height=\"633\" src=\"https:\/\/corodelteatrovillamarta.org\/wp-content\/uploads\/2024\/09\/Marta-Benitez.png\" alt=\"\" class=\"wp-image-1976\" style=\"width:255px;height:auto\" srcset=\"https:\/\/corodelteatrovillamarta.org\/wp-content\/uploads\/2024\/09\/Marta-Benitez.png 474w, https:\/\/corodelteatrovillamarta.org\/wp-content\/uploads\/2024\/09\/Marta-Benitez-225x300.png 225w\" sizes=\"auto, (max-width: 474px) 100vw, 474px\" \/><\/figure>\n\n\n\n<p>Experiencia de 6 a\u00f1os como <strong>profesora de piano <\/strong>a ni\u00f1os entre 6 y 17 a\u00f1os en el colegio San Jos\u00e9 Sagrados Corazones de Sevilla<strong>.<\/strong><\/p>\n\n\n\n<p>Marta ha realizado un m\u00e1ster especializado en canci\u00f3n alemana, francesa y espa\u00f1ola. Tiene mucha experiencia en el acompa\u00f1amiento al piano de instrumentos, cantantes y coros. Acompa\u00f1a frecuentemente a la Escolan\u00eda de los Palacios y es la pianista acompa\u00f1ante del coro de voces blancas del Colegio Entreolivos, ganador de dos concursos nacionales de coros escolares y tercer premio en 2022 en concurso de habaneras de Torrevieja.<\/p>\n\n\n\n<p>Desde 2017, Marta es soprano integrante de la bolsa del Coro Joven de Andaluc\u00eda, y desde 2013 hasta 2015 tambi\u00e9n form\u00f3 parte del Joven Coro de Madrid, as\u00ed como en 2019 form\u00f3 parte del coro de la Orquesta Barroca de Sevilla. Habitualmente canta en la Compa\u00f1\u00eda Sevillana de Zarzuela y en los coros C\u00f3dice y Ottava Rima.<\/p>\n\n\n\n<p>En el curso 2023\/2024 ha realizado la labor de pianista acompa\u00f1ante de instrumentos en el Conservatorio Superior de M\u00fasica de Ja\u00e9n.<\/p>\n\n\n\n<p>T\u00edtulo Superior en Ense\u00f1anzas art\u00edsticas: especialidad Interpretaci\u00f3n \u2013 <strong>PIANO <\/strong>(CSM Manuel Castillo de Sevilla)<\/p>\n\n\n\n<p>M\u00e1ster en <strong>Lied <\/strong>Victoria de los \u00c1ngeles en la Escuela Superior de M\u00fasica de Catalu\u00f1a (ESMUC)<\/p>\n\n\n\n<p>T\u00edtulo Profesional de m\u00fasica en la especialidad de <strong>Canto<\/strong><\/p>\n\n\n\n<p>Ha estudiado con el pianista Jos\u00e9 Mar\u00eda Duque L\u00f3pez, asistido a cursos con Josep Colom, Daniel Rivera, Etienne Rappe, Simone Gragnani, etc. adem\u00e1s de ser alumna de Carmen Ruiz Lanzar\u00e1n, del catedr\u00e1tico de piano Jorge Lechado y de Francisco Poyato. Estudia actualmente canto con Patrocinio S\u00e1nchez, Cristina Bay\u00f3n y Carmen Buend\u00eda, anteriormente con Idoris Duarte y Celia Alcedo. Su profesora de direcci\u00f3n de coro es la catedr\u00e1tica Esther Sanzo.<\/p>\n\n\n\n<p>En su experiencia en coros ha trabajado con directores como: John Axelrod, F\u00e9lix Redondo, V\u00edctor Pablo P\u00e9rez, Jos\u00e9 Ram\u00f3n Encinar, Marco Antonio Garc\u00eda de Paz, Esther Sanzo, Pedro Texeira e \u00cd\u00f1igo Sampil, entre otros; actuando en diferentes teatros como: Auditorio Nacional de Madrid, Teatros del canal de Madrid, Teatro central de Sevilla, Espacio Turina, y otros tantos en otras ciudades como Granada, Burgos, Ir\u00fan, Jerez, \u00c1vila, Ja\u00e9n, etc.<\/p>\n<\/div>\n\n\n\n<div class=\"wp-block-column is-layout-flow wp-block-column-is-layout-flow\" style=\"flex-basis:1000px\">\n<p><strong><strong>Hugo Dom\u00ednguez Moreno<\/strong><\/strong>:<\/p>\n\n\n\n<figure class=\"wp-block-image size-large is-resized\"><img loading=\"lazy\" decoding=\"async\" width=\"1024\" height=\"678\" src=\"https:\/\/corodelteatrovillamarta.org\/wp-content\/uploads\/2025\/10\/DSC_0097-1024x678.jpg\" alt=\"\" class=\"wp-image-2102\" style=\"width:532px;height:auto\" srcset=\"https:\/\/corodelteatrovillamarta.org\/wp-content\/uploads\/2025\/10\/DSC_0097-1024x678.jpg 1024w, https:\/\/corodelteatrovillamarta.org\/wp-content\/uploads\/2025\/10\/DSC_0097-300x199.jpg 300w, https:\/\/corodelteatrovillamarta.org\/wp-content\/uploads\/2025\/10\/DSC_0097-768x509.jpg 768w, https:\/\/corodelteatrovillamarta.org\/wp-content\/uploads\/2025\/10\/DSC_0097-1536x1017.jpg 1536w, https:\/\/corodelteatrovillamarta.org\/wp-content\/uploads\/2025\/10\/DSC_0097-2048x1356.jpg 2048w\" sizes=\"auto, (max-width: 1024px) 100vw, 1024px\" \/><\/figure>\n\n\n\n<p>FORMACI\u00d3N.<\/p>\n\n\n\n<p>Nacido el 22 de febrero del 2002 en Madrid, Torrej\u00f3n de Ardoz. Comienza sus estudios musicales a la edad de 4 a\u00f1os con Mar\u00eda Jes\u00fas Dur\u00e1n en la Escuela de M\u00fasica y Danza \u201cBel\u00e9n Fern\u00e1ndez\u201d en Jerez de la Frontera. Continuando sus estudios musicales en el Conservatorio Profesional de M\u00fasica \u201cJoaqu\u00edn Villatoro\u201d, donde obtuvo el T\u00edtulo de Grado Medio Profesional (2019). M\u00e1s tarde complet\u00f3 sus Estudios Superiores de M\u00fasica, en el Conservatorio \u201cManuel Castillo\u201d de Sevilla con el Profesor de piano Juan Miguel Moreno Camacho (2024) .<\/p>\n\n\n\n<p>Ha asistido a clases magistrales de perfeccionamiento pian\u00edstico con: Oscar Mart\u00edn, \u00c1ngel Sanzo, Nino Kereselidze, Claudio Mart\u00ednez M\u00ebhner, Beatrice Berthold, Chang-Rok Moon Cha, Patr\u00edn Garc\u00eda-Barredo, Ram\u00f3n Coll, Albert Nieto, Ana Guijarro, Rafael Garc\u00eda Mart\u00ednez, Juan P\u00e9rez Florist\u00e1n, Ilona Timchenko, Frank B\u00f6hme, Miguel \u00c1ngel Ortega Chavaldas, David Kuijken, Juan Lago, Nina Tichman, Alberto Urroz, Michal Bialk y Piotr Machnick.<\/p>\n\n\n\n<p>LOGROS.<\/p>\n\n\n\n<p>El pianista ha sido galardonado con los siguientes premios:<\/p>\n\n\n\n<ul class=\"wp-block-list\">\n<li>&nbsp;II Concurso de J\u00f3venes Int\u00e9rpretes \u201cCiudad de Sanl\u00facar\u201d 1er Premio (2014).<\/li>\n\n\n\n<li>I Concurso de Interpretaci\u00f3n \u201cVilla Ducal de Osuna\u201d 1er Premio (2015).<\/li>\n\n\n\n<li>II Concurso de piano ciudad de Jerez 2\u00ba Premio, 1er Premio al mejor solista Jerezano (2017).<\/li>\n\n\n\n<li>Concurso de Solistas del Conservatorio Superior de M\u00fasica \u201cManuel Castillo\u201d 2\u00ba Premio, 1er Premio de piano (2022).<\/li>\n\n\n\n<li>IX Concurso de M\u00fasica de C\u00e1mara Jos\u00e9 G\u00e1mez 2\u00ba Premio (2023).<\/li>\n<\/ul>\n\n\n\n<figure class=\"wp-block-image size-large is-resized\"><img loading=\"lazy\" decoding=\"async\" width=\"1024\" height=\"678\" src=\"https:\/\/corodelteatrovillamarta.org\/wp-content\/uploads\/2025\/10\/DSC_0103-1024x678.jpg\" alt=\"\" class=\"wp-image-2103\" style=\"width:297px;height:auto\" srcset=\"https:\/\/corodelteatrovillamarta.org\/wp-content\/uploads\/2025\/10\/DSC_0103-1024x678.jpg 1024w, https:\/\/corodelteatrovillamarta.org\/wp-content\/uploads\/2025\/10\/DSC_0103-300x199.jpg 300w, https:\/\/corodelteatrovillamarta.org\/wp-content\/uploads\/2025\/10\/DSC_0103-768x509.jpg 768w, https:\/\/corodelteatrovillamarta.org\/wp-content\/uploads\/2025\/10\/DSC_0103-1536x1017.jpg 1536w, https:\/\/corodelteatrovillamarta.org\/wp-content\/uploads\/2025\/10\/DSC_0103-2048x1356.jpg 2048w\" sizes=\"auto, (max-width: 1024px) 100vw, 1024px\" \/><\/figure>\n\n\n\n<p>EXPERIENCIA.<\/p>\n\n\n\n<p>Actualmente es el subdirector art\u00edstico y pianista de los coros del Teatro Villamarta en Jerez de la Frontera, organizando y ejecutando conciertos y espect\u00e1culos corales, coordinando ensayos y atendiendo a los participantes, adem\u00e1s de aportar acompa\u00f1amiento musical en vivo. Paralelamente es profesor de piano en el Centro de Estudios Musicales Musicry.<\/p>\n\n\n\n<p>Anteriormente trabaj\u00f3 como profesor de Piano, Coro y Lenguaje Musical en la Escuela Municipal de Lebrija (2025), donde descubri\u00f3 el mundo de la docencia.<\/p>\n\n\n\n<p>Tambi\u00e9n cuenta con numerosas actuaciones en hoteles, bodegas y eventos privados con un repertorio adaptado a diferentes estilos musicales (cl\u00e1sico, jazz, moderno, etc).<\/p>\n\n\n\n<p>Por \u00faltimo, cuenta adem\u00e1s con la creaci\u00f3n de la Banda Sonora para el cortometraje \u201cTras los Pedazos\u201d (2024). Se encarg\u00f3 de improvisar la m\u00fasica de este corto en vivo, una aportaci\u00f3n cinematogr\u00e1fica organizada en Sevilla.<\/p>\n<\/div>\n<\/div>\n\n\n\n<p><\/p>\n","protected":false},"excerpt":{"rendered":"<p>Directora musical: Marta Ben\u00edtez Fern\u00e1ndez Subdirector y pianista: Hugo Dom\u00ednguez Moreno Marta Ben\u00edtez Fern\u00e1ndez: Experiencia de 6 a\u00f1os como profesora de piano a ni\u00f1os entre 6 y 17 a\u00f1os en [&hellip;]<\/p>\n","protected":false},"author":1,"featured_media":0,"parent":0,"menu_order":0,"comment_status":"closed","ping_status":"closed","template":"wp-custom-template-plantilla-personalizada","meta":{"_monsterinsights_skip_tracking":false,"_monsterinsights_sitenote_active":false,"_monsterinsights_sitenote_note":"","_monsterinsights_sitenote_category":0,"_EventAllDay":false,"_EventTimezone":"","_EventStartDate":"","_EventEndDate":"","_EventStartDateUTC":"","_EventEndDateUTC":"","_EventShowMap":false,"_EventShowMapLink":false,"_EventURL":"","_EventCost":"","_EventCostDescription":"","_EventCurrencySymbol":"","_EventCurrencyCode":"","_EventCurrencyPosition":"","_EventDateTimeSeparator":"","_EventTimeRangeSeparator":"","_EventOrganizerID":[],"_EventVenueID":[],"_OrganizerEmail":"","_OrganizerPhone":"","_OrganizerWebsite":"","_VenueAddress":"","_VenueCity":"","_VenueCountry":"","_VenueProvince":"","_VenueState":"","_VenueZip":"","_VenuePhone":"","_VenueURL":"","_VenueStateProvince":"","_VenueLat":"","_VenueLng":"","_VenueShowMap":false,"_VenueShowMapLink":false,"footnotes":""},"class_list":["post-12","page","type-page","status-publish","hentry"],"yoast_head":"<!-- This site is optimized with the Yoast SEO plugin v27.5 - https:\/\/yoast.com\/product\/yoast-seo-wordpress\/ -->\n<title>Direcci\u00f3n Musical - Coro del Teatro Villamarta<\/title>\n<meta name=\"robots\" content=\"index, follow, max-snippet:-1, max-image-preview:large, max-video-preview:-1\" \/>\n<link rel=\"canonical\" href=\"https:\/\/corodelteatrovillamarta.org\/index.php\/director-y-equipo-musical\/\" \/>\n<meta property=\"og:locale\" content=\"es_ES\" \/>\n<meta property=\"og:type\" content=\"article\" \/>\n<meta property=\"og:title\" content=\"Direcci\u00f3n Musical - Coro del Teatro Villamarta\" \/>\n<meta property=\"og:description\" content=\"Directora musical: Marta Ben\u00edtez Fern\u00e1ndez Subdirector y pianista: Hugo Dom\u00ednguez Moreno Marta Ben\u00edtez Fern\u00e1ndez: Experiencia de 6 a\u00f1os como profesora de piano a ni\u00f1os entre 6 y 17 a\u00f1os en [&hellip;]\" \/>\n<meta property=\"og:url\" content=\"https:\/\/corodelteatrovillamarta.org\/index.php\/director-y-equipo-musical\/\" \/>\n<meta property=\"og:site_name\" content=\"Coro del Teatro Villamarta\" \/>\n<meta property=\"article:publisher\" content=\"https:\/\/www.facebook.com\/CorodelTeatroVillamarta\" \/>\n<meta property=\"article:modified_time\" content=\"2025-10-26T18:44:09+00:00\" \/>\n<meta property=\"og:image\" content=\"https:\/\/corodelteatrovillamarta.org\/wp-content\/uploads\/2024\/09\/Marta-Benitez.png\" \/>\n\t<meta property=\"og:image:width\" content=\"474\" \/>\n\t<meta property=\"og:image:height\" content=\"633\" \/>\n\t<meta property=\"og:image:type\" content=\"image\/png\" \/>\n<meta name=\"twitter:card\" content=\"summary_large_image\" \/>\n<meta name=\"twitter:label1\" content=\"Tiempo de lectura\" \/>\n\t<meta name=\"twitter:data1\" content=\"4 minutos\" \/>\n<script type=\"application\/ld+json\" class=\"yoast-schema-graph\">{\"@context\":\"https:\\\/\\\/schema.org\",\"@graph\":[{\"@type\":\"WebPage\",\"@id\":\"https:\\\/\\\/corodelteatrovillamarta.org\\\/index.php\\\/director-y-equipo-musical\\\/\",\"url\":\"https:\\\/\\\/corodelteatrovillamarta.org\\\/index.php\\\/director-y-equipo-musical\\\/\",\"name\":\"Direcci\u00f3n Musical - Coro del Teatro Villamarta\",\"isPartOf\":{\"@id\":\"https:\\\/\\\/corodelteatrovillamarta.org\\\/#website\"},\"primaryImageOfPage\":{\"@id\":\"https:\\\/\\\/corodelteatrovillamarta.org\\\/index.php\\\/director-y-equipo-musical\\\/#primaryimage\"},\"image\":{\"@id\":\"https:\\\/\\\/corodelteatrovillamarta.org\\\/index.php\\\/director-y-equipo-musical\\\/#primaryimage\"},\"thumbnailUrl\":\"https:\\\/\\\/corodelteatrovillamarta.org\\\/wp-content\\\/uploads\\\/2024\\\/09\\\/Marta-Benitez.png\",\"datePublished\":\"2022-03-02T19:46:04+00:00\",\"dateModified\":\"2025-10-26T18:44:09+00:00\",\"breadcrumb\":{\"@id\":\"https:\\\/\\\/corodelteatrovillamarta.org\\\/index.php\\\/director-y-equipo-musical\\\/#breadcrumb\"},\"inLanguage\":\"es\",\"potentialAction\":[{\"@type\":\"ReadAction\",\"target\":[\"https:\\\/\\\/corodelteatrovillamarta.org\\\/index.php\\\/director-y-equipo-musical\\\/\"]}]},{\"@type\":\"ImageObject\",\"inLanguage\":\"es\",\"@id\":\"https:\\\/\\\/corodelteatrovillamarta.org\\\/index.php\\\/director-y-equipo-musical\\\/#primaryimage\",\"url\":\"https:\\\/\\\/corodelteatrovillamarta.org\\\/wp-content\\\/uploads\\\/2024\\\/09\\\/Marta-Benitez.png\",\"contentUrl\":\"https:\\\/\\\/corodelteatrovillamarta.org\\\/wp-content\\\/uploads\\\/2024\\\/09\\\/Marta-Benitez.png\",\"width\":474,\"height\":633},{\"@type\":\"BreadcrumbList\",\"@id\":\"https:\\\/\\\/corodelteatrovillamarta.org\\\/index.php\\\/director-y-equipo-musical\\\/#breadcrumb\",\"itemListElement\":[{\"@type\":\"ListItem\",\"position\":1,\"name\":\"Portada\",\"item\":\"https:\\\/\\\/corodelteatrovillamarta.org\\\/\"},{\"@type\":\"ListItem\",\"position\":2,\"name\":\"Direcci\u00f3n Musical\"}]},{\"@type\":\"WebSite\",\"@id\":\"https:\\\/\\\/corodelteatrovillamarta.org\\\/#website\",\"url\":\"https:\\\/\\\/corodelteatrovillamarta.org\\\/\",\"name\":\"Coro del Teatro Villamarta\",\"description\":\"Web oficial de la Asociaci\u00f3n Cultural Coro del Teatro Villamarta\",\"publisher\":{\"@id\":\"https:\\\/\\\/corodelteatrovillamarta.org\\\/#organization\"},\"potentialAction\":[{\"@type\":\"SearchAction\",\"target\":{\"@type\":\"EntryPoint\",\"urlTemplate\":\"https:\\\/\\\/corodelteatrovillamarta.org\\\/?s={search_term_string}\"},\"query-input\":{\"@type\":\"PropertyValueSpecification\",\"valueRequired\":true,\"valueName\":\"search_term_string\"}}],\"inLanguage\":\"es\"},{\"@type\":\"Organization\",\"@id\":\"https:\\\/\\\/corodelteatrovillamarta.org\\\/#organization\",\"name\":\"Asociaci\u00f3n Cultural Coro del Teatro Villamarta\",\"url\":\"https:\\\/\\\/corodelteatrovillamarta.org\\\/\",\"logo\":{\"@type\":\"ImageObject\",\"inLanguage\":\"es\",\"@id\":\"https:\\\/\\\/corodelteatrovillamarta.org\\\/#\\\/schema\\\/logo\\\/image\\\/\",\"url\":\"https:\\\/\\\/corodelteatrovillamarta.org\\\/wp-content\\\/uploads\\\/2022\\\/03\\\/Logosimbolo1-1.png\",\"contentUrl\":\"https:\\\/\\\/corodelteatrovillamarta.org\\\/wp-content\\\/uploads\\\/2022\\\/03\\\/Logosimbolo1-1.png\",\"width\":464,\"height\":141,\"caption\":\"Asociaci\u00f3n Cultural Coro del Teatro Villamarta\"},\"image\":{\"@id\":\"https:\\\/\\\/corodelteatrovillamarta.org\\\/#\\\/schema\\\/logo\\\/image\\\/\"},\"sameAs\":[\"https:\\\/\\\/www.facebook.com\\\/CorodelTeatroVillamarta\",\"https:\\\/\\\/www.instagram.com\\\/corodelteatrovillamarta\\\/\",\"https:\\\/\\\/www.youtube.com\\\/@corodelteatrovillamarta4326\"]}]}<\/script>\n<!-- \/ Yoast SEO plugin. -->","yoast_head_json":{"title":"Direcci\u00f3n Musical - Coro del Teatro Villamarta","robots":{"index":"index","follow":"follow","max-snippet":"max-snippet:-1","max-image-preview":"max-image-preview:large","max-video-preview":"max-video-preview:-1"},"canonical":"https:\/\/corodelteatrovillamarta.org\/index.php\/director-y-equipo-musical\/","og_locale":"es_ES","og_type":"article","og_title":"Direcci\u00f3n Musical - Coro del Teatro Villamarta","og_description":"Directora musical: Marta Ben\u00edtez Fern\u00e1ndez Subdirector y pianista: Hugo Dom\u00ednguez Moreno Marta Ben\u00edtez Fern\u00e1ndez: Experiencia de 6 a\u00f1os como profesora de piano a ni\u00f1os entre 6 y 17 a\u00f1os en [&hellip;]","og_url":"https:\/\/corodelteatrovillamarta.org\/index.php\/director-y-equipo-musical\/","og_site_name":"Coro del Teatro Villamarta","article_publisher":"https:\/\/www.facebook.com\/CorodelTeatroVillamarta","article_modified_time":"2025-10-26T18:44:09+00:00","og_image":[{"width":474,"height":633,"url":"https:\/\/corodelteatrovillamarta.org\/wp-content\/uploads\/2024\/09\/Marta-Benitez.png","type":"image\/png"}],"twitter_card":"summary_large_image","twitter_misc":{"Tiempo de lectura":"4 minutos"},"schema":{"@context":"https:\/\/schema.org","@graph":[{"@type":"WebPage","@id":"https:\/\/corodelteatrovillamarta.org\/index.php\/director-y-equipo-musical\/","url":"https:\/\/corodelteatrovillamarta.org\/index.php\/director-y-equipo-musical\/","name":"Direcci\u00f3n Musical - Coro del Teatro Villamarta","isPartOf":{"@id":"https:\/\/corodelteatrovillamarta.org\/#website"},"primaryImageOfPage":{"@id":"https:\/\/corodelteatrovillamarta.org\/index.php\/director-y-equipo-musical\/#primaryimage"},"image":{"@id":"https:\/\/corodelteatrovillamarta.org\/index.php\/director-y-equipo-musical\/#primaryimage"},"thumbnailUrl":"https:\/\/corodelteatrovillamarta.org\/wp-content\/uploads\/2024\/09\/Marta-Benitez.png","datePublished":"2022-03-02T19:46:04+00:00","dateModified":"2025-10-26T18:44:09+00:00","breadcrumb":{"@id":"https:\/\/corodelteatrovillamarta.org\/index.php\/director-y-equipo-musical\/#breadcrumb"},"inLanguage":"es","potentialAction":[{"@type":"ReadAction","target":["https:\/\/corodelteatrovillamarta.org\/index.php\/director-y-equipo-musical\/"]}]},{"@type":"ImageObject","inLanguage":"es","@id":"https:\/\/corodelteatrovillamarta.org\/index.php\/director-y-equipo-musical\/#primaryimage","url":"https:\/\/corodelteatrovillamarta.org\/wp-content\/uploads\/2024\/09\/Marta-Benitez.png","contentUrl":"https:\/\/corodelteatrovillamarta.org\/wp-content\/uploads\/2024\/09\/Marta-Benitez.png","width":474,"height":633},{"@type":"BreadcrumbList","@id":"https:\/\/corodelteatrovillamarta.org\/index.php\/director-y-equipo-musical\/#breadcrumb","itemListElement":[{"@type":"ListItem","position":1,"name":"Portada","item":"https:\/\/corodelteatrovillamarta.org\/"},{"@type":"ListItem","position":2,"name":"Direcci\u00f3n Musical"}]},{"@type":"WebSite","@id":"https:\/\/corodelteatrovillamarta.org\/#website","url":"https:\/\/corodelteatrovillamarta.org\/","name":"Coro del Teatro Villamarta","description":"Web oficial de la Asociaci\u00f3n Cultural Coro del Teatro Villamarta","publisher":{"@id":"https:\/\/corodelteatrovillamarta.org\/#organization"},"potentialAction":[{"@type":"SearchAction","target":{"@type":"EntryPoint","urlTemplate":"https:\/\/corodelteatrovillamarta.org\/?s={search_term_string}"},"query-input":{"@type":"PropertyValueSpecification","valueRequired":true,"valueName":"search_term_string"}}],"inLanguage":"es"},{"@type":"Organization","@id":"https:\/\/corodelteatrovillamarta.org\/#organization","name":"Asociaci\u00f3n Cultural Coro del Teatro Villamarta","url":"https:\/\/corodelteatrovillamarta.org\/","logo":{"@type":"ImageObject","inLanguage":"es","@id":"https:\/\/corodelteatrovillamarta.org\/#\/schema\/logo\/image\/","url":"https:\/\/corodelteatrovillamarta.org\/wp-content\/uploads\/2022\/03\/Logosimbolo1-1.png","contentUrl":"https:\/\/corodelteatrovillamarta.org\/wp-content\/uploads\/2022\/03\/Logosimbolo1-1.png","width":464,"height":141,"caption":"Asociaci\u00f3n Cultural Coro del Teatro Villamarta"},"image":{"@id":"https:\/\/corodelteatrovillamarta.org\/#\/schema\/logo\/image\/"},"sameAs":["https:\/\/www.facebook.com\/CorodelTeatroVillamarta","https:\/\/www.instagram.com\/corodelteatrovillamarta\/","https:\/\/www.youtube.com\/@corodelteatrovillamarta4326"]}]}},"_links":{"self":[{"href":"https:\/\/corodelteatrovillamarta.org\/index.php\/wp-json\/wp\/v2\/pages\/12","targetHints":{"allow":["GET"]}}],"collection":[{"href":"https:\/\/corodelteatrovillamarta.org\/index.php\/wp-json\/wp\/v2\/pages"}],"about":[{"href":"https:\/\/corodelteatrovillamarta.org\/index.php\/wp-json\/wp\/v2\/types\/page"}],"author":[{"embeddable":true,"href":"https:\/\/corodelteatrovillamarta.org\/index.php\/wp-json\/wp\/v2\/users\/1"}],"replies":[{"embeddable":true,"href":"https:\/\/corodelteatrovillamarta.org\/index.php\/wp-json\/wp\/v2\/comments?post=12"}],"version-history":[{"count":19,"href":"https:\/\/corodelteatrovillamarta.org\/index.php\/wp-json\/wp\/v2\/pages\/12\/revisions"}],"predecessor-version":[{"id":2106,"href":"https:\/\/corodelteatrovillamarta.org\/index.php\/wp-json\/wp\/v2\/pages\/12\/revisions\/2106"}],"wp:attachment":[{"href":"https:\/\/corodelteatrovillamarta.org\/index.php\/wp-json\/wp\/v2\/media?parent=12"}],"curies":[{"name":"wp","href":"https:\/\/api.w.org\/{rel}","templated":true}]}}