{"id":14,"date":"2022-03-02T19:46:33","date_gmt":"2022-03-02T19:46:33","guid":{"rendered":"https:\/\/corovillamarta.pepelui.es\/?page_id=14"},"modified":"2026-02-18T17:42:13","modified_gmt":"2026-02-18T16:42:13","slug":"componentes","status":"publish","type":"page","link":"https:\/\/corodelteatrovillamarta.org\/index.php\/componentes\/","title":{"rendered":"Componentes"},"content":{"rendered":"\n<p>Componentes por cuerdas<\/p>\n\n\n\n<figure class=\"wp-block-table is-style-stripes\"><table class=\"has-fixed-layout\"><tbody><tr><td><strong>Sopranos<\/strong><\/td><td><strong>Contraltos<\/strong><strong><\/strong><\/td><\/tr><tr><td>HERMINIA ALVAREZ TRUJILLO<\/td><td>MARIAN ALDECOA<\/td><\/tr><tr><td>MARIA DEL CARMEN AMIGO VINAGRE<\/td><td>MARTA \u00c1LVAREZ-REQUEJO P\u00c9REZ<\/td><\/tr><tr><td>ISABEL ASENCIO GARC\u00cdA<\/td><td>MATILDE BENICIO MARTEL<\/td><\/tr><tr><td>ANA BAENA REIGAL<\/td><td>MAR\u00cdA GLORIA CANO R\u00c9VORA<\/td><\/tr><tr><td>ANA BRU MARQUEZ<\/td><td>MONTSERRAT ESCRIBANO GARC\u00cdA<\/td><\/tr><tr><td>SANDRA CAMPOY RODRIGUEZ<\/td><td>PILAR HERN\u00c1NDEZ GIL DE MONTES<\/td><\/tr><tr><td>MARIA DEL PILAR CANO R\u00c9VORA<\/td><td>GUADALUPE \u00c1LVAREZ ROMERO<\/td><\/tr><tr><td>CLARA CANTERO GIR\u00d3N<\/td><td>PILAR GARC\u00cdA DE PAREDES ACERO<\/td><\/tr><tr><td>VILLAR GARCIA<\/td><td>MARIBEL GARC\u00cdA GONZ\u00c1LEZ<\/td><\/tr><tr><td>SILVIA GIL FERN\u00c1NDEZ<\/td><td>INMACULADA JIM\u00c9NEZ ALMAGRO<\/td><\/tr><tr><td>ROC\u00cdO G\u00d3MEZ FERNANDEZ<\/td><td>MILAGROS LUCAS FONCUBIERTA<\/td><\/tr><tr><td>PATRICIA G\u00d3MEZ ORTEGA<\/td><td>AUXILIADORA MENESES BENITEZ<\/td><\/tr><tr><td>ALEJANDRA GONZ\u00c1LEZ PERCHO<\/td><td>MARIBEL MORENO POUSA<\/td><\/tr><tr><td>SARA JURADO MARQUEZ<\/td><td>MILAGROS MU\u00d1OZ MARTINEZ<\/td><\/tr><tr><td>ASCENSI\u00d3N MARCELINO DIAZ<\/td><td>PILAR PIRIS PINILLA<\/td><\/tr><tr><td>MERCEDES MART\u00cdN GONZ\u00c1LEZ<\/td><td>SANDRA RODR\u00cdGUEZ PINA<\/td><\/tr><tr><td>MAR\u00cdA PILAR MART\u00cdN L\u00d3PEZ<\/td><td>ISABEL MAR\u00cdA ROMERO GALERA<\/td><\/tr><tr><td>LIDIA MAR\u00cdA MART\u00cdNEZ GONZ\u00c1LEZ<\/td><td>ANDREI SHATALOV<\/td><\/tr><tr><td>ELENA PINA ROMERO<\/td><td>&nbsp;<\/td><\/tr><tr><td>SUSANA PIZARRO SUAREZ<\/td><td>&nbsp;<\/td><\/tr><tr><td>M\u00d3NICA REGORD\u00c1N GUERRERO<\/td><td>&nbsp;<\/td><\/tr><tr><td>ROSA RIGAU ALSINA<\/td><td>&nbsp;<\/td><\/tr><tr><td>SUSANA VEL\u00c1ZQUEZ SANCHEZ<\/td><td>&nbsp;<\/td><\/tr><tr><td><\/td><td>&nbsp;<\/td><\/tr><tr><td><\/td><td>&nbsp;<\/td><\/tr><tr><td>&nbsp;<\/td><td><strong>&nbsp;<\/strong><\/td><\/tr><tr><td><strong>Tenores<\/strong><\/td><td><strong>Bajos<\/strong><\/td><\/tr><tr><td>JOS\u00c9 BORREGO GARC\u00cdA<\/td><td>JAVIER ACERO CABALLERO<\/td><\/tr><tr><td>CARLOS DIAZ<\/td><td>BARTOLOM\u00c9 BENITEZ P\u00c9REZ-LUNA<\/td><\/tr><tr><td>FRANCISCO D\u00cdAZ JIMENEZ<\/td><td>JUAN LUIS BORREGO SOTO<\/td><\/tr><tr><td>DAVID GARC\u00cdA MORA<\/td><td>JOS\u00c9 ANTONIO CHAC\u00d3N N\u00da\u00d1EZ<\/td><\/tr><tr><td>JORGE GARZ\u00d3N MORENO<\/td><td>CARLOS COBOS RODRIGUEZ<\/td><\/tr><tr><td>DIEGO LOPEZ LOZANO<\/td><td>ANDR\u00c9S DE LOS RIOS DELGADO<\/td><\/tr><tr><td>ALBERTO MAR\u00cdN MART\u00cdN<\/td><td>ALFONSO DIAZ MENJIBAR<\/td><\/tr><tr><td>JESUS MART\u00cdN TRUJILLO<\/td><td>MARCO ANTONIO MARCOS RUBIO<\/td><\/tr><tr><td>JOS\u00c9 MANUEL MATEOS GARC\u00cdA<\/td><td>ANTONIO MARTINEZ SANCHEZ<\/td><\/tr><tr><td>MARIO SALAS MILL\u00c1N<\/td><td>JES\u00daS TOM\u00c1S MORENO CRUCEIRA<\/td><\/tr><tr><td>CHARLES OLIVERO<\/td><td>ANTONY RICO LAGOS<\/td><\/tr><tr><td>JACINTO MANUEL PORRO GUTIERREZ<\/td><td>LUIS MART\u00cdN RODRIGUEZ GONZ\u00c1LEZ<\/td><\/tr><tr><td>JUAN MANUEL RAMIREZ MONTERO<\/td><td>MANUEL SANL\u00c9S P\u00c9REZ<\/td><\/tr><tr><td>CARLOS R\u00cdOS ROBLES<\/td><td>C\u00c9SAR SERRANO DOM\u00cdNGUEZ<\/td><\/tr><tr><td>JOSE ANTONIO ROJAS MART\u00cdN<\/td><td><\/td><\/tr><tr><td><\/td><td><\/td><\/tr><tr><td><\/td><td>&nbsp;<\/td><\/tr><tr><td><\/td><td>&nbsp;<\/td><\/tr><tr><td><\/td><td><\/td><\/tr><\/tbody><\/table><\/figure>\n","protected":false},"excerpt":{"rendered":"<p>Componentes por cuerdas Sopranos Contraltos HERMINIA ALVAREZ TRUJILLO MARIAN ALDECOA MARIA DEL CARMEN AMIGO VINAGRE MARTA \u00c1LVAREZ-REQUEJO P\u00c9REZ ISABEL ASENCIO GARC\u00cdA MATILDE BENICIO MARTEL ANA BAENA REIGAL MAR\u00cdA GLORIA CANO [&hellip;]<\/p>\n","protected":false},"author":1,"featured_media":0,"parent":0,"menu_order":0,"comment_status":"closed","ping_status":"closed","template":"wp-custom-template-plantilla-personalizada","meta":{"_monsterinsights_skip_tracking":false,"_monsterinsights_sitenote_active":false,"_monsterinsights_sitenote_note":"","_monsterinsights_sitenote_category":0,"_EventAllDay":false,"_EventTimezone":"","_EventStartDate":"","_EventEndDate":"","_EventStartDateUTC":"","_EventEndDateUTC":"","_EventShowMap":false,"_EventShowMapLink":false,"_EventURL":"","_EventCost":"","_EventCostDescription":"","_EventCurrencySymbol":"","_EventCurrencyCode":"","_EventCurrencyPosition":"","_EventDateTimeSeparator":"","_EventTimeRangeSeparator":"","_EventOrganizerID":[],"_EventVenueID":[],"_OrganizerEmail":"","_OrganizerPhone":"","_OrganizerWebsite":"","_VenueAddress":"","_VenueCity":"","_VenueCountry":"","_VenueProvince":"","_VenueState":"","_VenueZip":"","_VenuePhone":"","_VenueURL":"","_VenueStateProvince":"","_VenueLat":"","_VenueLng":"","_VenueShowMap":false,"_VenueShowMapLink":false,"footnotes":""},"class_list":["post-14","page","type-page","status-publish","hentry"],"yoast_head":"<!-- This site is optimized with the Yoast SEO plugin v27.5 - https:\/\/yoast.com\/product\/yoast-seo-wordpress\/ -->\n<title>Componentes - Coro del Teatro Villamarta<\/title>\n<meta name=\"robots\" content=\"index, follow, max-snippet:-1, max-image-preview:large, max-video-preview:-1\" \/>\n<link rel=\"canonical\" href=\"https:\/\/corodelteatrovillamarta.org\/index.php\/componentes\/\" \/>\n<meta property=\"og:locale\" content=\"es_ES\" \/>\n<meta property=\"og:type\" content=\"article\" \/>\n<meta property=\"og:title\" content=\"Componentes - Coro del Teatro Villamarta\" \/>\n<meta property=\"og:description\" content=\"Componentes por cuerdas Sopranos Contraltos HERMINIA ALVAREZ TRUJILLO MARIAN ALDECOA MARIA DEL CARMEN AMIGO VINAGRE MARTA \u00c1LVAREZ-REQUEJO P\u00c9REZ ISABEL ASENCIO GARC\u00cdA MATILDE BENICIO MARTEL ANA BAENA REIGAL MAR\u00cdA GLORIA CANO [&hellip;]\" \/>\n<meta property=\"og:url\" content=\"https:\/\/corodelteatrovillamarta.org\/index.php\/componentes\/\" \/>\n<meta property=\"og:site_name\" content=\"Coro del Teatro Villamarta\" \/>\n<meta property=\"article:publisher\" content=\"https:\/\/www.facebook.com\/CorodelTeatroVillamarta\" \/>\n<meta property=\"article:modified_time\" content=\"2026-02-18T16:42:13+00:00\" \/>\n<meta name=\"twitter:card\" content=\"summary_large_image\" \/>\n<meta name=\"twitter:label1\" content=\"Tiempo de lectura\" \/>\n\t<meta name=\"twitter:data1\" content=\"2 minutos\" \/>\n<script type=\"application\/ld+json\" class=\"yoast-schema-graph\">{\"@context\":\"https:\\\/\\\/schema.org\",\"@graph\":[{\"@type\":\"WebPage\",\"@id\":\"https:\\\/\\\/corodelteatrovillamarta.org\\\/index.php\\\/componentes\\\/\",\"url\":\"https:\\\/\\\/corodelteatrovillamarta.org\\\/index.php\\\/componentes\\\/\",\"name\":\"Componentes - Coro del Teatro Villamarta\",\"isPartOf\":{\"@id\":\"https:\\\/\\\/corodelteatrovillamarta.org\\\/#website\"},\"datePublished\":\"2022-03-02T19:46:33+00:00\",\"dateModified\":\"2026-02-18T16:42:13+00:00\",\"breadcrumb\":{\"@id\":\"https:\\\/\\\/corodelteatrovillamarta.org\\\/index.php\\\/componentes\\\/#breadcrumb\"},\"inLanguage\":\"es\",\"potentialAction\":[{\"@type\":\"ReadAction\",\"target\":[\"https:\\\/\\\/corodelteatrovillamarta.org\\\/index.php\\\/componentes\\\/\"]}]},{\"@type\":\"BreadcrumbList\",\"@id\":\"https:\\\/\\\/corodelteatrovillamarta.org\\\/index.php\\\/componentes\\\/#breadcrumb\",\"itemListElement\":[{\"@type\":\"ListItem\",\"position\":1,\"name\":\"Portada\",\"item\":\"https:\\\/\\\/corodelteatrovillamarta.org\\\/\"},{\"@type\":\"ListItem\",\"position\":2,\"name\":\"Componentes\"}]},{\"@type\":\"WebSite\",\"@id\":\"https:\\\/\\\/corodelteatrovillamarta.org\\\/#website\",\"url\":\"https:\\\/\\\/corodelteatrovillamarta.org\\\/\",\"name\":\"Coro del Teatro Villamarta\",\"description\":\"Web oficial de la Asociaci\u00f3n Cultural Coro del Teatro Villamarta\",\"publisher\":{\"@id\":\"https:\\\/\\\/corodelteatrovillamarta.org\\\/#organization\"},\"potentialAction\":[{\"@type\":\"SearchAction\",\"target\":{\"@type\":\"EntryPoint\",\"urlTemplate\":\"https:\\\/\\\/corodelteatrovillamarta.org\\\/?s={search_term_string}\"},\"query-input\":{\"@type\":\"PropertyValueSpecification\",\"valueRequired\":true,\"valueName\":\"search_term_string\"}}],\"inLanguage\":\"es\"},{\"@type\":\"Organization\",\"@id\":\"https:\\\/\\\/corodelteatrovillamarta.org\\\/#organization\",\"name\":\"Asociaci\u00f3n Cultural Coro del Teatro Villamarta\",\"url\":\"https:\\\/\\\/corodelteatrovillamarta.org\\\/\",\"logo\":{\"@type\":\"ImageObject\",\"inLanguage\":\"es\",\"@id\":\"https:\\\/\\\/corodelteatrovillamarta.org\\\/#\\\/schema\\\/logo\\\/image\\\/\",\"url\":\"https:\\\/\\\/corodelteatrovillamarta.org\\\/wp-content\\\/uploads\\\/2022\\\/03\\\/Logosimbolo1-1.png\",\"contentUrl\":\"https:\\\/\\\/corodelteatrovillamarta.org\\\/wp-content\\\/uploads\\\/2022\\\/03\\\/Logosimbolo1-1.png\",\"width\":464,\"height\":141,\"caption\":\"Asociaci\u00f3n Cultural Coro del Teatro Villamarta\"},\"image\":{\"@id\":\"https:\\\/\\\/corodelteatrovillamarta.org\\\/#\\\/schema\\\/logo\\\/image\\\/\"},\"sameAs\":[\"https:\\\/\\\/www.facebook.com\\\/CorodelTeatroVillamarta\",\"https:\\\/\\\/www.instagram.com\\\/corodelteatrovillamarta\\\/\",\"https:\\\/\\\/www.youtube.com\\\/@corodelteatrovillamarta4326\"]}]}<\/script>\n<!-- \/ Yoast SEO plugin. -->","yoast_head_json":{"title":"Componentes - Coro del Teatro Villamarta","robots":{"index":"index","follow":"follow","max-snippet":"max-snippet:-1","max-image-preview":"max-image-preview:large","max-video-preview":"max-video-preview:-1"},"canonical":"https:\/\/corodelteatrovillamarta.org\/index.php\/componentes\/","og_locale":"es_ES","og_type":"article","og_title":"Componentes - Coro del Teatro Villamarta","og_description":"Componentes por cuerdas Sopranos Contraltos HERMINIA ALVAREZ TRUJILLO MARIAN ALDECOA MARIA DEL CARMEN AMIGO VINAGRE MARTA \u00c1LVAREZ-REQUEJO P\u00c9REZ ISABEL ASENCIO GARC\u00cdA MATILDE BENICIO MARTEL ANA BAENA REIGAL MAR\u00cdA GLORIA CANO [&hellip;]","og_url":"https:\/\/corodelteatrovillamarta.org\/index.php\/componentes\/","og_site_name":"Coro del Teatro Villamarta","article_publisher":"https:\/\/www.facebook.com\/CorodelTeatroVillamarta","article_modified_time":"2026-02-18T16:42:13+00:00","twitter_card":"summary_large_image","twitter_misc":{"Tiempo de lectura":"2 minutos"},"schema":{"@context":"https:\/\/schema.org","@graph":[{"@type":"WebPage","@id":"https:\/\/corodelteatrovillamarta.org\/index.php\/componentes\/","url":"https:\/\/corodelteatrovillamarta.org\/index.php\/componentes\/","name":"Componentes - Coro del Teatro Villamarta","isPartOf":{"@id":"https:\/\/corodelteatrovillamarta.org\/#website"},"datePublished":"2022-03-02T19:46:33+00:00","dateModified":"2026-02-18T16:42:13+00:00","breadcrumb":{"@id":"https:\/\/corodelteatrovillamarta.org\/index.php\/componentes\/#breadcrumb"},"inLanguage":"es","potentialAction":[{"@type":"ReadAction","target":["https:\/\/corodelteatrovillamarta.org\/index.php\/componentes\/"]}]},{"@type":"BreadcrumbList","@id":"https:\/\/corodelteatrovillamarta.org\/index.php\/componentes\/#breadcrumb","itemListElement":[{"@type":"ListItem","position":1,"name":"Portada","item":"https:\/\/corodelteatrovillamarta.org\/"},{"@type":"ListItem","position":2,"name":"Componentes"}]},{"@type":"WebSite","@id":"https:\/\/corodelteatrovillamarta.org\/#website","url":"https:\/\/corodelteatrovillamarta.org\/","name":"Coro del Teatro Villamarta","description":"Web oficial de la Asociaci\u00f3n Cultural Coro del Teatro Villamarta","publisher":{"@id":"https:\/\/corodelteatrovillamarta.org\/#organization"},"potentialAction":[{"@type":"SearchAction","target":{"@type":"EntryPoint","urlTemplate":"https:\/\/corodelteatrovillamarta.org\/?s={search_term_string}"},"query-input":{"@type":"PropertyValueSpecification","valueRequired":true,"valueName":"search_term_string"}}],"inLanguage":"es"},{"@type":"Organization","@id":"https:\/\/corodelteatrovillamarta.org\/#organization","name":"Asociaci\u00f3n Cultural Coro del Teatro Villamarta","url":"https:\/\/corodelteatrovillamarta.org\/","logo":{"@type":"ImageObject","inLanguage":"es","@id":"https:\/\/corodelteatrovillamarta.org\/#\/schema\/logo\/image\/","url":"https:\/\/corodelteatrovillamarta.org\/wp-content\/uploads\/2022\/03\/Logosimbolo1-1.png","contentUrl":"https:\/\/corodelteatrovillamarta.org\/wp-content\/uploads\/2022\/03\/Logosimbolo1-1.png","width":464,"height":141,"caption":"Asociaci\u00f3n Cultural Coro del Teatro Villamarta"},"image":{"@id":"https:\/\/corodelteatrovillamarta.org\/#\/schema\/logo\/image\/"},"sameAs":["https:\/\/www.facebook.com\/CorodelTeatroVillamarta","https:\/\/www.instagram.com\/corodelteatrovillamarta\/","https:\/\/www.youtube.com\/@corodelteatrovillamarta4326"]}]}},"_links":{"self":[{"href":"https:\/\/corodelteatrovillamarta.org\/index.php\/wp-json\/wp\/v2\/pages\/14","targetHints":{"allow":["GET"]}}],"collection":[{"href":"https:\/\/corodelteatrovillamarta.org\/index.php\/wp-json\/wp\/v2\/pages"}],"about":[{"href":"https:\/\/corodelteatrovillamarta.org\/index.php\/wp-json\/wp\/v2\/types\/page"}],"author":[{"embeddable":true,"href":"https:\/\/corodelteatrovillamarta.org\/index.php\/wp-json\/wp\/v2\/users\/1"}],"replies":[{"embeddable":true,"href":"https:\/\/corodelteatrovillamarta.org\/index.php\/wp-json\/wp\/v2\/comments?post=14"}],"version-history":[{"count":8,"href":"https:\/\/corodelteatrovillamarta.org\/index.php\/wp-json\/wp\/v2\/pages\/14\/revisions"}],"predecessor-version":[{"id":2116,"href":"https:\/\/corodelteatrovillamarta.org\/index.php\/wp-json\/wp\/v2\/pages\/14\/revisions\/2116"}],"wp:attachment":[{"href":"https:\/\/corodelteatrovillamarta.org\/index.php\/wp-json\/wp\/v2\/media?parent=14"}],"curies":[{"name":"wp","href":"https:\/\/api.w.org\/{rel}","templated":true}]}}