{"id":16,"date":"2022-03-02T19:47:01","date_gmt":"2022-03-02T19:47:01","guid":{"rendered":"https:\/\/corovillamarta.pepelui.es\/?page_id=16"},"modified":"2026-02-22T21:28:44","modified_gmt":"2026-02-22T20:28:44","slug":"repertorio","status":"publish","type":"page","link":"https:\/\/corodelteatrovillamarta.org\/index.php\/repertorio\/","title":{"rendered":"Repertorio"},"content":{"rendered":"\n<p class=\"has-text-align-center\"><strong>Repertorio ordenado por t\u00edtulos<\/strong><\/p>\n\n\n\n<p><\/p>\n\n\n\n<figure class=\"wp-block-table alignwide\"><table class=\"has-foreground-color has-text-color\"><tbody><tr><td><strong>T\u00edtulo<\/strong><\/td><td><strong>Compositor<\/strong><strong><\/strong><\/td><td><strong>G\u00e9nero<\/strong><strong><\/strong><\/td><td><strong>A\u00f1o de representaci\u00f3n por el Coro<\/strong><strong><\/strong><\/td><\/tr><tr><td>Aida<\/td><td>Verdi, Giuseppe<\/td><td>\u00d3pera<\/td><td>2015<\/td><\/tr><tr><td>Bohemios<\/td><td>Vives, Amadeo<\/td><td>Zarzuela<\/td><td>2002<\/td><\/tr><tr><td>Cantan la Navidad<\/td><td>\u00c1lvarez-Beigbeder, Germ\u00e1n A; Alejandro, Manuel y Beigbeder, David<\/td><td>Sinf\u00f3nico-coral<\/td><td>2008<\/td><\/tr><tr><td>Carmen<\/td><td>Bizet, Georges<\/td><td>\u00d3pera<\/td><td>2006, 2007, 2008, 2010, 2011, 2023<\/td><\/tr><tr><td>Carmina Burana (*)<\/td><td>Orff, Carl<\/td><td>Sinf\u00f3nico-coral<\/td><td>2022<\/td><\/tr><tr><td>Cavalleria Rusticana<\/td><td>Mascagni, Prieto<\/td><td>\u00d3pera<\/td><td>2016<\/td><\/tr><tr><td>Concierto Bandas Sonoras (*)<\/td><td>Varios<\/td><td>Sinf\u00f3nico-coral<\/td><td>2023<\/td><\/tr><tr><td>Di\u00e1logo de Carmelitas<\/td><td>Poulenc, Francis<\/td><td>\u00d3pera<\/td><td>2022<\/td><\/tr><tr><td>Don Gil de Alcal\u00e1<\/td><td>Penella, Manuel<\/td><td>Zarzuela<\/td><td>2000, 2025<\/td><\/tr><tr><td>Don Giovanni<\/td><td>Mozart, Wolfgang A.<\/td><td>\u00d3pera<\/td><td>1998, 2005, 2010<\/td><\/tr><tr><td>Don Pasquale<\/td><td>Donizetti, Gaetano<\/td><td>\u00d3pera<\/td><td>2000, 2011<\/td><\/tr><tr><td>Do\u00f1a Francisquita<\/td><td>Vives, Amadeo<\/td><td>Zarzuela<\/td><td>2006, 2008, 2023<\/td><\/tr><tr><td>El Asombro de Damasco<\/td><td>Luna, Pablo<\/td><td>Zarzuela<\/td><td>2000<\/td><\/tr><tr><td>El Barbero de Sevilla<\/td><td>Rossini, Gioachino<\/td><td>\u00d3pera<\/td><td>2005, 2021<\/td><\/tr><tr><td>El Bateo<\/td><td>Chueca, Federico<\/td><td>Zarzuela<\/td><td>1997<\/td><\/tr><tr><td>El D\u00fao de La Africana<\/td><td>Fern\u00e1ndez, Manuel<\/td><td>Zarzuela<\/td><td>2014<\/td><\/tr><tr><td>El Hu\u00e9sped del Sevillano<\/td><td>Guerrero, Jacinto<\/td><td>Zarzuela<\/td><td>2007<\/td><\/tr><tr><td>El Rapto del Serrallo<\/td><td>Mozart, Wolfgang A.<\/td><td>\u00d3pera<\/td><td>1999<\/td><\/tr><tr><td>El Trovador<\/td><td>Verdi, Giuseppe<\/td><td>\u00d3pera<\/td><td>1998, 2007, 2021<\/td><\/tr><tr><td>Elixir de Amor<\/td><td>Donizetti, Gaetano<\/td><td>\u00d3pera<\/td><td>2004, 2009<\/td><\/tr><tr><td>Eugene Onegin<\/td><td>Chaikovski, Prior L.<\/td><td>\u00d3pera<\/td><td>2007<\/td><\/tr><tr><td>Fausto<\/td><td>Gounod, Charles<\/td><td>\u00d3pera<\/td><td>2018<\/td><\/tr><tr><td>Falstaff<\/td><td>Verdi, Giuseppe<\/td><td>\u00d3pera<\/td><td>2009<\/td><\/tr><tr><td>Gloria en Re mayor, RV 589 (*)<\/td><td>Vivaldi, Antonio<\/td><td>Sinf\u00f3nico-coral<\/td><td>2019<\/td><\/tr><tr><td>Katiuska<\/td><td>Soroz\u00e1bal, Pablo<\/td><td>Zarzuela<\/td><td>2000<\/td><\/tr><tr><td>La Boh\u00e8me<\/td><td>Puccini, Giacomo<\/td><td>\u00d3pera<\/td><td>2000, 2007<\/td><\/tr><tr><td>La Canci\u00f3n del Olvido<\/td><td>Serrano, Jos\u00e9<\/td><td>Zarzuela<\/td><td>2001, 2010<\/td><\/tr><tr><td>La casa de Bernarda Alba<\/td><td>Ortega, Miquel<\/td><td>\u00d3pera<\/td><td>2021<\/td><\/tr><tr><td>La Cenerentola<\/td><td>Rossini, Gioachino<\/td><td>\u00d3pera<\/td><td>2009<\/td><\/tr><tr><td>La Corte del Fara\u00f3n<\/td><td>Lle\u00f3, Vicente<\/td><td>Zarzuela<\/td><td>2006<\/td><\/tr><tr><td>La Dolores<\/td><td>Bret\u00f3n, Tom\u00e1s<\/td><td>Zarzuela<\/td><td>1998<\/td><\/tr><tr><td>La Flauta M\u00e1gica<\/td><td>Mozart, Wolfgang A.<\/td><td>\u00d3pera<\/td><td>2001, 2006, 2020<\/td><\/tr><tr><td>La Generala<\/td><td>Vives, Amadeo<\/td><td>Zarzuela<\/td><td>2004<\/td><\/tr><tr><td>La Hija del Regimiento<\/td><td>Donizetti, Gaetano<\/td><td>\u00d3pera<\/td><td>2008<\/td><\/tr><tr><td>La Italiana en Argel<\/td><td>Rossini, Gioachino<\/td><td>\u00d3pera<\/td><td>2009<\/td><\/tr><tr><td>La Leyenda del Beso<\/td><td>Soutullo, Reveriano y Vert, Juan<\/td><td>Zarzuela<\/td><td>2003<\/td><\/tr><tr><td>La Revoltosa<\/td><td>Chap\u00ed, Ruperto<\/td><td>Zarzuela<\/td><td>1997<\/td><\/tr><tr><td>La Traviata<\/td><td>Verdi, Giuseppe<\/td><td>\u00d3pera<\/td><td>2001, 2004, 2005, 2010, 2017, 2024<\/td><\/tr><tr><td>La Verbena de la Paloma<\/td><td>Bret\u00f3n, Tom\u00e1s<\/td><td>Zarzuela<\/td><td>2001<\/td><\/tr><tr><td>Las Bodas de F\u00edgaro<\/td><td>Mozart, Wolfgang A.<\/td><td>\u00d3pera<\/td><td>1998<\/td><\/tr><tr><td>Le Villi<\/td><td>Puccini, Giacomo<\/td><td>\u00d3pera<\/td><td>2007<\/td><\/tr><tr><td>Los Amantes de Teruel<\/td><td>Bret\u00f3n, Tom\u00e1s<\/td><td>\u00d3pera<\/td><td>1997<\/td><\/tr><tr><td>Los Gavilanes<\/td><td>Guerrero, Jacinto<\/td><td>Zarzuela<\/td><td>1999<\/td><\/tr><tr><td>Luc\u00eda de Lammermoor<\/td><td>Donizetti, Gaetano<\/td><td>\u00d3pera<\/td><td>2014<\/td><\/tr><tr><td>Macbeth<\/td><td>Verdi, Giuseppe<\/td><td>\u00d3pera<\/td><td>2009, 2025<\/td><\/tr><tr><td>Madama Butterfly<\/td><td>Puccini, Giacomo<\/td><td>\u00d3pera<\/td><td>1999, 2005, 2019, 2024<\/td><\/tr><tr><td>Manon<\/td><td>Massenet, Jules<\/td><td>\u00d3pera<\/td><td>2004, 2022<\/td><\/tr><tr><td>Maruxa<\/td><td>Vives, Amadeo<\/td><td>Zarzuela<\/td><td>1999<\/td><\/tr><tr><td>Mis dos mujeres<\/td><td>Barbieri, Francisco A.<\/td><td>Zarzuela<\/td><td>2004<\/td><\/tr><tr><td>Miserere (Jerez) (*)<\/td><td>Eslava, Hilari\u00f3n<\/td><td>Sinf\u00f3nico-coral<\/td><td>2012, 2017, 2018, 2019<\/td><\/tr><tr><td>Nabucco<\/td><td>Verdi, Giuseppe<\/td><td>\u00d3pera<\/td><td>2003<\/td><\/tr><tr><td>Norma<\/td><td>Bellini, Vincenzo<\/td><td>\u00d3pera<\/td><td>2017<\/td><\/tr><tr><td>Novena Sinfon\u00eda<\/td><td>Beethoven, Ludwing V<\/td><td>Sinf\u00f3nico-coral<\/td><td>2016, 2017<\/td><\/tr><tr><td>Orfeo y Euridice<\/td><td>Gluck, Christopf W.<\/td><td>\u00d3pera<\/td><td>2002, 2019<\/td><\/tr><tr><td>Otello<\/td><td>Verdi, Giuseppe<\/td><td>\u00d3pera<\/td><td>2016<\/td><\/tr><tr><td>Pagliacci<\/td><td>Leoncavallo, Ruggero<\/td><td>\u00d3pera<\/td><td>2016<\/td><\/tr><tr><td>Requiem (*)<\/td><td>Faur\u00e9, Gabriel<\/td><td>Sinf\u00f3nico-coral<\/td><td>2010, 2015<\/td><\/tr><tr><td>Requiem<\/td><td>Mozart, Wolfgang A.<\/td><td>Sinf\u00f3nico-coral<\/td><td>2025<\/td><\/tr><tr><td>Requiem<\/td><td>Verdi, Giuseppe<\/td><td>Sinf\u00f3nico-coral<\/td><td>2010, 2022<\/td><\/tr><tr><td>Rigoletto<\/td><td>Verdi, Giuseppe<\/td><td>\u00d3pera<\/td><td>2004, 2006, 2012<\/td><\/tr><tr><td>Romeo y Julieta<\/td><td>Gounod, Charles<\/td><td>\u00d3pera<\/td><td>2003, 2008<\/td><\/tr><tr><td>Stabat Mater<\/td><td>\u00c1lvarez-Beigbeder, Germ\u00e1n<\/td><td>Sinf\u00f3nico-coral<\/td><td>2013<\/td><\/tr><tr><td>Suor Angelica<\/td><td>Puccini, Giacomo<\/td><td>\u00d3pera<\/td><td>2005<\/td><\/tr><tr><td>Tosca<\/td><td>Puccini, Giacomo<\/td><td>\u00d3pera<\/td><td>2002, 2015<\/td><\/tr><tr><td>Turandot<\/td><td>Puccini, Giacomo<\/td><td>\u00d3pera<\/td><td>2008<\/td><\/tr><\/tbody><\/table><\/figure>\n\n\n\n<p>(*) Producci\u00f3n propia<\/p>\n","protected":false},"excerpt":{"rendered":"<p>Repertorio ordenado por t\u00edtulos T\u00edtulo Compositor G\u00e9nero A\u00f1o de representaci\u00f3n por el Coro Aida Verdi, Giuseppe \u00d3pera 2015 Bohemios Vives, Amadeo Zarzuela 2002 Cantan la Navidad \u00c1lvarez-Beigbeder, Germ\u00e1n A; Alejandro, [&hellip;]<\/p>\n","protected":false},"author":1,"featured_media":0,"parent":0,"menu_order":0,"comment_status":"closed","ping_status":"closed","template":"wp-custom-template-plantilla-personalizada","meta":{"_monsterinsights_skip_tracking":false,"_monsterinsights_sitenote_active":false,"_monsterinsights_sitenote_note":"","_monsterinsights_sitenote_category":0,"_EventAllDay":false,"_EventTimezone":"","_EventStartDate":"","_EventEndDate":"","_EventStartDateUTC":"","_EventEndDateUTC":"","_EventShowMap":false,"_EventShowMapLink":false,"_EventURL":"","_EventCost":"","_EventCostDescription":"","_EventCurrencySymbol":"","_EventCurrencyCode":"","_EventCurrencyPosition":"","_EventDateTimeSeparator":"","_EventTimeRangeSeparator":"","_EventOrganizerID":[],"_EventVenueID":[],"_OrganizerEmail":"","_OrganizerPhone":"","_OrganizerWebsite":"","_VenueAddress":"","_VenueCity":"","_VenueCountry":"","_VenueProvince":"","_VenueState":"","_VenueZip":"","_VenuePhone":"","_VenueURL":"","_VenueStateProvince":"","_VenueLat":"","_VenueLng":"","_VenueShowMap":false,"_VenueShowMapLink":false,"footnotes":""},"class_list":["post-16","page","type-page","status-publish","hentry"],"yoast_head":"<!-- This site is optimized with the Yoast SEO plugin v27.5 - https:\/\/yoast.com\/product\/yoast-seo-wordpress\/ -->\n<title>Repertorio - Coro del Teatro Villamarta<\/title>\n<meta name=\"robots\" content=\"index, follow, max-snippet:-1, max-image-preview:large, max-video-preview:-1\" \/>\n<link rel=\"canonical\" href=\"https:\/\/corodelteatrovillamarta.org\/index.php\/repertorio\/\" \/>\n<meta property=\"og:locale\" content=\"es_ES\" \/>\n<meta property=\"og:type\" content=\"article\" \/>\n<meta property=\"og:title\" content=\"Repertorio - Coro del Teatro Villamarta\" \/>\n<meta property=\"og:description\" content=\"Repertorio ordenado por t\u00edtulos T\u00edtulo Compositor G\u00e9nero A\u00f1o de representaci\u00f3n por el Coro Aida Verdi, Giuseppe \u00d3pera 2015 Bohemios Vives, Amadeo Zarzuela 2002 Cantan la Navidad \u00c1lvarez-Beigbeder, Germ\u00e1n A; Alejandro, [&hellip;]\" \/>\n<meta property=\"og:url\" content=\"https:\/\/corodelteatrovillamarta.org\/index.php\/repertorio\/\" \/>\n<meta property=\"og:site_name\" content=\"Coro del Teatro Villamarta\" \/>\n<meta property=\"article:publisher\" content=\"https:\/\/www.facebook.com\/CorodelTeatroVillamarta\" \/>\n<meta property=\"article:modified_time\" content=\"2026-02-22T20:28:44+00:00\" \/>\n<meta name=\"twitter:card\" content=\"summary_large_image\" \/>\n<meta name=\"twitter:label1\" content=\"Tiempo de lectura\" \/>\n\t<meta name=\"twitter:data1\" content=\"3 minutos\" \/>\n<script type=\"application\/ld+json\" class=\"yoast-schema-graph\">{\"@context\":\"https:\\\/\\\/schema.org\",\"@graph\":[{\"@type\":\"WebPage\",\"@id\":\"https:\\\/\\\/corodelteatrovillamarta.org\\\/index.php\\\/repertorio\\\/\",\"url\":\"https:\\\/\\\/corodelteatrovillamarta.org\\\/index.php\\\/repertorio\\\/\",\"name\":\"Repertorio - Coro del Teatro Villamarta\",\"isPartOf\":{\"@id\":\"https:\\\/\\\/corodelteatrovillamarta.org\\\/#website\"},\"datePublished\":\"2022-03-02T19:47:01+00:00\",\"dateModified\":\"2026-02-22T20:28:44+00:00\",\"breadcrumb\":{\"@id\":\"https:\\\/\\\/corodelteatrovillamarta.org\\\/index.php\\\/repertorio\\\/#breadcrumb\"},\"inLanguage\":\"es\",\"potentialAction\":[{\"@type\":\"ReadAction\",\"target\":[\"https:\\\/\\\/corodelteatrovillamarta.org\\\/index.php\\\/repertorio\\\/\"]}]},{\"@type\":\"BreadcrumbList\",\"@id\":\"https:\\\/\\\/corodelteatrovillamarta.org\\\/index.php\\\/repertorio\\\/#breadcrumb\",\"itemListElement\":[{\"@type\":\"ListItem\",\"position\":1,\"name\":\"Portada\",\"item\":\"https:\\\/\\\/corodelteatrovillamarta.org\\\/\"},{\"@type\":\"ListItem\",\"position\":2,\"name\":\"Repertorio\"}]},{\"@type\":\"WebSite\",\"@id\":\"https:\\\/\\\/corodelteatrovillamarta.org\\\/#website\",\"url\":\"https:\\\/\\\/corodelteatrovillamarta.org\\\/\",\"name\":\"Coro del Teatro Villamarta\",\"description\":\"Web oficial de la Asociaci\u00f3n Cultural Coro del Teatro Villamarta\",\"publisher\":{\"@id\":\"https:\\\/\\\/corodelteatrovillamarta.org\\\/#organization\"},\"potentialAction\":[{\"@type\":\"SearchAction\",\"target\":{\"@type\":\"EntryPoint\",\"urlTemplate\":\"https:\\\/\\\/corodelteatrovillamarta.org\\\/?s={search_term_string}\"},\"query-input\":{\"@type\":\"PropertyValueSpecification\",\"valueRequired\":true,\"valueName\":\"search_term_string\"}}],\"inLanguage\":\"es\"},{\"@type\":\"Organization\",\"@id\":\"https:\\\/\\\/corodelteatrovillamarta.org\\\/#organization\",\"name\":\"Asociaci\u00f3n Cultural Coro del Teatro Villamarta\",\"url\":\"https:\\\/\\\/corodelteatrovillamarta.org\\\/\",\"logo\":{\"@type\":\"ImageObject\",\"inLanguage\":\"es\",\"@id\":\"https:\\\/\\\/corodelteatrovillamarta.org\\\/#\\\/schema\\\/logo\\\/image\\\/\",\"url\":\"https:\\\/\\\/corodelteatrovillamarta.org\\\/wp-content\\\/uploads\\\/2022\\\/03\\\/Logosimbolo1-1.png\",\"contentUrl\":\"https:\\\/\\\/corodelteatrovillamarta.org\\\/wp-content\\\/uploads\\\/2022\\\/03\\\/Logosimbolo1-1.png\",\"width\":464,\"height\":141,\"caption\":\"Asociaci\u00f3n Cultural Coro del Teatro Villamarta\"},\"image\":{\"@id\":\"https:\\\/\\\/corodelteatrovillamarta.org\\\/#\\\/schema\\\/logo\\\/image\\\/\"},\"sameAs\":[\"https:\\\/\\\/www.facebook.com\\\/CorodelTeatroVillamarta\",\"https:\\\/\\\/www.instagram.com\\\/corodelteatrovillamarta\\\/\",\"https:\\\/\\\/www.youtube.com\\\/@corodelteatrovillamarta4326\"]}]}<\/script>\n<!-- \/ Yoast SEO plugin. -->","yoast_head_json":{"title":"Repertorio - Coro del Teatro Villamarta","robots":{"index":"index","follow":"follow","max-snippet":"max-snippet:-1","max-image-preview":"max-image-preview:large","max-video-preview":"max-video-preview:-1"},"canonical":"https:\/\/corodelteatrovillamarta.org\/index.php\/repertorio\/","og_locale":"es_ES","og_type":"article","og_title":"Repertorio - Coro del Teatro Villamarta","og_description":"Repertorio ordenado por t\u00edtulos T\u00edtulo Compositor G\u00e9nero A\u00f1o de representaci\u00f3n por el Coro Aida Verdi, Giuseppe \u00d3pera 2015 Bohemios Vives, Amadeo Zarzuela 2002 Cantan la Navidad \u00c1lvarez-Beigbeder, Germ\u00e1n A; Alejandro, [&hellip;]","og_url":"https:\/\/corodelteatrovillamarta.org\/index.php\/repertorio\/","og_site_name":"Coro del Teatro Villamarta","article_publisher":"https:\/\/www.facebook.com\/CorodelTeatroVillamarta","article_modified_time":"2026-02-22T20:28:44+00:00","twitter_card":"summary_large_image","twitter_misc":{"Tiempo de lectura":"3 minutos"},"schema":{"@context":"https:\/\/schema.org","@graph":[{"@type":"WebPage","@id":"https:\/\/corodelteatrovillamarta.org\/index.php\/repertorio\/","url":"https:\/\/corodelteatrovillamarta.org\/index.php\/repertorio\/","name":"Repertorio - Coro del Teatro Villamarta","isPartOf":{"@id":"https:\/\/corodelteatrovillamarta.org\/#website"},"datePublished":"2022-03-02T19:47:01+00:00","dateModified":"2026-02-22T20:28:44+00:00","breadcrumb":{"@id":"https:\/\/corodelteatrovillamarta.org\/index.php\/repertorio\/#breadcrumb"},"inLanguage":"es","potentialAction":[{"@type":"ReadAction","target":["https:\/\/corodelteatrovillamarta.org\/index.php\/repertorio\/"]}]},{"@type":"BreadcrumbList","@id":"https:\/\/corodelteatrovillamarta.org\/index.php\/repertorio\/#breadcrumb","itemListElement":[{"@type":"ListItem","position":1,"name":"Portada","item":"https:\/\/corodelteatrovillamarta.org\/"},{"@type":"ListItem","position":2,"name":"Repertorio"}]},{"@type":"WebSite","@id":"https:\/\/corodelteatrovillamarta.org\/#website","url":"https:\/\/corodelteatrovillamarta.org\/","name":"Coro del Teatro Villamarta","description":"Web oficial de la Asociaci\u00f3n Cultural Coro del Teatro Villamarta","publisher":{"@id":"https:\/\/corodelteatrovillamarta.org\/#organization"},"potentialAction":[{"@type":"SearchAction","target":{"@type":"EntryPoint","urlTemplate":"https:\/\/corodelteatrovillamarta.org\/?s={search_term_string}"},"query-input":{"@type":"PropertyValueSpecification","valueRequired":true,"valueName":"search_term_string"}}],"inLanguage":"es"},{"@type":"Organization","@id":"https:\/\/corodelteatrovillamarta.org\/#organization","name":"Asociaci\u00f3n Cultural Coro del Teatro Villamarta","url":"https:\/\/corodelteatrovillamarta.org\/","logo":{"@type":"ImageObject","inLanguage":"es","@id":"https:\/\/corodelteatrovillamarta.org\/#\/schema\/logo\/image\/","url":"https:\/\/corodelteatrovillamarta.org\/wp-content\/uploads\/2022\/03\/Logosimbolo1-1.png","contentUrl":"https:\/\/corodelteatrovillamarta.org\/wp-content\/uploads\/2022\/03\/Logosimbolo1-1.png","width":464,"height":141,"caption":"Asociaci\u00f3n Cultural Coro del Teatro Villamarta"},"image":{"@id":"https:\/\/corodelteatrovillamarta.org\/#\/schema\/logo\/image\/"},"sameAs":["https:\/\/www.facebook.com\/CorodelTeatroVillamarta","https:\/\/www.instagram.com\/corodelteatrovillamarta\/","https:\/\/www.youtube.com\/@corodelteatrovillamarta4326"]}]}},"_links":{"self":[{"href":"https:\/\/corodelteatrovillamarta.org\/index.php\/wp-json\/wp\/v2\/pages\/16","targetHints":{"allow":["GET"]}}],"collection":[{"href":"https:\/\/corodelteatrovillamarta.org\/index.php\/wp-json\/wp\/v2\/pages"}],"about":[{"href":"https:\/\/corodelteatrovillamarta.org\/index.php\/wp-json\/wp\/v2\/types\/page"}],"author":[{"embeddable":true,"href":"https:\/\/corodelteatrovillamarta.org\/index.php\/wp-json\/wp\/v2\/users\/1"}],"replies":[{"embeddable":true,"href":"https:\/\/corodelteatrovillamarta.org\/index.php\/wp-json\/wp\/v2\/comments?post=16"}],"version-history":[{"count":14,"href":"https:\/\/corodelteatrovillamarta.org\/index.php\/wp-json\/wp\/v2\/pages\/16\/revisions"}],"predecessor-version":[{"id":2120,"href":"https:\/\/corodelteatrovillamarta.org\/index.php\/wp-json\/wp\/v2\/pages\/16\/revisions\/2120"}],"wp:attachment":[{"href":"https:\/\/corodelteatrovillamarta.org\/index.php\/wp-json\/wp\/v2\/media?parent=16"}],"curies":[{"name":"wp","href":"https:\/\/api.w.org\/{rel}","templated":true}]}}