{"id":1795,"date":"2022-06-07T21:54:09","date_gmt":"2022-06-07T21:54:09","guid":{"rendered":"https:\/\/corodelteatrovillamarta.org\/?page_id=1795"},"modified":"2025-05-20T08:22:09","modified_gmt":"2025-05-20T07:22:09","slug":"tablon-de-anuncios-publico","status":"publish","type":"page","link":"https:\/\/corodelteatrovillamarta.org\/index.php\/tablon-de-anuncios-publico\/","title":{"rendered":"Tabl\u00f3n de anuncios p\u00fablico"},"content":{"rendered":"\n<figure class=\"wp-block-image size-large\"><img loading=\"lazy\" decoding=\"async\" width=\"724\" height=\"1024\" src=\"https:\/\/corodelteatrovillamarta.org\/wp-content\/uploads\/2025\/05\/WhatsApp-Image-2025-05-15-at-13.21.33-1-724x1024.jpeg\" alt=\"\" class=\"wp-image-2060\" srcset=\"https:\/\/corodelteatrovillamarta.org\/wp-content\/uploads\/2025\/05\/WhatsApp-Image-2025-05-15-at-13.21.33-1-724x1024.jpeg 724w, https:\/\/corodelteatrovillamarta.org\/wp-content\/uploads\/2025\/05\/WhatsApp-Image-2025-05-15-at-13.21.33-1-212x300.jpeg 212w, https:\/\/corodelteatrovillamarta.org\/wp-content\/uploads\/2025\/05\/WhatsApp-Image-2025-05-15-at-13.21.33-1-768x1086.jpeg 768w, https:\/\/corodelteatrovillamarta.org\/wp-content\/uploads\/2025\/05\/WhatsApp-Image-2025-05-15-at-13.21.33-1-1086x1536.jpeg 1086w, https:\/\/corodelteatrovillamarta.org\/wp-content\/uploads\/2025\/05\/WhatsApp-Image-2025-05-15-at-13.21.33-1.jpeg 1131w\" sizes=\"auto, (max-width: 724px) 100vw, 724px\" \/><\/figure>\n\n\n\n<figure class=\"wp-block-image size-large\"><img loading=\"lazy\" decoding=\"async\" width=\"819\" height=\"1024\" src=\"https:\/\/corodelteatrovillamarta.org\/wp-content\/uploads\/2025\/05\/489636564_986468820300253_7853137674899641485_n-819x1024.jpg\" alt=\"\" class=\"wp-image-2059\" srcset=\"https:\/\/corodelteatrovillamarta.org\/wp-content\/uploads\/2025\/05\/489636564_986468820300253_7853137674899641485_n-819x1024.jpg 819w, https:\/\/corodelteatrovillamarta.org\/wp-content\/uploads\/2025\/05\/489636564_986468820300253_7853137674899641485_n-240x300.jpg 240w, https:\/\/corodelteatrovillamarta.org\/wp-content\/uploads\/2025\/05\/489636564_986468820300253_7853137674899641485_n-768x960.jpg 768w, https:\/\/corodelteatrovillamarta.org\/wp-content\/uploads\/2025\/05\/489636564_986468820300253_7853137674899641485_n.jpg 1080w\" sizes=\"auto, (max-width: 819px) 100vw, 819px\" \/><\/figure>\n\n\n\n<figure class=\"wp-block-image size-large\"><img loading=\"lazy\" decoding=\"async\" width=\"1024\" height=\"1024\" src=\"https:\/\/corodelteatrovillamarta.org\/wp-content\/uploads\/2024\/01\/Concierto-Navidad-2023_3_IG-1024x1024.png\" alt=\"\" class=\"wp-image-1941\" srcset=\"https:\/\/corodelteatrovillamarta.org\/wp-content\/uploads\/2024\/01\/Concierto-Navidad-2023_3_IG-1024x1024.png 1024w, https:\/\/corodelteatrovillamarta.org\/wp-content\/uploads\/2024\/01\/Concierto-Navidad-2023_3_IG-300x300.png 300w, https:\/\/corodelteatrovillamarta.org\/wp-content\/uploads\/2024\/01\/Concierto-Navidad-2023_3_IG-150x150.png 150w, https:\/\/corodelteatrovillamarta.org\/wp-content\/uploads\/2024\/01\/Concierto-Navidad-2023_3_IG-768x768.png 768w, https:\/\/corodelteatrovillamarta.org\/wp-content\/uploads\/2024\/01\/Concierto-Navidad-2023_3_IG.png 1080w\" sizes=\"auto, (max-width: 1024px) 100vw, 1024px\" \/><\/figure>\n\n\n\n<p>Resultados del casting del 30 de junio de 2023.<\/p>\n\n\n\n<div data-wp-interactive=\"core\/file\" class=\"wp-block-file\"><object data-wp-bind--hidden=\"!state.hasPdfPreview\" hidden class=\"wp-block-file__embed\" data=\"https:\/\/corodelteatrovillamarta.org\/wp-content\/uploads\/2023\/07\/Casting-2023.pdf\" type=\"application\/pdf\" style=\"width:100%;height:600px\" aria-label=\"Incrustado de Casting-2023.\"><\/object><a id=\"wp-block-file--media-e8c9efe3-7ff4-44f5-8f00-8cdd4d13879f\" href=\"https:\/\/corodelteatrovillamarta.org\/wp-content\/uploads\/2023\/07\/Casting-2023.pdf\">Casting-2023<\/a><a href=\"https:\/\/corodelteatrovillamarta.org\/wp-content\/uploads\/2023\/07\/Casting-2023.pdf\" class=\"wp-block-file__button wp-element-button\" download aria-describedby=\"wp-block-file--media-e8c9efe3-7ff4-44f5-8f00-8cdd4d13879f\">Descarga<\/a><\/div>\n\n\n\n<figure class=\"wp-block-image size-large\"><img loading=\"lazy\" decoding=\"async\" width=\"724\" height=\"1024\" src=\"https:\/\/corodelteatrovillamarta.org\/wp-content\/uploads\/2023\/07\/THE-TELEPHONE-724x1024.jpeg\" alt=\"\" class=\"wp-image-1885\" srcset=\"https:\/\/corodelteatrovillamarta.org\/wp-content\/uploads\/2023\/07\/THE-TELEPHONE-724x1024.jpeg 724w, https:\/\/corodelteatrovillamarta.org\/wp-content\/uploads\/2023\/07\/THE-TELEPHONE-212x300.jpeg 212w, https:\/\/corodelteatrovillamarta.org\/wp-content\/uploads\/2023\/07\/THE-TELEPHONE-768x1086.jpeg 768w, https:\/\/corodelteatrovillamarta.org\/wp-content\/uploads\/2023\/07\/THE-TELEPHONE-1086x1536.jpeg 1086w, https:\/\/corodelteatrovillamarta.org\/wp-content\/uploads\/2023\/07\/THE-TELEPHONE.jpeg 1448w\" sizes=\"auto, (max-width: 724px) 100vw, 724px\" \/><\/figure>\n\n\n\n<figure class=\"wp-block-image size-large\"><img loading=\"lazy\" decoding=\"async\" width=\"724\" height=\"1024\" src=\"https:\/\/corodelteatrovillamarta.org\/wp-content\/uploads\/2023\/03\/Cartel-concierto-BSO-724x1024.png\" alt=\"\" class=\"wp-image-1879\" srcset=\"https:\/\/corodelteatrovillamarta.org\/wp-content\/uploads\/2023\/03\/Cartel-concierto-BSO-724x1024.png 724w, https:\/\/corodelteatrovillamarta.org\/wp-content\/uploads\/2023\/03\/Cartel-concierto-BSO-212x300.png 212w, https:\/\/corodelteatrovillamarta.org\/wp-content\/uploads\/2023\/03\/Cartel-concierto-BSO-768x1086.png 768w, https:\/\/corodelteatrovillamarta.org\/wp-content\/uploads\/2023\/03\/Cartel-concierto-BSO-1086x1536.png 1086w, https:\/\/corodelteatrovillamarta.org\/wp-content\/uploads\/2023\/03\/Cartel-concierto-BSO.png 1414w\" sizes=\"auto, (max-width: 724px) 100vw, 724px\" \/><\/figure>\n\n\n\n<figure class=\"wp-block-image size-large\"><img loading=\"lazy\" decoding=\"async\" width=\"724\" height=\"1024\" src=\"https:\/\/corodelteatrovillamarta.org\/wp-content\/uploads\/2022\/12\/Cartel-1-724x1024.jpeg\" alt=\"\" class=\"wp-image-1851\" srcset=\"https:\/\/corodelteatrovillamarta.org\/wp-content\/uploads\/2022\/12\/Cartel-1-724x1024.jpeg 724w, https:\/\/corodelteatrovillamarta.org\/wp-content\/uploads\/2022\/12\/Cartel-1-212x300.jpeg 212w, https:\/\/corodelteatrovillamarta.org\/wp-content\/uploads\/2022\/12\/Cartel-1-768x1086.jpeg 768w, https:\/\/corodelteatrovillamarta.org\/wp-content\/uploads\/2022\/12\/Cartel-1.jpeg 989w\" sizes=\"auto, (max-width: 724px) 100vw, 724px\" \/><\/figure>\n\n\n\n<div class=\"wp-block-columns is-layout-flex wp-container-core-columns-is-layout-28f84493 wp-block-columns-is-layout-flex\">\n<div class=\"wp-block-column is-layout-flow wp-block-column-is-layout-flow\" style=\"flex-basis:100%\">\n<div class=\"wp-block-columns is-layout-flex wp-container-core-columns-is-layout-28f84493 wp-block-columns-is-layout-flex\">\n<div class=\"wp-block-column is-layout-flow wp-block-column-is-layout-flow\">\n<figure class=\"wp-block-image size-full\"><img loading=\"lazy\" decoding=\"async\" width=\"195\" height=\"116\" src=\"https:\/\/corodelteatrovillamarta.org\/wp-content\/uploads\/2022\/06\/Escuela-coral-1.png\" alt=\"\" class=\"wp-image-1798\"\/><\/figure>\n<\/div>\n\n\n\n<div class=\"wp-block-column is-layout-flow wp-block-column-is-layout-flow\">\n<figure class=\"wp-block-image size-full is-resized\"><img loading=\"lazy\" decoding=\"async\" width=\"562\" height=\"231\" src=\"https:\/\/corodelteatrovillamarta.org\/wp-content\/uploads\/2022\/03\/Imagen-1-1.png\" alt=\"\" class=\"wp-image-573\" style=\"width:205px;height:83px\" srcset=\"https:\/\/corodelteatrovillamarta.org\/wp-content\/uploads\/2022\/03\/Imagen-1-1.png 562w, https:\/\/corodelteatrovillamarta.org\/wp-content\/uploads\/2022\/03\/Imagen-1-1-300x123.png 300w\" sizes=\"auto, (max-width: 562px) 100vw, 562px\" \/><\/figure>\n<\/div>\n<\/div>\n<\/div>\n<\/div>\n\n\n\n<p><strong>&nbsp; &nbsp;&nbsp;&nbsp;&nbsp;&nbsp;&nbsp;&nbsp;&nbsp;&nbsp;&nbsp;&nbsp;&nbsp;&nbsp;<u>RESULTADOS CASTING<\/u>&nbsp;&nbsp;&nbsp;&nbsp;&nbsp;&nbsp;&nbsp;&nbsp;&nbsp;&nbsp;&nbsp;(8-6-2022)&nbsp;&nbsp;&nbsp;&nbsp;&nbsp;&nbsp;&nbsp;&nbsp;&nbsp;&nbsp;&nbsp;&nbsp;&nbsp;&nbsp;&nbsp;&nbsp;&nbsp;&nbsp;&nbsp;&nbsp;&nbsp;&nbsp;&nbsp;&nbsp;&nbsp;&nbsp;&nbsp;&nbsp;&nbsp;&nbsp;&nbsp;&nbsp;&nbsp;&nbsp;&nbsp;&nbsp;&nbsp;&nbsp;&nbsp;&nbsp;&nbsp;&nbsp;&nbsp;&nbsp;&nbsp;&nbsp;&nbsp;&nbsp;&nbsp;&nbsp;&nbsp;&nbsp;&nbsp;&nbsp; <\/strong><\/p>\n\n\n\n<p><strong>CORO INFANTIL<\/strong><br><br><strong>ADMITIDOS<\/strong><\/p>\n\n\n\n<ol class=\"wp-block-list\">\n<li>Adri\u00e1n Rodr\u00edguez, Inmaculada Concepci\u00f3n<\/li>\n\n\n\n<li>Aguado Reimondez, Carmen<\/li>\n\n\n\n<li>Aguado Reimondez, Paula<\/li>\n\n\n\n<li>Alday Su\u00e1rez, Fabiana Valeria<\/li>\n\n\n\n<li>\u00c1lvarez Gerena, Alma Catalina<\/li>\n\n\n\n<li>Arranz Mancilla, Valentina<\/li>\n\n\n\n<li>Ba\u00f1os P\u00e9rez, Unai<\/li>\n\n\n\n<li>Barca-Romero Uv\u00e1, Luca<\/li>\n\n\n\n<li>Barca-Romero Uv\u00e1, Mario<\/li>\n\n\n\n<li>Barea Cano, Pablo<\/li>\n\n\n\n<li>Bernal Mart\u00edn, Jimena<\/li>\n\n\n\n<li>Campos Cooper, Samuel<\/li>\n\n\n\n<li>Canca Ram\u00edrez, Lorenzo<\/li>\n\n\n\n<li>C\u00e1rdenas G\u00f3mez, Manuela<\/li>\n\n\n\n<li>Carrasco L\u00f3pez, Candela<\/li>\n\n\n\n<li>Castillo Pareja, Alfonso<\/li>\n\n\n\n<li>Delgado Romo, Valentina<\/li>\n\n\n\n<li>De Miguel D\u00edaz, Nahia<\/li>\n\n\n\n<li>D\u00edaz C\u00e1nova, Emilio<\/li>\n\n\n\n<li>Dur\u00e9ndez G\u00f3mez, Pablo<\/li>\n\n\n\n<li>Elena Pe\u00f1a, \u00c1lvaro<\/li>\n\n\n\n<li>Falorca P\u00e9rez, Paula<\/li>\n\n\n\n<li>Fern\u00e1ndez Rodr\u00edguez, Luz Darina<\/li>\n\n\n\n<li>Fuentes Gil, Luc\u00eda<\/li>\n\n\n\n<li>Gallardo Mariscal, Jorge<\/li>\n\n\n\n<li>G\u00f3mez Lomas, Alan<\/li>\n\n\n\n<li>Gonz\u00e1lez Montazem, Rosario<\/li>\n\n\n\n<li>Jim\u00e9nez Morales, India<\/li>\n\n\n\n<li>Jim\u00e9nez Rana, Mara<\/li>\n\n\n\n<li>Jordi P\u00e1ez, Cayetana<\/li>\n\n\n\n<li>Jurado Corrales, Daniela<\/li>\n\n\n\n<li>Lara Ruiz, Pastora<\/li>\n\n\n\n<li>Llin\u00e1s Ruiz, Mar\u00eda<\/li>\n\n\n\n<li>L\u00f3pez Menacho, Ana<\/li>\n\n\n\n<li>L\u00f3pez Menacho, Rafael<\/li>\n\n\n\n<li>Lozano Hern\u00e1ndez, Julia<\/li>\n\n\n\n<li>Mar\u00edn Baena, Clara<\/li>\n\n\n\n<li>Mar\u00edn Baena, Enrique<\/li>\n\n\n\n<li>Mart\u00edn P\u00e9rez, Juan<\/li>\n\n\n\n<li>Mej\u00edas Corchete, Manuel<\/li>\n\n\n\n<li>Mu\u00f1oz Mart\u00ednez, Laura Mar\u00eda<\/li>\n\n\n\n<li>Murillo Cord\u00f3n, H\u00e9ctor<\/li>\n\n\n\n<li>Olivero Lazo, Rosarito<\/li>\n\n\n\n<li>P\u00e9rez Barea, Lolo<\/li>\n\n\n\n<li>P\u00e9rez Robles, Nuria Mar\u00eda<\/li>\n\n\n\n<li>Radford Gago, Claudia<\/li>\n\n\n\n<li>Rodr\u00edguez Fern\u00e1ndez, Julia<\/li>\n\n\n\n<li>Rodr\u00edguez Orellana, Ana<\/li>\n\n\n\n<li>Rodr\u00edguez Orellana, Miguel \u00c1ngel<\/li>\n\n\n\n<li>Romero G\u00f3mez, Gonzalo<\/li>\n\n\n\n<li>Sosa S\u00e1nchez, Mar\u00eda<\/li>\n\n\n\n<li>Tom\u00e9 Blanco, Javier<\/li>\n\n\n\n<li>Valenzuela Bernal, Dar\u00edo<\/li>\n\n\n\n<li>Valenzuela Bernal, \u00d3liver<\/li>\n<\/ol>\n\n\n\n<p><strong>NO PRESENTADOS<\/strong><\/p>\n\n\n\n<ol class=\"wp-block-list\">\n<li>Betanzos Santamar\u00eda, Valentina<\/li>\n\n\n\n<li>Castro S\u00e1nchez, Menc\u00eda<\/li>\n\n\n\n<li>Dom\u00ednguez Cruz, Minerva<\/li>\n\n\n\n<li>Garc\u00eda-Beamud Guti\u00e9rrez, Aitana<\/li>\n\n\n\n<li>Garc\u00eda-Beamud Guti\u00e9rrez, Fabiola<\/li>\n\n\n\n<li>G\u00f3mez Nassef, Yasir<\/li>\n\n\n\n<li>G\u00f3mez Zarzuela, Alba<\/li>\n\n\n\n<li>G\u00f3mez Zarzuela, Manuela<\/li>\n\n\n\n<li>Infante P\u00e9rez, Alejandra<\/li>\n\n\n\n<li>Jim\u00e9nez P\u00e9rez, Andr\u00e9s<\/li>\n\n\n\n<li>Jordi P\u00e1ez, Valentina<\/li>\n\n\n\n<li>Morales Ancela, Carlota<\/li>\n\n\n\n<li>Mu\u00f1oz Mart\u00ednez, Dar\u00edo<\/li>\n\n\n\n<li>Pereira L\u00f3pez, Valentina<\/li>\n\n\n\n<li>Rodr\u00edguez Orellana, Mercedes<\/li>\n\n\n\n<li>Rodr\u00edguez Orellana, Pedro<\/li>\n\n\n\n<li>Romero Giraldo, Lola<\/li>\n\n\n\n<li>Romero Monasterio, Mar\u00eda Alejandra<\/li>\n\n\n\n<li>Rubiales P\u00e9rez, Martina<\/li>\n\n\n\n<li>Salas Valenzuela, Valentina<\/li>\n\n\n\n<li>Viru\u00e9s de Segovia, Natacha<\/li>\n<\/ol>\n\n\n\n<p><strong>CORO JOVEN<\/strong><\/p>\n\n\n\n<p><strong>ADMITIDOS<\/strong><\/p>\n\n\n\n<ol class=\"wp-block-list\">\n<li>Ahumada Caballero, Daniel<\/li>\n\n\n\n<li>Angulo Molina, Danna Sof\u00eda<\/li>\n\n\n\n<li>Arriaza Ca\u00f1adas, Iv\u00e1n<\/li>\n\n\n\n<li>Barea Soriano, Eva<\/li>\n\n\n\n<li>Bellido Calder\u00f3n, Hugo<\/li>\n\n\n\n<li>Caballero Losada, Helena Sof\u00eda<\/li>\n\n\n\n<li>Cano Azuaga, Gabriela<\/li>\n\n\n\n<li>Contreras S\u00e1nchez, Valeria<\/li>\n\n\n\n<li>C\u00f3rdoba Rodr\u00edguez, Claudia<\/li>\n\n\n\n<li>Delgado Guerrero, Carlota<\/li>\n\n\n\n<li>Doce Marcos, Ariadna<\/li>\n\n\n\n<li>Fern\u00e1ndez S\u00e1nchez, Nieves<\/li>\n\n\n\n<li>Gallardo Morales, Mar\u00eda<\/li>\n\n\n\n<li>Galv\u00e1n Hurtado, Laia<\/li>\n\n\n\n<li>Garc\u00eda Aguilar, Mar\u00eda<\/li>\n\n\n\n<li>Garc\u00eda D\u00edaz, Minerva<\/li>\n\n\n\n<li>Garoz Rubio, Enrique<\/li>\n\n\n\n<li>Gilabert Palomo, Luc\u00eda<\/li>\n\n\n\n<li>Gonz\u00e1lez Alcantarilla, Irene<\/li>\n\n\n\n<li>Guti\u00e9rrez Becerra, Mar\u00eda<\/li>\n\n\n\n<li>Jim\u00e9nez Viedma, Juan Andr\u00e9s<\/li>\n\n\n\n<li>Jurado M\u00e1rquez, Sara<\/li>\n\n\n\n<li>Labarrera Gonz\u00e1lez, Daniela<\/li>\n\n\n\n<li>Lobato Mart\u00edn, Victoria<\/li>\n\n\n\n<li>L\u00f3pez Mart\u00ednez, Claudia<\/li>\n\n\n\n<li>Mart\u00edn Grilo, Irene<\/li>\n\n\n\n<li>Matill\u00f3 Mart\u00edn, Aixa<\/li>\n\n\n\n<li>Mera Mena, Mar\u00eda<\/li>\n\n\n\n<li>Meynet Cant\u00f3n, Laura<\/li>\n\n\n\n<li>Montes, Claudia<\/li>\n\n\n\n<li>Ojeda L\u00f3pez, Mireya Sof\u00eda<\/li>\n\n\n\n<li>Outon Salguero, Catalina<\/li>\n\n\n\n<li>P\u00e9rez Morales, Luc\u00eda<\/li>\n\n\n\n<li>Pinto Ruiz, \u00c1ngela<\/li>\n\n\n\n<li>Ram\u00edrez Montero, Juan Manuel<\/li>\n\n\n\n<li>Rom\u00e1n Jim\u00e9nez, Sergio<\/li>\n\n\n\n<li>Rosa Neupavert, Cristina<\/li>\n\n\n\n<li>S\u00e1nchez del Valle, Miriam<\/li>\n\n\n\n<li>Segura Kudryatseva, \u00c1ngela<\/li>\n\n\n\n<li>Segura Kudryatseva, Anna<\/li>\n\n\n\n<li>Serna Oteros, Miguel Julio<\/li>\n\n\n\n<li>Sib\u00f3n Cortijo, Arturo<\/li>\n\n\n\n<li>Sib\u00f3n Cortijo, Laura<\/li>\n\n\n\n<li>Sicre Romero, Raquel<\/li>\n\n\n\n<li>Tundidor Reguera, Rub\u00e9n<\/li>\n<\/ol>\n\n\n\n<p><strong>NO PRESENTADOS<\/strong><\/p>\n\n\n\n<ol class=\"wp-block-list\">\n<li>Barrero Ramos, Ana Mar\u00eda<\/li>\n\n\n\n<li>Carrera Rodr\u00edguez, Sara<\/li>\n\n\n\n<li>Castell G\u00f3mez, Claudia<\/li>\n\n\n\n<li>Cupples Adencio, Evarist<\/li>\n\n\n\n<li>Fern\u00e1ndez Garidou, Calisara<\/li>\n\n\n\n<li>Padilla Garc\u00eda, Ruth<\/li>\n\n\n\n<li>P\u00e9rez Reina, Ana Victoria<\/li>\n\n\n\n<li>Pineda Corrales, Marina<\/li>\n\n\n\n<li>Viru\u00e9s de Segovia Zarzuela, Alba<\/li>\n\n\n\n<li>Puyol Mu\u00f1oz, Loreto<br><br><br><\/li>\n<\/ol>\n\n\n\n<p><strong>CORO ADULTO<\/strong><\/p>\n\n\n\n<p><strong>ADMITIDOS<\/strong><\/p>\n\n\n\n<ol class=\"wp-block-list\">\n<li>Agabo Garc\u00eda, Cristina<\/li>\n\n\n\n<li>Baena Reigal, Ana<\/li>\n\n\n\n<li>Caballero de las Olivas Cantos, Juan Manuel<\/li>\n\n\n\n<li>Castillero G\u00f3mez, Alicia<\/li>\n\n\n\n<li>Cord\u00f3n Barrera, Mar\u00eda del Mar<\/li>\n\n\n\n<li>Dom\u00ednguez Corrales, Virginia<\/li>\n\n\n\n<li>Flores Mac\u00edas, Jos\u00e9 Manuel<\/li>\n\n\n\n<li>Garcia Garc\u00eda, Elvira<\/li>\n\n\n\n<li>Garc\u00eda Gonz\u00e1lez, Maribel<\/li>\n\n\n\n<li>Labarrera Gonz\u00e1lez, Daniela<\/li>\n\n\n\n<li>Mart\u00ednez Gonz\u00e1lez, Lidia M\u00aa<\/li>\n\n\n\n<li>Meynet Leiva, Enrique<\/li>\n\n\n\n<li>Mu\u00f1oz Ragel, Luis Gonzaga<\/li>\n\n\n\n<li>Olivero, Charles<\/li>\n\n\n\n<li>Palomeque Ruiz-Verdejo, Juan<\/li>\n\n\n\n<li>Pan Naranjo, Magdalena<\/li>\n\n\n\n<li>Pi\u00f1ero Aido, Francisco<\/li>\n\n\n\n<li>Rodr\u00edguez Pina, Sandra<\/li>\n\n\n\n<li>Romero de Rueda, Andrea<\/li>\n\n\n\n<li>S\u00e1nchez Rodr\u00edguez, M\u00aa Jos\u00e9<\/li>\n\n\n\n<li>Vidal Valenzuela, Cristobalina<\/li>\n<\/ol>\n\n\n\n<p><strong>NO ADMITIDOS<\/strong><\/p>\n\n\n\n<ol class=\"wp-block-list\">\n<li>Campos Romero, Margarita<\/li>\n\n\n\n<li>Cornejo Calder\u00f3n, Juan Antonio<\/li>\n\n\n\n<li>Lozano Carrero, Francisco Javier<\/li>\n\n\n\n<li>Rosales Santana, Mar\u00eda Jes\u00fas<\/li>\n<\/ol>\n\n\n\n<p><br><strong><br>NO PRESENTADOS<\/strong><\/p>\n\n\n\n<ol class=\"wp-block-list\">\n<li>Calder\u00f3n Mart\u00edn, Pedro<\/li>\n\n\n\n<li>Faiguel Bello, Silvia<\/li>\n\n\n\n<li>Guti\u00e9rrez Cafranga, Est\u00edbaliz<\/li>\n\n\n\n<li>Mart\u00edn Trujillo, Juan Jes\u00fas<\/li>\n\n\n\n<li>Pino Toro, Susana<\/li>\n\n\n\n<li>Reina Garc\u00eda, Ana<\/li>\n\n\n\n<li>Romero Arteaga, Luc\u00eda<\/li>\n\n\n\n<li>Sabido Rodr\u00edguez, Emilio<\/li>\n\n\n\n<li>Trigueros Cort\u00e9s, Mar\u00eda<\/li>\n\n\n\n<li>Valenzuela Trigueros, Rafael<\/li>\n\n\n\n<li>Vega Bello, Mar\u00eda Jos\u00e9<\/li>\n\n\n\n<li>Vega Bello, Inmaculada<\/li>\n<\/ol>\n","protected":false},"excerpt":{"rendered":"<p>Resultados del casting del 30 de junio de 2023. &nbsp; &nbsp;&nbsp;&nbsp;&nbsp;&nbsp;&nbsp;&nbsp;&nbsp;&nbsp;&nbsp;&nbsp;&nbsp;&nbsp;RESULTADOS CASTING&nbsp;&nbsp;&nbsp;&nbsp;&nbsp;&nbsp;&nbsp;&nbsp;&nbsp;&nbsp;&nbsp;(8-6-2022)&nbsp;&nbsp;&nbsp;&nbsp;&nbsp;&nbsp;&nbsp;&nbsp;&nbsp;&nbsp;&nbsp;&nbsp;&nbsp;&nbsp;&nbsp;&nbsp;&nbsp;&nbsp;&nbsp;&nbsp;&nbsp;&nbsp;&nbsp;&nbsp;&nbsp;&nbsp;&nbsp;&nbsp;&nbsp;&nbsp;&nbsp;&nbsp;&nbsp;&nbsp;&nbsp;&nbsp;&nbsp;&nbsp;&nbsp;&nbsp;&nbsp;&nbsp;&nbsp;&nbsp;&nbsp;&nbsp;&nbsp;&nbsp;&nbsp;&nbsp;&nbsp;&nbsp;&nbsp;&nbsp; CORO INFANTIL ADMITIDOS NO PRESENTADOS CORO JOVEN ADMITIDOS NO PRESENTADOS CORO ADULTO ADMITIDOS NO ADMITIDOS NO PRESENTADOS<\/p>\n","protected":false},"author":2,"featured_media":0,"parent":0,"menu_order":0,"comment_status":"closed","ping_status":"closed","template":"","meta":{"_monsterinsights_skip_tracking":false,"_monsterinsights_sitenote_active":false,"_monsterinsights_sitenote_note":"","_monsterinsights_sitenote_category":0,"_EventAllDay":false,"_EventTimezone":"","_EventStartDate":"","_EventEndDate":"","_EventStartDateUTC":"","_EventEndDateUTC":"","_EventShowMap":false,"_EventShowMapLink":false,"_EventURL":"","_EventCost":"","_EventCostDescription":"","_EventCurrencySymbol":"","_EventCurrencyCode":"","_EventCurrencyPosition":"","_EventDateTimeSeparator":"","_EventTimeRangeSeparator":"","_EventOrganizerID":[],"_EventVenueID":[],"_OrganizerEmail":"","_OrganizerPhone":"","_OrganizerWebsite":"","_VenueAddress":"","_VenueCity":"","_VenueCountry":"","_VenueProvince":"","_VenueState":"","_VenueZip":"","_VenuePhone":"","_VenueURL":"","_VenueStateProvince":"","_VenueLat":"","_VenueLng":"","_VenueShowMap":false,"_VenueShowMapLink":false,"footnotes":""},"class_list":["post-1795","page","type-page","status-publish","hentry"],"yoast_head":"<!-- This site is optimized with the Yoast SEO plugin v27.5 - https:\/\/yoast.com\/product\/yoast-seo-wordpress\/ -->\n<title>Tabl\u00f3n de anuncios p\u00fablico - Coro del Teatro Villamarta<\/title>\n<meta name=\"robots\" content=\"index, follow, max-snippet:-1, max-image-preview:large, max-video-preview:-1\" \/>\n<link rel=\"canonical\" href=\"https:\/\/corodelteatrovillamarta.org\/index.php\/tablon-de-anuncios-publico\/\" \/>\n<meta property=\"og:locale\" content=\"es_ES\" \/>\n<meta property=\"og:type\" content=\"article\" \/>\n<meta property=\"og:title\" content=\"Tabl\u00f3n de anuncios p\u00fablico - Coro del Teatro Villamarta\" \/>\n<meta property=\"og:description\" content=\"Resultados del casting del 30 de junio de 2023. &nbsp; &nbsp;&nbsp;&nbsp;&nbsp;&nbsp;&nbsp;&nbsp;&nbsp;&nbsp;&nbsp;&nbsp;&nbsp;&nbsp;RESULTADOS CASTING&nbsp;&nbsp;&nbsp;&nbsp;&nbsp;&nbsp;&nbsp;&nbsp;&nbsp;&nbsp;&nbsp;(8-6-2022)&nbsp;&nbsp;&nbsp;&nbsp;&nbsp;&nbsp;&nbsp;&nbsp;&nbsp;&nbsp;&nbsp;&nbsp;&nbsp;&nbsp;&nbsp;&nbsp;&nbsp;&nbsp;&nbsp;&nbsp;&nbsp;&nbsp;&nbsp;&nbsp;&nbsp;&nbsp;&nbsp;&nbsp;&nbsp;&nbsp;&nbsp;&nbsp;&nbsp;&nbsp;&nbsp;&nbsp;&nbsp;&nbsp;&nbsp;&nbsp;&nbsp;&nbsp;&nbsp;&nbsp;&nbsp;&nbsp;&nbsp;&nbsp;&nbsp;&nbsp;&nbsp;&nbsp;&nbsp;&nbsp; CORO INFANTIL ADMITIDOS NO PRESENTADOS CORO JOVEN ADMITIDOS NO PRESENTADOS CORO ADULTO ADMITIDOS NO ADMITIDOS NO PRESENTADOS\" \/>\n<meta property=\"og:url\" content=\"https:\/\/corodelteatrovillamarta.org\/index.php\/tablon-de-anuncios-publico\/\" \/>\n<meta property=\"og:site_name\" content=\"Coro del Teatro Villamarta\" \/>\n<meta property=\"article:publisher\" content=\"https:\/\/www.facebook.com\/CorodelTeatroVillamarta\" \/>\n<meta property=\"article:modified_time\" content=\"2025-05-20T07:22:09+00:00\" \/>\n<meta property=\"og:image\" content=\"https:\/\/corodelteatrovillamarta.org\/wp-content\/uploads\/2025\/05\/WhatsApp-Image-2025-05-15-at-13.21.33-1.jpeg\" \/>\n\t<meta property=\"og:image:width\" content=\"1131\" \/>\n\t<meta property=\"og:image:height\" content=\"1600\" \/>\n\t<meta property=\"og:image:type\" content=\"image\/jpeg\" \/>\n<meta name=\"twitter:card\" content=\"summary_large_image\" \/>\n<meta name=\"twitter:label1\" content=\"Tiempo de lectura\" \/>\n\t<meta name=\"twitter:data1\" content=\"5 minutos\" \/>\n<script type=\"application\/ld+json\" class=\"yoast-schema-graph\">{\"@context\":\"https:\\\/\\\/schema.org\",\"@graph\":[{\"@type\":\"WebPage\",\"@id\":\"https:\\\/\\\/corodelteatrovillamarta.org\\\/index.php\\\/tablon-de-anuncios-publico\\\/\",\"url\":\"https:\\\/\\\/corodelteatrovillamarta.org\\\/index.php\\\/tablon-de-anuncios-publico\\\/\",\"name\":\"Tabl\u00f3n de anuncios p\u00fablico - Coro del Teatro Villamarta\",\"isPartOf\":{\"@id\":\"https:\\\/\\\/corodelteatrovillamarta.org\\\/#website\"},\"primaryImageOfPage\":{\"@id\":\"https:\\\/\\\/corodelteatrovillamarta.org\\\/index.php\\\/tablon-de-anuncios-publico\\\/#primaryimage\"},\"image\":{\"@id\":\"https:\\\/\\\/corodelteatrovillamarta.org\\\/index.php\\\/tablon-de-anuncios-publico\\\/#primaryimage\"},\"thumbnailUrl\":\"https:\\\/\\\/corodelteatrovillamarta.org\\\/wp-content\\\/uploads\\\/2025\\\/05\\\/WhatsApp-Image-2025-05-15-at-13.21.33-1-724x1024.jpeg\",\"datePublished\":\"2022-06-07T21:54:09+00:00\",\"dateModified\":\"2025-05-20T07:22:09+00:00\",\"breadcrumb\":{\"@id\":\"https:\\\/\\\/corodelteatrovillamarta.org\\\/index.php\\\/tablon-de-anuncios-publico\\\/#breadcrumb\"},\"inLanguage\":\"es\",\"potentialAction\":[{\"@type\":\"ReadAction\",\"target\":[\"https:\\\/\\\/corodelteatrovillamarta.org\\\/index.php\\\/tablon-de-anuncios-publico\\\/\"]}]},{\"@type\":\"ImageObject\",\"inLanguage\":\"es\",\"@id\":\"https:\\\/\\\/corodelteatrovillamarta.org\\\/index.php\\\/tablon-de-anuncios-publico\\\/#primaryimage\",\"url\":\"https:\\\/\\\/corodelteatrovillamarta.org\\\/wp-content\\\/uploads\\\/2025\\\/05\\\/WhatsApp-Image-2025-05-15-at-13.21.33-1.jpeg\",\"contentUrl\":\"https:\\\/\\\/corodelteatrovillamarta.org\\\/wp-content\\\/uploads\\\/2025\\\/05\\\/WhatsApp-Image-2025-05-15-at-13.21.33-1.jpeg\",\"width\":1131,\"height\":1600},{\"@type\":\"BreadcrumbList\",\"@id\":\"https:\\\/\\\/corodelteatrovillamarta.org\\\/index.php\\\/tablon-de-anuncios-publico\\\/#breadcrumb\",\"itemListElement\":[{\"@type\":\"ListItem\",\"position\":1,\"name\":\"Portada\",\"item\":\"https:\\\/\\\/corodelteatrovillamarta.org\\\/\"},{\"@type\":\"ListItem\",\"position\":2,\"name\":\"Tabl\u00f3n de anuncios p\u00fablico\"}]},{\"@type\":\"WebSite\",\"@id\":\"https:\\\/\\\/corodelteatrovillamarta.org\\\/#website\",\"url\":\"https:\\\/\\\/corodelteatrovillamarta.org\\\/\",\"name\":\"Coro del Teatro Villamarta\",\"description\":\"Web oficial de la Asociaci\u00f3n Cultural Coro del Teatro Villamarta\",\"publisher\":{\"@id\":\"https:\\\/\\\/corodelteatrovillamarta.org\\\/#organization\"},\"potentialAction\":[{\"@type\":\"SearchAction\",\"target\":{\"@type\":\"EntryPoint\",\"urlTemplate\":\"https:\\\/\\\/corodelteatrovillamarta.org\\\/?s={search_term_string}\"},\"query-input\":{\"@type\":\"PropertyValueSpecification\",\"valueRequired\":true,\"valueName\":\"search_term_string\"}}],\"inLanguage\":\"es\"},{\"@type\":\"Organization\",\"@id\":\"https:\\\/\\\/corodelteatrovillamarta.org\\\/#organization\",\"name\":\"Asociaci\u00f3n Cultural Coro del Teatro Villamarta\",\"url\":\"https:\\\/\\\/corodelteatrovillamarta.org\\\/\",\"logo\":{\"@type\":\"ImageObject\",\"inLanguage\":\"es\",\"@id\":\"https:\\\/\\\/corodelteatrovillamarta.org\\\/#\\\/schema\\\/logo\\\/image\\\/\",\"url\":\"https:\\\/\\\/corodelteatrovillamarta.org\\\/wp-content\\\/uploads\\\/2022\\\/03\\\/Logosimbolo1-1.png\",\"contentUrl\":\"https:\\\/\\\/corodelteatrovillamarta.org\\\/wp-content\\\/uploads\\\/2022\\\/03\\\/Logosimbolo1-1.png\",\"width\":464,\"height\":141,\"caption\":\"Asociaci\u00f3n Cultural Coro del Teatro Villamarta\"},\"image\":{\"@id\":\"https:\\\/\\\/corodelteatrovillamarta.org\\\/#\\\/schema\\\/logo\\\/image\\\/\"},\"sameAs\":[\"https:\\\/\\\/www.facebook.com\\\/CorodelTeatroVillamarta\",\"https:\\\/\\\/www.instagram.com\\\/corodelteatrovillamarta\\\/\",\"https:\\\/\\\/www.youtube.com\\\/@corodelteatrovillamarta4326\"]}]}<\/script>\n<!-- \/ Yoast SEO plugin. -->","yoast_head_json":{"title":"Tabl\u00f3n de anuncios p\u00fablico - Coro del Teatro Villamarta","robots":{"index":"index","follow":"follow","max-snippet":"max-snippet:-1","max-image-preview":"max-image-preview:large","max-video-preview":"max-video-preview:-1"},"canonical":"https:\/\/corodelteatrovillamarta.org\/index.php\/tablon-de-anuncios-publico\/","og_locale":"es_ES","og_type":"article","og_title":"Tabl\u00f3n de anuncios p\u00fablico - Coro del Teatro Villamarta","og_description":"Resultados del casting del 30 de junio de 2023. &nbsp; &nbsp;&nbsp;&nbsp;&nbsp;&nbsp;&nbsp;&nbsp;&nbsp;&nbsp;&nbsp;&nbsp;&nbsp;&nbsp;RESULTADOS CASTING&nbsp;&nbsp;&nbsp;&nbsp;&nbsp;&nbsp;&nbsp;&nbsp;&nbsp;&nbsp;&nbsp;(8-6-2022)&nbsp;&nbsp;&nbsp;&nbsp;&nbsp;&nbsp;&nbsp;&nbsp;&nbsp;&nbsp;&nbsp;&nbsp;&nbsp;&nbsp;&nbsp;&nbsp;&nbsp;&nbsp;&nbsp;&nbsp;&nbsp;&nbsp;&nbsp;&nbsp;&nbsp;&nbsp;&nbsp;&nbsp;&nbsp;&nbsp;&nbsp;&nbsp;&nbsp;&nbsp;&nbsp;&nbsp;&nbsp;&nbsp;&nbsp;&nbsp;&nbsp;&nbsp;&nbsp;&nbsp;&nbsp;&nbsp;&nbsp;&nbsp;&nbsp;&nbsp;&nbsp;&nbsp;&nbsp;&nbsp; CORO INFANTIL ADMITIDOS NO PRESENTADOS CORO JOVEN ADMITIDOS NO PRESENTADOS CORO ADULTO ADMITIDOS NO ADMITIDOS NO PRESENTADOS","og_url":"https:\/\/corodelteatrovillamarta.org\/index.php\/tablon-de-anuncios-publico\/","og_site_name":"Coro del Teatro Villamarta","article_publisher":"https:\/\/www.facebook.com\/CorodelTeatroVillamarta","article_modified_time":"2025-05-20T07:22:09+00:00","og_image":[{"width":1131,"height":1600,"url":"https:\/\/corodelteatrovillamarta.org\/wp-content\/uploads\/2025\/05\/WhatsApp-Image-2025-05-15-at-13.21.33-1.jpeg","type":"image\/jpeg"}],"twitter_card":"summary_large_image","twitter_misc":{"Tiempo de lectura":"5 minutos"},"schema":{"@context":"https:\/\/schema.org","@graph":[{"@type":"WebPage","@id":"https:\/\/corodelteatrovillamarta.org\/index.php\/tablon-de-anuncios-publico\/","url":"https:\/\/corodelteatrovillamarta.org\/index.php\/tablon-de-anuncios-publico\/","name":"Tabl\u00f3n de anuncios p\u00fablico - Coro del Teatro Villamarta","isPartOf":{"@id":"https:\/\/corodelteatrovillamarta.org\/#website"},"primaryImageOfPage":{"@id":"https:\/\/corodelteatrovillamarta.org\/index.php\/tablon-de-anuncios-publico\/#primaryimage"},"image":{"@id":"https:\/\/corodelteatrovillamarta.org\/index.php\/tablon-de-anuncios-publico\/#primaryimage"},"thumbnailUrl":"https:\/\/corodelteatrovillamarta.org\/wp-content\/uploads\/2025\/05\/WhatsApp-Image-2025-05-15-at-13.21.33-1-724x1024.jpeg","datePublished":"2022-06-07T21:54:09+00:00","dateModified":"2025-05-20T07:22:09+00:00","breadcrumb":{"@id":"https:\/\/corodelteatrovillamarta.org\/index.php\/tablon-de-anuncios-publico\/#breadcrumb"},"inLanguage":"es","potentialAction":[{"@type":"ReadAction","target":["https:\/\/corodelteatrovillamarta.org\/index.php\/tablon-de-anuncios-publico\/"]}]},{"@type":"ImageObject","inLanguage":"es","@id":"https:\/\/corodelteatrovillamarta.org\/index.php\/tablon-de-anuncios-publico\/#primaryimage","url":"https:\/\/corodelteatrovillamarta.org\/wp-content\/uploads\/2025\/05\/WhatsApp-Image-2025-05-15-at-13.21.33-1.jpeg","contentUrl":"https:\/\/corodelteatrovillamarta.org\/wp-content\/uploads\/2025\/05\/WhatsApp-Image-2025-05-15-at-13.21.33-1.jpeg","width":1131,"height":1600},{"@type":"BreadcrumbList","@id":"https:\/\/corodelteatrovillamarta.org\/index.php\/tablon-de-anuncios-publico\/#breadcrumb","itemListElement":[{"@type":"ListItem","position":1,"name":"Portada","item":"https:\/\/corodelteatrovillamarta.org\/"},{"@type":"ListItem","position":2,"name":"Tabl\u00f3n de anuncios p\u00fablico"}]},{"@type":"WebSite","@id":"https:\/\/corodelteatrovillamarta.org\/#website","url":"https:\/\/corodelteatrovillamarta.org\/","name":"Coro del Teatro Villamarta","description":"Web oficial de la Asociaci\u00f3n Cultural Coro del Teatro Villamarta","publisher":{"@id":"https:\/\/corodelteatrovillamarta.org\/#organization"},"potentialAction":[{"@type":"SearchAction","target":{"@type":"EntryPoint","urlTemplate":"https:\/\/corodelteatrovillamarta.org\/?s={search_term_string}"},"query-input":{"@type":"PropertyValueSpecification","valueRequired":true,"valueName":"search_term_string"}}],"inLanguage":"es"},{"@type":"Organization","@id":"https:\/\/corodelteatrovillamarta.org\/#organization","name":"Asociaci\u00f3n Cultural Coro del Teatro Villamarta","url":"https:\/\/corodelteatrovillamarta.org\/","logo":{"@type":"ImageObject","inLanguage":"es","@id":"https:\/\/corodelteatrovillamarta.org\/#\/schema\/logo\/image\/","url":"https:\/\/corodelteatrovillamarta.org\/wp-content\/uploads\/2022\/03\/Logosimbolo1-1.png","contentUrl":"https:\/\/corodelteatrovillamarta.org\/wp-content\/uploads\/2022\/03\/Logosimbolo1-1.png","width":464,"height":141,"caption":"Asociaci\u00f3n Cultural Coro del Teatro Villamarta"},"image":{"@id":"https:\/\/corodelteatrovillamarta.org\/#\/schema\/logo\/image\/"},"sameAs":["https:\/\/www.facebook.com\/CorodelTeatroVillamarta","https:\/\/www.instagram.com\/corodelteatrovillamarta\/","https:\/\/www.youtube.com\/@corodelteatrovillamarta4326"]}]}},"_links":{"self":[{"href":"https:\/\/corodelteatrovillamarta.org\/index.php\/wp-json\/wp\/v2\/pages\/1795","targetHints":{"allow":["GET"]}}],"collection":[{"href":"https:\/\/corodelteatrovillamarta.org\/index.php\/wp-json\/wp\/v2\/pages"}],"about":[{"href":"https:\/\/corodelteatrovillamarta.org\/index.php\/wp-json\/wp\/v2\/types\/page"}],"author":[{"embeddable":true,"href":"https:\/\/corodelteatrovillamarta.org\/index.php\/wp-json\/wp\/v2\/users\/2"}],"replies":[{"embeddable":true,"href":"https:\/\/corodelteatrovillamarta.org\/index.php\/wp-json\/wp\/v2\/comments?post=1795"}],"version-history":[{"count":8,"href":"https:\/\/corodelteatrovillamarta.org\/index.php\/wp-json\/wp\/v2\/pages\/1795\/revisions"}],"predecessor-version":[{"id":2062,"href":"https:\/\/corodelteatrovillamarta.org\/index.php\/wp-json\/wp\/v2\/pages\/1795\/revisions\/2062"}],"wp:attachment":[{"href":"https:\/\/corodelteatrovillamarta.org\/index.php\/wp-json\/wp\/v2\/media?parent=1795"}],"curies":[{"name":"wp","href":"https:\/\/api.w.org\/{rel}","templated":true}]}}