{"id":1604,"date":"2022-04-30T07:24:51","date_gmt":"2022-04-30T07:24:51","guid":{"rendered":"https:\/\/corodelteatrovillamarta.org\/?post_type=tribe_events&#038;p=1604"},"modified":"2022-05-01T11:01:30","modified_gmt":"2022-05-01T11:01:30","slug":"casting-de-voces-para-ingresar-en-el-coro","status":"publish","type":"tribe_events","link":"https:\/\/corodelteatrovillamarta.org\/index.php\/event\/casting-de-voces-para-ingresar-en-el-coro\/","title":{"rendered":"Casting de voces para ingresar en el Coro"},"content":{"rendered":"<div  class=\"tribe-events-schedule tribe-clearfix\" >\n\t<p class=\"tribe-events-schedule__datetime\">\n\t\t<span class=\"tribe-events-schedule__date tribe-events-schedule__date--start\">\n\t\t\t21 21+01:00 mayo 21+01:00 2022\t\t<\/span>\n\n\t\t\t\t\t<span class=\"tribe-events-schedule__separator tribe-events-schedule__separator--date\">\n\t\t\t\t@\t\t\t<\/span>\n\t\t\t<span class=\"tribe-events-schedule__time tribe-events-schedule__time--start\">\n\t\t\t\t09:00\t\t\t<\/span>\n\t\t\n\t\t\t\t\t\t\t\t\t<span class=\"tribe-events-schedule__separator tribe-events-schedule__separator--time\">\n\t\t\t\t\t&#8211;\t\t\t\t<\/span>\n\t\t\t\n\t\t\t\t\t\t\t<span class=\"tribe-events-schedule__date tribe-events-schedule__date--end\">\n\t\t\t\t\t28 28+01:00 mayo 28+01:00 2022\t\t\t\t<\/span>\n\n\t\t\t\t\t\t\t\t\t<span class=\"tribe-events-schedule__separator tribe-events-schedule__separator--date\">\n\t\t\t\t\t\t@\t\t\t\t\t<\/span>\n\t\t\t\t\t<span class=\"tribe-events-schedule__time tribe-events-schedule__time--end\">\n\t\t\t\t\t\t14:00\t\t\t\t\t<\/span>\n\t\t\t\t\n\t\t\t\n\t\t\t\t\t\t<\/p>\n<\/div>\n\n\n\n<p><img loading=\"lazy\" decoding=\"async\" alt=\"\ud83d\udce3\" src=\"https:\/\/static.xx.fbcdn.net\/images\/emoji.php\/v9\/t59\/2\/16\/1f4e3.png\" width=\"16\" height=\"16\"> \u00a1CONVOCATORIA CASTING! <img loading=\"lazy\" decoding=\"async\" alt=\"\ud83d\udce3\" src=\"https:\/\/static.xx.fbcdn.net\/images\/emoji.php\/v9\/t59\/2\/16\/1f4e3.png\" width=\"16\" height=\"16\">El Coro del Teatro Villamarta presenta su nuevo proyecto, la ESCUELA CORAL DE JEREZ. Un lugar donde educar y desarrollar tu voz, adem\u00e1s de compartir grandes momentos con m\u00e1s compa\u00f1eros y grandes artistas.\u00bfTe gustar\u00eda cantar, actuar y pisar las tablas de un escenario? \u00a1An\u00edmate! Estamos buscando gente entusiasta, con ganas de disfrutar de la m\u00fasica y el canto. Seg\u00fan tu perfil, existen 3 opciones:- Coro del Teatro Villamarta (Para mayores de 18 a\u00f1os). Enfocado en repertorio oper\u00edstico y de zarzuela, adem\u00e1s de conciertos de otros estilos.- Coro Joven del Teatro Villamarta (Para j\u00f3venes entre 13 y 29 a\u00f1os). Enfocado en repertorio de musicales, bandas sonoras de pel\u00edculas y videojuegos, adem\u00e1s de otro repertorio coral y colaboraciones en proyectos del Coro del Teatro Villamarta.- Coro Infantil del Teatro Villamarta (Para ni\u00f1os entre 6 y 12 a\u00f1os). Enfocado en repertorio de bandas sonoras de pel\u00edculas, adem\u00e1s de otro repertorio coral y colaboraciones en proyectos del Coro del Teatro Villamarta.M\u00e1s informaci\u00f3n y el formulario de inscripci\u00f3n aqu\u00ed .<\/p>\n\n\n\n<figure class=\"wp-block-image\"><img decoding=\"async\" src=\"https:\/\/static.xx.fbcdn.net\/images\/emoji.php\/v9\/tee\/2\/16\/1f447.png\" alt=\"\ud83d\udc47\"\/><\/figure>\n\n\n\n<figure class=\"wp-block-image\"><img decoding=\"async\" src=\"https:\/\/static.xx.fbcdn.net\/images\/emoji.php\/v9\/tee\/2\/16\/1f447.png\" alt=\"\ud83d\udc47\"\/><\/figure>\n\n\n\n<p><a href=\"https:\/\/l.facebook.com\/l.php?u=https%3A%2F%2Fforms.gle%2FtZqQAUXEm7cLEQaFA%3Ffbclid%3DIwAR27G2n67gpoDYgXJUNChnnXuXsnAS_XVPykGM_1q1XIt3hHq-O8x50OnZ0&amp;h=AT3KB4ARB-cUDX-pvXk708egcGc3ikUkxSAAXKyHKn1V3pFcfKrjVv9ghoS7-QM2fTCRmoPj7XuR2X2vLYBwvq7SmAqblDL8RAdFQbvD63Kp0pHQNhCD_Mk7WyykgSqho9Ibfx8&amp;__tn__=-UK-R&amp;c[0]=AT2SogU-z76FW7Jd9249jaC-NUeG2Qc0aUouoSzb6gfBnWI_xVG1KNdDefHQukCSP_0w1M5rkm3flOymIOL-2unuumgy_sMmo9crYg5fhosveX4yzH-oqFtQcly2QGRfHVDyX_mjutanBSB65fxzHIbJGASRKwU8LtBLNpx0dtb1un_hcZBwzjvv9WfYcSP-ouA50a0Y\" target=\"_blank\" rel=\"noreferrer noopener\">https:\/\/forms.gle\/tZqQAUXEm7cLEQaFA<\/a>\u00a1<\/p>\n\n\n\n<p>No te olvides de compartir este mensaje con todos tus conocidos, y s\u00edguenos en las redes para estar al tanto de las actividades!<\/p>\n\n\n\n<p><a href=\"https:\/\/www.instagram.com\/corodelteatrovillamarta\/?fbclid=IwAR2fKPzZQKA7jt-5_fH8JnTc7r3nCo08FJc3SbuJPMWtA4W5wLbKY6opZ7A\" target=\"_blank\" rel=\"noreferrer noopener\">https:\/\/www.instagram.com\/corodelteatrovillamarta\/<\/a><\/p>\n\n\n\n<p><a href=\"https:\/\/www.facebook.com\/CorodelTeatroVillamarta\/?__cft__[0]=AZUR4imwr2L3NUHQe5gZ7UWkgxT314uiJ7mWRFDv0S-zYtCXGeCuSm2yNLC_Mg6vP3lwmzQj32X9tBKJg21L8Kk45bZ7sfFRwRKCeGA4iD-eqS3radkBtDPpf_tWe9gH6Os5NvmgksZrGLaq1IcOrHRXfAMabathF70XSTb-DQuXQNs5I2YgF7fwHJR6w7W-Wfg&amp;__tn__=kK-R\">https:\/\/www.facebook.com\/CorodelTeatroVillamarta<\/a>\u00a1<\/p>\n\n\n\n<p>TE ESPERAMOS!<\/p>\n\n\n<div  class=\"tribe-block tribe-block__organizer__details tribe-clearfix\" >\n\t<div class=\"tribe-block__organizer__title\">\n\t\t<h3>Coro del Teatro Villamarta<\/h3>\n\t<\/div>\n\t\t\t<\/div>\n\n\n<div  class=\"tribe-block tribe-block__venue tribe-clearfix tribe-block__venue--has-map\" >\n\t\n\t\n<div class=\"tribe-block__venue__meta\">\n\t<div class=\"tribe-block__venue__name\">\n\t\t<h3>Teatro Cajasol<\/h3>\n\t<\/div>\n\n\t\n\t\t\t\t\t\t<address class=\"tribe-block__venue__address\">\n\t\t\t\t<span class=\"tribe-address\">\n\n<span class=\"tribe-street-address\">Avenida \u00c1ngel Mayo, 20<\/span>\n\t\n\t\t<br>\n\t\t<span class=\"tribe-locality\">Jerez de la Frontera<\/span><span class=\"tribe-delimiter\">,<\/span>\n\n\t<abbr class=\"tribe-region tribe-events-abbr\" title=\"C\u00e1diz\">C\u00e1diz<\/abbr>\n\n\t<span class=\"tribe-postal-code\">11407<\/span>\n\n\t<span class=\"tribe-country-name\">Espa\u00f1a<\/span>\n\n<\/span>\n\n\t\t\t\t\t\t\t\t\t<a class=\"tribe-events-gmap\" href=\"https:\/\/maps.google.com\/maps?f=q&#038;source=s_q&#038;hl=en&#038;geocode=&#038;q=Avenida+%C3%81ngel+Mayo%2C+20+Jerez+de+la+Frontera+C%C3%A1diz+11407+Espa%C3%B1a\" title=\"Haz clic para ver un mapa de Google\" target=\"_blank\" rel=\"noreferrer noopener\">+ Google Map<\/a>\t\t\t\t\t\t\t<\/address>\n\t\t\n\t\t\n\t\t\t\n\t<\/div>\n\t\n<div class=\"tribe-block__venue__map\">\n\t\n<iframe loading=\"lazy\"\n  title=\"Iframe de Google Maps mostrando la direcci\u00f3n a Teatro Cajasol\"\n  aria-label=\"Mapa de ubicaci\u00f3n del recinto\"\n  width=\"310px\"\n  height=\"256px\"\n  frameborder=\"0\" style=\"border:0\"\n  src=\"https:\/\/www.google.com\/maps\/embed\/v1\/place?key=AIzaSyDNsicAsP6-VuGtAb1O9riI3oc_NOb7IOU&#038;q=Avenida+%C3%81ngel+Mayo%2C+20+Jerez+de+la+Frontera+C%C3%A1diz+11407+Espa%C3%B1a+&#038;zoom=10\" allowfullscreen>\n<\/iframe>\n<\/div>\n\n\t<\/div>\n\n\n\n\n\t<div  class=\"tribe-block tribe-block__events-link\" >\n\t\t<div class=\"tribe-events tribe-common\">\n\t\t\t<div class=\"tribe-events-c-subscribe-dropdown__container\">\n\t\t\t\t<div class=\"tribe-events-c-subscribe-dropdown\">\n\t\t\t\t\t<div class=\"tribe-common-c-btn-border tribe-events-c-subscribe-dropdown__button\">\n\t\t\t\t\t\t<svg\n\t class=\"tribe-common-c-svgicon tribe-common-c-svgicon--cal-export tribe-events-c-subscribe-dropdown__export-icon\" \taria-hidden=\"true\"\n\tviewBox=\"0 0 23 17\"\n\txmlns=\"http:\/\/www.w3.org\/2000\/svg\"\n>\n\t<path fill-rule=\"evenodd\" clip-rule=\"evenodd\" d=\"M.128.896V16.13c0 .211.145.383.323.383h15.354c.179 0 .323-.172.323-.383V.896c0-.212-.144-.383-.323-.383H.451C.273.513.128.684.128.896Zm16 6.742h-.901V4.679H1.009v10.729h14.218v-3.336h.901V7.638ZM1.01 1.614h14.218v2.058H1.009V1.614Z\" \/>\n\t<path d=\"M20.5 9.846H8.312M18.524 6.953l2.89 2.909-2.855 2.855\" stroke-width=\"1.2\" stroke-linecap=\"round\" stroke-linejoin=\"round\"\/>\n<\/svg>\n\t\t\t\t\t\t<button\n\t\t\t\t\t\t\tclass=\"tribe-events-c-subscribe-dropdown__button-text\"\n\t\t\t\t\t\t\taria-expanded=\"false\"\n\t\t\t\t\t\t\taria-controls=\"tribe-events-subscribe-dropdown-content\"\n\t\t\t\t\t\t\taria-label=\"Ver enlaces para a\u00f1adir eventos al calendario\"\n\t\t\t\t\t\t>\n\t\t\t\t\t\t\tA\u00f1adir al calendario\t\t\t\t\t\t<\/button>\n\t\t\t\t\t\t<svg\n\t class=\"tribe-common-c-svgicon tribe-common-c-svgicon--caret-down tribe-events-c-subscribe-dropdown__button-icon\" \taria-hidden=\"true\"\n\tviewBox=\"0 0 10 7\"\n\txmlns=\"http:\/\/www.w3.org\/2000\/svg\"\n>\n\t<path fill-rule=\"evenodd\" clip-rule=\"evenodd\" d=\"M1.008.609L5 4.6 8.992.61l.958.958L5 6.517.05 1.566l.958-.958z\" class=\"tribe-common-c-svgicon__svg-fill\"\/>\n<\/svg>\n\t\t\t\t\t<\/div>\n\t\t\t\t\t<div id=\"tribe-events-subscribe-dropdown-content\" class=\"tribe-events-c-subscribe-dropdown__content\">\n\t\t\t\t\t\t<ul class=\"tribe-events-c-subscribe-dropdown__list\">\n\t\t\t\t\t\t\t\t\t\t\t\t\t\t\t<li class=\"tribe-events-c-subscribe-dropdown__list-item tribe-events-c-subscribe-dropdown__list-item--gcal\">\n\t\t\t\t\t\t\t\t\t<a\n\t\t\t\t\t\t\t\t\t\thref=\"https:\/\/www.google.com\/calendar\/event?action=TEMPLATE&#038;dates=20220521T090000\/20220528T140000&#038;text=Casting%20de%20voces%20para%20ingresar%20en%20el%20Coro&#038;details=%3Cp%3E%3Cimg+alt%3D%22%F0%9F%93%A3%22+src%3D%22https%3A%2F%2Fstatic.xx.fbcdn.net%2Fimages%2Femoji.php%2Fv9%2Ft59%2F2%2F16%2F1f4e3.png%22+width%3D%2216%22+height%3D%2216%22%2F%3E+%C2%A1CONVOCATORIA+CASTING%21+%3Cimg+alt%3D%22%F0%9F%93%A3%22+src%3D%22https%3A%2F%2Fstatic.xx.fbcdn.net%2Fimages%2Femoji.php%2Fv9%2Ft59%2F2%2F16%2F1f4e3.png%22+width%3D%2216%22+height%3D%2216%22%2F%3EEl+Coro+del+Teatro+Villamarta+presenta+su+nuevo+proyecto%2C+la+ESCUELA+CORAL+DE+JEREZ.+Un+lugar+donde+educar+y+desarrollar+tu+voz%2C+adem%C3%A1s+de+compartir+grandes+momentos+con+m%C3%A1s+compa%C3%B1eros+y+grandes+artistas.%C2%BFTe+gustar%C3%ADa+cantar%2C+actuar+y+pisar+las+tablas+de+un+escenario%3F+%C2%A1An%C3%ADmate%21+Estamos+buscando+gente+entusiasta%2C+con+ganas+de+disfrutar+de+la+m%C3%BAsica+y+el+canto.+Seg%C3%BAn+tu+perfil%2C+existen+3+opciones%3A-+Coro+del+Teatro+Villamarta+%28Para+mayores+de+18+a%C3%B1os%29.+Enfocado+en+repertorio+oper%C3%ADstico+y+de+zarzuela%2C+adem%C3%A1s+de+conciertos+de+otros+estilos.-+Coro+Joven+del+Teatro+Villamarta+%28Para+j%C3%B3venes+entre+13+y+29+a%C3%B1os%29.+Enfocado+en+repertorio+de+musicales%2C+bandas+sonoras+de+pel%C3%ADculas+y+videojuegos%2C+adem%C3%A1s+de+otro+repertorio+coral+y+c%3C%2Fp%3E+%28Ver+aqu%C3%AD+la+descripci%C3%B3n+completa+de+evento%3A+https%3A%2F%2Fcorodelteatrovillamarta.org%2Findex.php%2Fevent%2Fcasting-de-voces-para-ingresar-en-el-coro%2F%29&#038;location=Teatro%20Cajasol,%20Avenida%20\u00c1ngel%20Mayo,%2020,%20Jerez%20de%20la%20Frontera,%20C\u00e1diz,%2011407,%20Espa\u00f1a&#038;trp=false&#038;ctz=UTC+0&#038;sprop=website:https:\/\/corodelteatrovillamarta.org\"\n\t\t\t\t\t\t\t\t\t\tclass=\"tribe-events-c-subscribe-dropdown__list-item-link\"\n\t\t\t\t\t\t\t\t\t\ttarget=\"_blank\"\n\t\t\t\t\t\t\t\t\t\trel=\"noopener noreferrer nofollow noindex\"\n\t\t\t\t\t\t\t\t\t>\n\t\t\t\t\t\t\t\t\t\tGoogle Calendar\t\t\t\t\t\t\t\t\t<\/a>\n\t\t\t\t\t\t\t\t<\/li>\n\t\t\t\t\t\t\t\t\t\t\t\t\t\t\t<li class=\"tribe-events-c-subscribe-dropdown__list-item tribe-events-c-subscribe-dropdown__list-item--ical\">\n\t\t\t\t\t\t\t\t\t<a\n\t\t\t\t\t\t\t\t\t\thref=\"\"\n\t\t\t\t\t\t\t\t\t\tclass=\"tribe-events-c-subscribe-dropdown__list-item-link\"\n\t\t\t\t\t\t\t\t\t\ttarget=\"_blank\"\n\t\t\t\t\t\t\t\t\t\trel=\"noopener noreferrer nofollow noindex\"\n\t\t\t\t\t\t\t\t\t>\n\t\t\t\t\t\t\t\t\t\tiCalendar\t\t\t\t\t\t\t\t\t<\/a>\n\t\t\t\t\t\t\t\t<\/li>\n\t\t\t\t\t\t\t\t\t\t\t\t\t\t\t<li class=\"tribe-events-c-subscribe-dropdown__list-item tribe-events-c-subscribe-dropdown__list-item--outlook-365\">\n\t\t\t\t\t\t\t\t\t<a\n\t\t\t\t\t\t\t\t\t\thref=\"\"\n\t\t\t\t\t\t\t\t\t\tclass=\"tribe-events-c-subscribe-dropdown__list-item-link\"\n\t\t\t\t\t\t\t\t\t\ttarget=\"_blank\"\n\t\t\t\t\t\t\t\t\t\trel=\"noopener noreferrer nofollow noindex\"\n\t\t\t\t\t\t\t\t\t>\n\t\t\t\t\t\t\t\t\t\tOutlook 365\t\t\t\t\t\t\t\t\t<\/a>\n\t\t\t\t\t\t\t\t<\/li>\n\t\t\t\t\t\t\t\t\t\t\t\t\t\t\t<li class=\"tribe-events-c-subscribe-dropdown__list-item tribe-events-c-subscribe-dropdown__list-item--outlook-live\">\n\t\t\t\t\t\t\t\t\t<a\n\t\t\t\t\t\t\t\t\t\thref=\"\"\n\t\t\t\t\t\t\t\t\t\tclass=\"tribe-events-c-subscribe-dropdown__list-item-link\"\n\t\t\t\t\t\t\t\t\t\ttarget=\"_blank\"\n\t\t\t\t\t\t\t\t\t\trel=\"noopener noreferrer nofollow noindex\"\n\t\t\t\t\t\t\t\t\t>\n\t\t\t\t\t\t\t\t\t\tOutlook Live\t\t\t\t\t\t\t\t\t<\/a>\n\t\t\t\t\t\t\t\t<\/li>\n\t\t\t\t\t\t\t\t\t\t\t\t\t<\/ul>\n\t\t\t\t\t<\/div>\n\t\t\t\t<\/div>\n\t\t\t<\/div>\n\t\t<\/div>\n\t<\/div>\n\n","protected":false},"excerpt":{"rendered":"<p>\u00a1CONVOCATORIA CASTING! El Coro del Teatro Villamarta presenta su nuevo proyecto, la ESCUELA CORAL DE JEREZ. Un lugar donde educar y desarrollar tu voz, adem\u00e1s de compartir grandes momentos con [&hellip;]<\/p>\n","protected":false},"author":1,"featured_media":1483,"template":"","meta":{"_monsterinsights_skip_tracking":false,"_monsterinsights_sitenote_active":false,"_monsterinsights_sitenote_note":"","_monsterinsights_sitenote_category":0,"_EventAllDay":false,"_EventTimezone":"UTC+0","_EventStartDate":"2022-05-21 09:00:00","_EventEndDate":"2022-05-28 14:00:00","_EventStartDateUTC":"2022-05-21 09:00:00","_EventEndDateUTC":"2022-05-28 14:00:00","_EventShowMap":true,"_EventShowMapLink":true,"_EventURL":"","_EventCost":"","_EventCostDescription":"","_EventCurrencySymbol":"$","_EventCurrencyCode":"USD","_EventCurrencyPosition":"prefix","_EventDateTimeSeparator":"@","_EventTimeRangeSeparator":"-","_EventOrganizerID":[1610],"_EventVenueID":[1612],"_OrganizerEmail":"","_OrganizerPhone":"","_OrganizerWebsite":"","_VenueAddress":"","_VenueCity":"","_VenueCountry":"","_VenueProvince":"","_VenueState":"","_VenueZip":"","_VenuePhone":"","_VenueURL":"","_VenueStateProvince":"","_VenueLat":"","_VenueLng":"","_VenueShowMap":false,"_VenueShowMapLink":false,"_tribe_events_status":"","_tribe_events_status_reason":"","footnotes":""},"tags":[],"tribe_events_cat":[],"class_list":["post-1604","tribe_events","type-tribe_events","status-publish","has-post-thumbnail","hentry"],"yoast_head":"<!-- This site is optimized with the Yoast SEO plugin v27.5 - https:\/\/yoast.com\/product\/yoast-seo-wordpress\/ -->\n<title>Casting de voces para ingresar en el Coro - Coro del Teatro Villamarta<\/title>\n<meta name=\"robots\" content=\"index, follow, max-snippet:-1, max-image-preview:large, max-video-preview:-1\" \/>\n<link rel=\"canonical\" href=\"https:\/\/corodelteatrovillamarta.org\/index.php\/event\/casting-de-voces-para-ingresar-en-el-coro\/\" \/>\n<meta property=\"og:locale\" content=\"es_ES\" \/>\n<meta property=\"og:type\" content=\"article\" \/>\n<meta property=\"og:title\" content=\"Casting de voces para ingresar en el Coro - Coro del Teatro Villamarta\" \/>\n<meta property=\"og:description\" content=\"\u00a1CONVOCATORIA CASTING! El Coro del Teatro Villamarta presenta su nuevo proyecto, la ESCUELA CORAL DE JEREZ. Un lugar donde educar y desarrollar tu voz, adem\u00e1s de compartir grandes momentos con [&hellip;]\" \/>\n<meta property=\"og:url\" content=\"https:\/\/corodelteatrovillamarta.org\/index.php\/event\/casting-de-voces-para-ingresar-en-el-coro\/\" \/>\n<meta property=\"og:site_name\" content=\"Coro del Teatro Villamarta\" \/>\n<meta property=\"article:publisher\" content=\"https:\/\/www.facebook.com\/CorodelTeatroVillamarta\" \/>\n<meta property=\"article:modified_time\" content=\"2022-05-01T11:01:30+00:00\" \/>\n<meta property=\"og:image\" content=\"https:\/\/corodelteatrovillamarta.org\/wp-content\/uploads\/2022\/04\/Campan\u0303a-jovenes_1-2.jpg\" \/>\n\t<meta property=\"og:image:width\" content=\"1280\" \/>\n\t<meta property=\"og:image:height\" content=\"1600\" \/>\n\t<meta property=\"og:image:type\" content=\"image\/jpeg\" \/>\n<meta name=\"twitter:card\" content=\"summary_large_image\" \/>\n<meta name=\"twitter:label1\" content=\"Tiempo de lectura\" \/>\n\t<meta name=\"twitter:data1\" content=\"2 minutos\" \/>\n<script type=\"application\/ld+json\" class=\"yoast-schema-graph\">{\"@context\":\"https:\\\/\\\/schema.org\",\"@graph\":[{\"@type\":\"WebPage\",\"@id\":\"https:\\\/\\\/corodelteatrovillamarta.org\\\/index.php\\\/event\\\/casting-de-voces-para-ingresar-en-el-coro\\\/\",\"url\":\"https:\\\/\\\/corodelteatrovillamarta.org\\\/index.php\\\/event\\\/casting-de-voces-para-ingresar-en-el-coro\\\/\",\"name\":\"Casting de voces para ingresar en el Coro - Coro del Teatro Villamarta\",\"isPartOf\":{\"@id\":\"https:\\\/\\\/corodelteatrovillamarta.org\\\/#website\"},\"primaryImageOfPage\":{\"@id\":\"https:\\\/\\\/corodelteatrovillamarta.org\\\/index.php\\\/event\\\/casting-de-voces-para-ingresar-en-el-coro\\\/#primaryimage\"},\"image\":{\"@id\":\"https:\\\/\\\/corodelteatrovillamarta.org\\\/index.php\\\/event\\\/casting-de-voces-para-ingresar-en-el-coro\\\/#primaryimage\"},\"thumbnailUrl\":\"https:\\\/\\\/corodelteatrovillamarta.org\\\/wp-content\\\/uploads\\\/2022\\\/04\\\/Campan\u0303a-jovenes_1-2.jpg\",\"datePublished\":\"2022-04-30T07:24:51+00:00\",\"dateModified\":\"2022-05-01T11:01:30+00:00\",\"breadcrumb\":{\"@id\":\"https:\\\/\\\/corodelteatrovillamarta.org\\\/index.php\\\/event\\\/casting-de-voces-para-ingresar-en-el-coro\\\/#breadcrumb\"},\"inLanguage\":\"es\",\"potentialAction\":[{\"@type\":\"ReadAction\",\"target\":[\"https:\\\/\\\/corodelteatrovillamarta.org\\\/index.php\\\/event\\\/casting-de-voces-para-ingresar-en-el-coro\\\/\"]}]},{\"@type\":\"ImageObject\",\"inLanguage\":\"es\",\"@id\":\"https:\\\/\\\/corodelteatrovillamarta.org\\\/index.php\\\/event\\\/casting-de-voces-para-ingresar-en-el-coro\\\/#primaryimage\",\"url\":\"https:\\\/\\\/corodelteatrovillamarta.org\\\/wp-content\\\/uploads\\\/2022\\\/04\\\/Campan\u0303a-jovenes_1-2.jpg\",\"contentUrl\":\"https:\\\/\\\/corodelteatrovillamarta.org\\\/wp-content\\\/uploads\\\/2022\\\/04\\\/Campan\u0303a-jovenes_1-2.jpg\",\"width\":1280,\"height\":1600},{\"@type\":\"BreadcrumbList\",\"@id\":\"https:\\\/\\\/corodelteatrovillamarta.org\\\/index.php\\\/event\\\/casting-de-voces-para-ingresar-en-el-coro\\\/#breadcrumb\",\"itemListElement\":[{\"@type\":\"ListItem\",\"position\":1,\"name\":\"Portada\",\"item\":\"https:\\\/\\\/corodelteatrovillamarta.org\\\/\"},{\"@type\":\"ListItem\",\"position\":2,\"name\":\"Eventos\",\"item\":\"https:\\\/\\\/corodelteatrovillamarta.org\\\/index.php\\\/events\\\/\"},{\"@type\":\"ListItem\",\"position\":3,\"name\":\"Casting de voces para ingresar en el Coro\"}]},{\"@type\":\"WebSite\",\"@id\":\"https:\\\/\\\/corodelteatrovillamarta.org\\\/#website\",\"url\":\"https:\\\/\\\/corodelteatrovillamarta.org\\\/\",\"name\":\"Coro del Teatro Villamarta\",\"description\":\"Web oficial de la Asociaci\u00f3n Cultural Coro del Teatro Villamarta\",\"publisher\":{\"@id\":\"https:\\\/\\\/corodelteatrovillamarta.org\\\/#organization\"},\"potentialAction\":[{\"@type\":\"SearchAction\",\"target\":{\"@type\":\"EntryPoint\",\"urlTemplate\":\"https:\\\/\\\/corodelteatrovillamarta.org\\\/?s={search_term_string}\"},\"query-input\":{\"@type\":\"PropertyValueSpecification\",\"valueRequired\":true,\"valueName\":\"search_term_string\"}}],\"inLanguage\":\"es\"},{\"@type\":\"Organization\",\"@id\":\"https:\\\/\\\/corodelteatrovillamarta.org\\\/#organization\",\"name\":\"Asociaci\u00f3n Cultural Coro del Teatro Villamarta\",\"url\":\"https:\\\/\\\/corodelteatrovillamarta.org\\\/\",\"logo\":{\"@type\":\"ImageObject\",\"inLanguage\":\"es\",\"@id\":\"https:\\\/\\\/corodelteatrovillamarta.org\\\/#\\\/schema\\\/logo\\\/image\\\/\",\"url\":\"https:\\\/\\\/corodelteatrovillamarta.org\\\/wp-content\\\/uploads\\\/2022\\\/03\\\/Logosimbolo1-1.png\",\"contentUrl\":\"https:\\\/\\\/corodelteatrovillamarta.org\\\/wp-content\\\/uploads\\\/2022\\\/03\\\/Logosimbolo1-1.png\",\"width\":464,\"height\":141,\"caption\":\"Asociaci\u00f3n Cultural Coro del Teatro Villamarta\"},\"image\":{\"@id\":\"https:\\\/\\\/corodelteatrovillamarta.org\\\/#\\\/schema\\\/logo\\\/image\\\/\"},\"sameAs\":[\"https:\\\/\\\/www.facebook.com\\\/CorodelTeatroVillamarta\",\"https:\\\/\\\/www.instagram.com\\\/corodelteatrovillamarta\\\/\",\"https:\\\/\\\/www.youtube.com\\\/@corodelteatrovillamarta4326\"]}]}<\/script>\n<!-- \/ Yoast SEO plugin. -->","yoast_head_json":{"title":"Casting de voces para ingresar en el Coro - Coro del Teatro Villamarta","robots":{"index":"index","follow":"follow","max-snippet":"max-snippet:-1","max-image-preview":"max-image-preview:large","max-video-preview":"max-video-preview:-1"},"canonical":"https:\/\/corodelteatrovillamarta.org\/index.php\/event\/casting-de-voces-para-ingresar-en-el-coro\/","og_locale":"es_ES","og_type":"article","og_title":"Casting de voces para ingresar en el Coro - Coro del Teatro Villamarta","og_description":"\u00a1CONVOCATORIA CASTING! El Coro del Teatro Villamarta presenta su nuevo proyecto, la ESCUELA CORAL DE JEREZ. Un lugar donde educar y desarrollar tu voz, adem\u00e1s de compartir grandes momentos con [&hellip;]","og_url":"https:\/\/corodelteatrovillamarta.org\/index.php\/event\/casting-de-voces-para-ingresar-en-el-coro\/","og_site_name":"Coro del Teatro Villamarta","article_publisher":"https:\/\/www.facebook.com\/CorodelTeatroVillamarta","article_modified_time":"2022-05-01T11:01:30+00:00","og_image":[{"width":1280,"height":1600,"url":"https:\/\/corodelteatrovillamarta.org\/wp-content\/uploads\/2022\/04\/Campan\u0303a-jovenes_1-2.jpg","type":"image\/jpeg"}],"twitter_card":"summary_large_image","twitter_misc":{"Tiempo de lectura":"2 minutos"},"schema":{"@context":"https:\/\/schema.org","@graph":[{"@type":"WebPage","@id":"https:\/\/corodelteatrovillamarta.org\/index.php\/event\/casting-de-voces-para-ingresar-en-el-coro\/","url":"https:\/\/corodelteatrovillamarta.org\/index.php\/event\/casting-de-voces-para-ingresar-en-el-coro\/","name":"Casting de voces para ingresar en el Coro - Coro del Teatro Villamarta","isPartOf":{"@id":"https:\/\/corodelteatrovillamarta.org\/#website"},"primaryImageOfPage":{"@id":"https:\/\/corodelteatrovillamarta.org\/index.php\/event\/casting-de-voces-para-ingresar-en-el-coro\/#primaryimage"},"image":{"@id":"https:\/\/corodelteatrovillamarta.org\/index.php\/event\/casting-de-voces-para-ingresar-en-el-coro\/#primaryimage"},"thumbnailUrl":"https:\/\/corodelteatrovillamarta.org\/wp-content\/uploads\/2022\/04\/Campan\u0303a-jovenes_1-2.jpg","datePublished":"2022-04-30T07:24:51+00:00","dateModified":"2022-05-01T11:01:30+00:00","breadcrumb":{"@id":"https:\/\/corodelteatrovillamarta.org\/index.php\/event\/casting-de-voces-para-ingresar-en-el-coro\/#breadcrumb"},"inLanguage":"es","potentialAction":[{"@type":"ReadAction","target":["https:\/\/corodelteatrovillamarta.org\/index.php\/event\/casting-de-voces-para-ingresar-en-el-coro\/"]}]},{"@type":"ImageObject","inLanguage":"es","@id":"https:\/\/corodelteatrovillamarta.org\/index.php\/event\/casting-de-voces-para-ingresar-en-el-coro\/#primaryimage","url":"https:\/\/corodelteatrovillamarta.org\/wp-content\/uploads\/2022\/04\/Campan\u0303a-jovenes_1-2.jpg","contentUrl":"https:\/\/corodelteatrovillamarta.org\/wp-content\/uploads\/2022\/04\/Campan\u0303a-jovenes_1-2.jpg","width":1280,"height":1600},{"@type":"BreadcrumbList","@id":"https:\/\/corodelteatrovillamarta.org\/index.php\/event\/casting-de-voces-para-ingresar-en-el-coro\/#breadcrumb","itemListElement":[{"@type":"ListItem","position":1,"name":"Portada","item":"https:\/\/corodelteatrovillamarta.org\/"},{"@type":"ListItem","position":2,"name":"Eventos","item":"https:\/\/corodelteatrovillamarta.org\/index.php\/events\/"},{"@type":"ListItem","position":3,"name":"Casting de voces para ingresar en el Coro"}]},{"@type":"WebSite","@id":"https:\/\/corodelteatrovillamarta.org\/#website","url":"https:\/\/corodelteatrovillamarta.org\/","name":"Coro del Teatro Villamarta","description":"Web oficial de la Asociaci\u00f3n Cultural Coro del Teatro Villamarta","publisher":{"@id":"https:\/\/corodelteatrovillamarta.org\/#organization"},"potentialAction":[{"@type":"SearchAction","target":{"@type":"EntryPoint","urlTemplate":"https:\/\/corodelteatrovillamarta.org\/?s={search_term_string}"},"query-input":{"@type":"PropertyValueSpecification","valueRequired":true,"valueName":"search_term_string"}}],"inLanguage":"es"},{"@type":"Organization","@id":"https:\/\/corodelteatrovillamarta.org\/#organization","name":"Asociaci\u00f3n Cultural Coro del Teatro Villamarta","url":"https:\/\/corodelteatrovillamarta.org\/","logo":{"@type":"ImageObject","inLanguage":"es","@id":"https:\/\/corodelteatrovillamarta.org\/#\/schema\/logo\/image\/","url":"https:\/\/corodelteatrovillamarta.org\/wp-content\/uploads\/2022\/03\/Logosimbolo1-1.png","contentUrl":"https:\/\/corodelteatrovillamarta.org\/wp-content\/uploads\/2022\/03\/Logosimbolo1-1.png","width":464,"height":141,"caption":"Asociaci\u00f3n Cultural Coro del Teatro Villamarta"},"image":{"@id":"https:\/\/corodelteatrovillamarta.org\/#\/schema\/logo\/image\/"},"sameAs":["https:\/\/www.facebook.com\/CorodelTeatroVillamarta","https:\/\/www.instagram.com\/corodelteatrovillamarta\/","https:\/\/www.youtube.com\/@corodelteatrovillamarta4326"]}]}},"_links":{"self":[{"href":"https:\/\/corodelteatrovillamarta.org\/index.php\/wp-json\/wp\/v2\/tribe_events\/1604","targetHints":{"allow":["GET"]}}],"collection":[{"href":"https:\/\/corodelteatrovillamarta.org\/index.php\/wp-json\/wp\/v2\/tribe_events"}],"about":[{"href":"https:\/\/corodelteatrovillamarta.org\/index.php\/wp-json\/wp\/v2\/types\/tribe_events"}],"author":[{"embeddable":true,"href":"https:\/\/corodelteatrovillamarta.org\/index.php\/wp-json\/wp\/v2\/users\/1"}],"version-history":[{"count":3,"href":"https:\/\/corodelteatrovillamarta.org\/index.php\/wp-json\/wp\/v2\/tribe_events\/1604\/revisions"}],"predecessor-version":[{"id":1704,"href":"https:\/\/corodelteatrovillamarta.org\/index.php\/wp-json\/wp\/v2\/tribe_events\/1604\/revisions\/1704"}],"wp:featuredmedia":[{"embeddable":true,"href":"https:\/\/corodelteatrovillamarta.org\/index.php\/wp-json\/wp\/v2\/media\/1483"}],"wp:attachment":[{"href":"https:\/\/corodelteatrovillamarta.org\/index.php\/wp-json\/wp\/v2\/media?parent=1604"}],"wp:term":[{"taxonomy":"post_tag","embeddable":true,"href":"https:\/\/corodelteatrovillamarta.org\/index.php\/wp-json\/wp\/v2\/tags?post=1604"},{"taxonomy":"tribe_events_cat","embeddable":true,"href":"https:\/\/corodelteatrovillamarta.org\/index.php\/wp-json\/wp\/v2\/tribe_events_cat?post=1604"}],"curies":[{"name":"wp","href":"https:\/\/api.w.org\/{rel}","templated":true}]}}