{"id":1827,"date":"2022-07-27T12:12:50","date_gmt":"2022-07-27T12:12:50","guid":{"rendered":"https:\/\/corodelteatrovillamarta.org\/?post_type=tribe_events&#038;p=1827"},"modified":"2022-07-27T12:24:16","modified_gmt":"2022-07-27T12:24:16","slug":"dona-francisquita-2","status":"publish","type":"tribe_events","link":"https:\/\/corodelteatrovillamarta.org\/index.php\/event\/dona-francisquita-2\/","title":{"rendered":"Do\u00f1a Francisquita (A. Vives)"},"content":{"rendered":"<div  class=\"tribe-events-schedule tribe-clearfix\" >\n\t<p class=\"tribe-events-schedule__datetime\">\n\t\t<span class=\"tribe-events-schedule__date tribe-events-schedule__date--start\">\n\t\t\t29 29+01:00 enero 29+01:00 2023\t\t<\/span>\n\n\t\t\t\t\t<span class=\"tribe-events-schedule__separator tribe-events-schedule__separator--date\">\n\t\t\t\t@\t\t\t<\/span>\n\t\t\t<span class=\"tribe-events-schedule__time tribe-events-schedule__time--start\">\n\t\t\t\t18:00\t\t\t<\/span>\n\t\t\n\t\t\t\t\t\t\t\t\t<span class=\"tribe-events-schedule__separator tribe-events-schedule__separator--time\">\n\t\t\t\t\t&#8211;\t\t\t\t<\/span>\n\t\t\t\n\t\t\t\t\t\t\t<span class=\"tribe-events-schedule__time tribe-events-schedule__time--end\">\n\t\t\t\t\t21:00\t\t\t\t<\/span>\n\t\t\t\n\t\t\t\t\t\t<\/p>\n<\/div>\n\n\n\n<figure class=\"wp-block-image\"><img decoding=\"async\" src=\"https:\/\/www.teatrovillamarta.es\/fileadmin\/Image_Archive\/Villamarta\/FOTOGRAFIAS_ESPECTACULOS\/TEMPORADA_22_23\/donafrancisquita.jpg\" alt=\"do\u00f1a francisquita\"\/><\/figure>\n\n\n\n<p><strong>ROC\u00cdO P\u00c9REZ &#8211; LEONARDO S\u00c1NCHEZ &#8211; JOS\u00c9 MANUEL ZAPATA CRISTINA DEL BARRIO &#8211; ENRIC MART\u00cdNEZ CASTIGNANI<\/strong><\/p>\n\n\n\n<p><strong>C\u00c9SAR SAN MART\u00cdN &#8211; LUC\u00cdA MILL\u00c1N<\/strong><\/p>\n\n\n\n<p><strong>CORO DEL TEATRO VILLAMARTA<\/strong><\/p>\n\n\n\n<p><strong>ORQUESTA FILARM\u00d3NICA DE M\u00c1LAGA<\/strong><\/p>\n\n\n\n<p><strong>JES\u00daS RUIZ<\/strong>, escenograf\u00eda y figurines<\/p>\n\n\n\n<p><strong>CARLOS ARAGON, <\/strong>direcci\u00f3n musical<\/p>\n\n\n\n<p><strong>FRANCISCO L\u00d3PEZ, <\/strong>direcci\u00f3n de escena<\/p>\n\n\n<div  class=\"tribe-block tribe-block__event-price\" >\n\t\t<\/div>\n\n\n\n\n<div  class=\"tribe-block tribe-block__venue tribe-clearfix tribe-block__venue--has-map\" >\n\t\n\t\t\n\t<\/div>\n\n\n<div  class=\"tribe-block tribe-block__event-website\" >\n\t<a\n\t\thref=\"https:\/\/corodelteatrovillamarta.org\/index.php\/event\/dona-francisquita\/\"\n\t\ttarget=\"_self\"\n\t\t\t>\n\t\tA\u00f1adir texto del bot\u00f3n\t<\/a>\n<\/div>\n\n\n\t<div  class=\"tribe-block tribe-block__events-link\" >\n\t\t<div class=\"tribe-events tribe-common\">\n\t\t\t<div class=\"tribe-events-c-subscribe-dropdown__container\">\n\t\t\t\t<div class=\"tribe-events-c-subscribe-dropdown\">\n\t\t\t\t\t<div class=\"tribe-common-c-btn-border tribe-events-c-subscribe-dropdown__button\">\n\t\t\t\t\t\t<svg\n\t class=\"tribe-common-c-svgicon tribe-common-c-svgicon--cal-export tribe-events-c-subscribe-dropdown__export-icon\" \taria-hidden=\"true\"\n\tviewBox=\"0 0 23 17\"\n\txmlns=\"http:\/\/www.w3.org\/2000\/svg\"\n>\n\t<path fill-rule=\"evenodd\" clip-rule=\"evenodd\" d=\"M.128.896V16.13c0 .211.145.383.323.383h15.354c.179 0 .323-.172.323-.383V.896c0-.212-.144-.383-.323-.383H.451C.273.513.128.684.128.896Zm16 6.742h-.901V4.679H1.009v10.729h14.218v-3.336h.901V7.638ZM1.01 1.614h14.218v2.058H1.009V1.614Z\" \/>\n\t<path d=\"M20.5 9.846H8.312M18.524 6.953l2.89 2.909-2.855 2.855\" stroke-width=\"1.2\" stroke-linecap=\"round\" stroke-linejoin=\"round\"\/>\n<\/svg>\n\t\t\t\t\t\t<button\n\t\t\t\t\t\t\tclass=\"tribe-events-c-subscribe-dropdown__button-text\"\n\t\t\t\t\t\t\taria-expanded=\"false\"\n\t\t\t\t\t\t\taria-controls=\"tribe-events-subscribe-dropdown-content\"\n\t\t\t\t\t\t\taria-label=\"Ver enlaces para a\u00f1adir eventos al calendario\"\n\t\t\t\t\t\t>\n\t\t\t\t\t\t\tA\u00f1adir al calendario\t\t\t\t\t\t<\/button>\n\t\t\t\t\t\t<svg\n\t class=\"tribe-common-c-svgicon tribe-common-c-svgicon--caret-down tribe-events-c-subscribe-dropdown__button-icon\" \taria-hidden=\"true\"\n\tviewBox=\"0 0 10 7\"\n\txmlns=\"http:\/\/www.w3.org\/2000\/svg\"\n>\n\t<path fill-rule=\"evenodd\" clip-rule=\"evenodd\" d=\"M1.008.609L5 4.6 8.992.61l.958.958L5 6.517.05 1.566l.958-.958z\" class=\"tribe-common-c-svgicon__svg-fill\"\/>\n<\/svg>\n\t\t\t\t\t<\/div>\n\t\t\t\t\t<div id=\"tribe-events-subscribe-dropdown-content\" class=\"tribe-events-c-subscribe-dropdown__content\">\n\t\t\t\t\t\t<ul class=\"tribe-events-c-subscribe-dropdown__list\">\n\t\t\t\t\t\t\t\t\t\t\t\t\t\t\t<li class=\"tribe-events-c-subscribe-dropdown__list-item tribe-events-c-subscribe-dropdown__list-item--gcal\">\n\t\t\t\t\t\t\t\t\t<a\n\t\t\t\t\t\t\t\t\t\thref=\"https:\/\/www.google.com\/calendar\/event?action=TEMPLATE&#038;dates=20230129T180000\/20230129T210000&#038;text=Do%C3%B1a%20Francisquita%20%28A.%20Vives%29&#038;details=%3Cfigure+class%3D%22wp-block-image%22%3E%3Cimg+src%3D%22https%3A%2F%2Fwww.teatrovillamarta.es%2Ffileadmin%2FImage_Archive%2FVillamarta%2FFOTOGRAFIAS_ESPECTACULOS%2FTEMPORADA_22_23%2Fdonafrancisquita.jpg%22+alt%3D%22do%C3%B1a+francisquita%22%2F%3E%3C%2Ffigure%3E%3Cp%3E%3Cstrong%3EROC%C3%8DO+P%C3%89REZ+-+LEONARDO+S%C3%81NCHEZ+-+JOS%C3%89+MANUEL+ZAPATA+CRISTINA+DEL+BARRIO+-+ENRIC+MART%C3%8DNEZ+CASTIGNANI%3C%2Fstrong%3E%3C%2Fp%3E+%3Cp%3E%3Cstrong%3EC%C3%89SAR+SAN+MART%C3%8DN+-+LUC%C3%8DA+MILL%C3%81N%3C%2Fstrong%3E%3C%2Fp%3E+%3Cp%3E%3Cstrong%3ECORO+DEL+TEATRO+VILLAMARTA%3C%2Fstrong%3E%3C%2Fp%3E+%3Cp%3E%3Cstrong%3EORQUESTA+FILARM%C3%93NICA+DE+M%C3%81LAGA%3C%2Fstrong%3E%3C%2Fp%3E+%3Cp%3E%3Cstrong%3EJES%C3%9AS+RUIZ%3C%2Fstrong%3E%2C+escenograf%C3%ADa+y+figurines%3C%2Fp%3E+%3Cp%3E%3Cstrong%3ECARLOS+ARAGON%2C+%3C%2Fstrong%3Edirecci%C3%B3n+musical%3C%2Fp%3E+%3Cp%3E%3Cstrong%3EFRANCISCO+L%C3%93PEZ%2C+%3C%2Fstrong%3Edirecci%C3%B3n+de+escena%3C%2Fp%3E+&#038;trp=false&#038;ctz=UTC+0&#038;sprop=website:https:\/\/corodelteatrovillamarta.org\"\n\t\t\t\t\t\t\t\t\t\tclass=\"tribe-events-c-subscribe-dropdown__list-item-link\"\n\t\t\t\t\t\t\t\t\t\ttarget=\"_blank\"\n\t\t\t\t\t\t\t\t\t\trel=\"noopener noreferrer nofollow noindex\"\n\t\t\t\t\t\t\t\t\t>\n\t\t\t\t\t\t\t\t\t\tGoogle Calendar\t\t\t\t\t\t\t\t\t<\/a>\n\t\t\t\t\t\t\t\t<\/li>\n\t\t\t\t\t\t\t\t\t\t\t\t\t\t\t<li class=\"tribe-events-c-subscribe-dropdown__list-item tribe-events-c-subscribe-dropdown__list-item--ical\">\n\t\t\t\t\t\t\t\t\t<a\n\t\t\t\t\t\t\t\t\t\thref=\"\"\n\t\t\t\t\t\t\t\t\t\tclass=\"tribe-events-c-subscribe-dropdown__list-item-link\"\n\t\t\t\t\t\t\t\t\t\ttarget=\"_blank\"\n\t\t\t\t\t\t\t\t\t\trel=\"noopener noreferrer nofollow noindex\"\n\t\t\t\t\t\t\t\t\t>\n\t\t\t\t\t\t\t\t\t\tiCalendar\t\t\t\t\t\t\t\t\t<\/a>\n\t\t\t\t\t\t\t\t<\/li>\n\t\t\t\t\t\t\t\t\t\t\t\t\t\t\t<li class=\"tribe-events-c-subscribe-dropdown__list-item tribe-events-c-subscribe-dropdown__list-item--outlook-365\">\n\t\t\t\t\t\t\t\t\t<a\n\t\t\t\t\t\t\t\t\t\thref=\"\"\n\t\t\t\t\t\t\t\t\t\tclass=\"tribe-events-c-subscribe-dropdown__list-item-link\"\n\t\t\t\t\t\t\t\t\t\ttarget=\"_blank\"\n\t\t\t\t\t\t\t\t\t\trel=\"noopener noreferrer nofollow noindex\"\n\t\t\t\t\t\t\t\t\t>\n\t\t\t\t\t\t\t\t\t\tOutlook 365\t\t\t\t\t\t\t\t\t<\/a>\n\t\t\t\t\t\t\t\t<\/li>\n\t\t\t\t\t\t\t\t\t\t\t\t\t\t\t<li class=\"tribe-events-c-subscribe-dropdown__list-item tribe-events-c-subscribe-dropdown__list-item--outlook-live\">\n\t\t\t\t\t\t\t\t\t<a\n\t\t\t\t\t\t\t\t\t\thref=\"\"\n\t\t\t\t\t\t\t\t\t\tclass=\"tribe-events-c-subscribe-dropdown__list-item-link\"\n\t\t\t\t\t\t\t\t\t\ttarget=\"_blank\"\n\t\t\t\t\t\t\t\t\t\trel=\"noopener noreferrer nofollow noindex\"\n\t\t\t\t\t\t\t\t\t>\n\t\t\t\t\t\t\t\t\t\tOutlook Live\t\t\t\t\t\t\t\t\t<\/a>\n\t\t\t\t\t\t\t\t<\/li>\n\t\t\t\t\t\t\t\t\t\t\t\t\t<\/ul>\n\t\t\t\t\t<\/div>\n\t\t\t\t<\/div>\n\t\t\t<\/div>\n\t\t<\/div>\n\t<\/div>\n\n","protected":false},"excerpt":{"rendered":"<p>ROC\u00cdO P\u00c9REZ &#8211; LEONARDO S\u00c1NCHEZ &#8211; JOS\u00c9 MANUEL ZAPATA CRISTINA DEL BARRIO &#8211; ENRIC MART\u00cdNEZ CASTIGNANI C\u00c9SAR SAN MART\u00cdN &#8211; LUC\u00cdA MILL\u00c1N CORO DEL TEATRO VILLAMARTA ORQUESTA FILARM\u00d3NICA DE M\u00c1LAGA [&hellip;]<\/p>\n","protected":false},"author":2,"featured_media":0,"template":"","meta":{"_monsterinsights_skip_tracking":false,"_monsterinsights_sitenote_active":false,"_monsterinsights_sitenote_note":"","_monsterinsights_sitenote_category":0,"_EventAllDay":false,"_EventTimezone":"UTC+0","_EventStartDate":"2023-01-29 18:00:00","_EventEndDate":"2023-01-29 21:00:00","_EventStartDateUTC":"2023-01-29 18:00:00","_EventEndDateUTC":"2023-01-29 21:00:00","_EventShowMap":true,"_EventShowMapLink":true,"_EventURL":"https:\/\/corodelteatrovillamarta.org\/index.php\/event\/dona-francisquita\/","_EventCost":"","_EventCostDescription":"","_EventCurrencySymbol":"$","_EventCurrencyCode":"USD","_EventCurrencyPosition":"prefix","_EventDateTimeSeparator":"@","_EventTimeRangeSeparator":"-","_EventOrganizerID":[],"_EventVenueID":[0],"_OrganizerEmail":"","_OrganizerPhone":"","_OrganizerWebsite":"","_VenueAddress":"","_VenueCity":"","_VenueCountry":"","_VenueProvince":"","_VenueState":"","_VenueZip":"","_VenuePhone":"","_VenueURL":"","_VenueStateProvince":"","_VenueLat":"","_VenueLng":"","_VenueShowMap":false,"_VenueShowMapLink":false,"_tribe_events_status":"","_tribe_events_status_reason":"","footnotes":""},"tags":[26,27,24,25,23],"tribe_events_cat":[],"class_list":["post-1827","tribe_events","type-tribe_events","status-publish","hentry","tag-coro","tag-jerez","tag-lirica","tag-teatro","tag-zarzuela"],"yoast_head":"<!-- This site is optimized with the Yoast SEO plugin v27.5 - https:\/\/yoast.com\/product\/yoast-seo-wordpress\/ -->\n<title>Do\u00f1a Francisquita (A. Vives) - Coro del Teatro Villamarta<\/title>\n<meta name=\"robots\" content=\"index, follow, max-snippet:-1, max-image-preview:large, max-video-preview:-1\" \/>\n<link rel=\"canonical\" href=\"https:\/\/corodelteatrovillamarta.org\/index.php\/event\/dona-francisquita-2\/\" \/>\n<meta property=\"og:locale\" content=\"es_ES\" \/>\n<meta property=\"og:type\" content=\"article\" \/>\n<meta property=\"og:title\" content=\"Do\u00f1a Francisquita (A. Vives) - Coro del Teatro Villamarta\" \/>\n<meta property=\"og:description\" content=\"ROC\u00cdO P\u00c9REZ &#8211; LEONARDO S\u00c1NCHEZ &#8211; JOS\u00c9 MANUEL ZAPATA CRISTINA DEL BARRIO &#8211; ENRIC MART\u00cdNEZ CASTIGNANI C\u00c9SAR SAN MART\u00cdN &#8211; LUC\u00cdA MILL\u00c1N CORO DEL TEATRO VILLAMARTA ORQUESTA FILARM\u00d3NICA DE M\u00c1LAGA [&hellip;]\" \/>\n<meta property=\"og:url\" content=\"https:\/\/corodelteatrovillamarta.org\/index.php\/event\/dona-francisquita-2\/\" \/>\n<meta property=\"og:site_name\" content=\"Coro del Teatro Villamarta\" \/>\n<meta property=\"article:publisher\" content=\"https:\/\/www.facebook.com\/CorodelTeatroVillamarta\" \/>\n<meta property=\"article:modified_time\" content=\"2022-07-27T12:24:16+00:00\" \/>\n<meta property=\"og:image\" content=\"https:\/\/www.teatrovillamarta.es\/fileadmin\/Image_Archive\/Villamarta\/FOTOGRAFIAS_ESPECTACULOS\/TEMPORADA_22_23\/donafrancisquita.jpg\" \/>\n<meta name=\"twitter:card\" content=\"summary_large_image\" \/>\n<meta name=\"twitter:label1\" content=\"Tiempo de lectura\" \/>\n\t<meta name=\"twitter:data1\" content=\"1 minuto\" \/>\n<script type=\"application\/ld+json\" class=\"yoast-schema-graph\">{\"@context\":\"https:\\\/\\\/schema.org\",\"@graph\":[{\"@type\":\"WebPage\",\"@id\":\"https:\\\/\\\/corodelteatrovillamarta.org\\\/index.php\\\/event\\\/dona-francisquita-2\\\/\",\"url\":\"https:\\\/\\\/corodelteatrovillamarta.org\\\/index.php\\\/event\\\/dona-francisquita-2\\\/\",\"name\":\"Do\u00f1a Francisquita (A. Vives) - Coro del Teatro Villamarta\",\"isPartOf\":{\"@id\":\"https:\\\/\\\/corodelteatrovillamarta.org\\\/#website\"},\"primaryImageOfPage\":{\"@id\":\"https:\\\/\\\/corodelteatrovillamarta.org\\\/index.php\\\/event\\\/dona-francisquita-2\\\/#primaryimage\"},\"image\":{\"@id\":\"https:\\\/\\\/corodelteatrovillamarta.org\\\/index.php\\\/event\\\/dona-francisquita-2\\\/#primaryimage\"},\"thumbnailUrl\":\"https:\\\/\\\/www.teatrovillamarta.es\\\/fileadmin\\\/Image_Archive\\\/Villamarta\\\/FOTOGRAFIAS_ESPECTACULOS\\\/TEMPORADA_22_23\\\/donafrancisquita.jpg\",\"datePublished\":\"2022-07-27T12:12:50+00:00\",\"dateModified\":\"2022-07-27T12:24:16+00:00\",\"breadcrumb\":{\"@id\":\"https:\\\/\\\/corodelteatrovillamarta.org\\\/index.php\\\/event\\\/dona-francisquita-2\\\/#breadcrumb\"},\"inLanguage\":\"es\",\"potentialAction\":[{\"@type\":\"ReadAction\",\"target\":[\"https:\\\/\\\/corodelteatrovillamarta.org\\\/index.php\\\/event\\\/dona-francisquita-2\\\/\"]}]},{\"@type\":\"ImageObject\",\"inLanguage\":\"es\",\"@id\":\"https:\\\/\\\/corodelteatrovillamarta.org\\\/index.php\\\/event\\\/dona-francisquita-2\\\/#primaryimage\",\"url\":\"https:\\\/\\\/www.teatrovillamarta.es\\\/fileadmin\\\/Image_Archive\\\/Villamarta\\\/FOTOGRAFIAS_ESPECTACULOS\\\/TEMPORADA_22_23\\\/donafrancisquita.jpg\",\"contentUrl\":\"https:\\\/\\\/www.teatrovillamarta.es\\\/fileadmin\\\/Image_Archive\\\/Villamarta\\\/FOTOGRAFIAS_ESPECTACULOS\\\/TEMPORADA_22_23\\\/donafrancisquita.jpg\"},{\"@type\":\"BreadcrumbList\",\"@id\":\"https:\\\/\\\/corodelteatrovillamarta.org\\\/index.php\\\/event\\\/dona-francisquita-2\\\/#breadcrumb\",\"itemListElement\":[{\"@type\":\"ListItem\",\"position\":1,\"name\":\"Portada\",\"item\":\"https:\\\/\\\/corodelteatrovillamarta.org\\\/\"},{\"@type\":\"ListItem\",\"position\":2,\"name\":\"Eventos\",\"item\":\"https:\\\/\\\/corodelteatrovillamarta.org\\\/index.php\\\/events\\\/\"},{\"@type\":\"ListItem\",\"position\":3,\"name\":\"Do\u00f1a Francisquita (A. Vives)\"}]},{\"@type\":\"WebSite\",\"@id\":\"https:\\\/\\\/corodelteatrovillamarta.org\\\/#website\",\"url\":\"https:\\\/\\\/corodelteatrovillamarta.org\\\/\",\"name\":\"Coro del Teatro Villamarta\",\"description\":\"Web oficial de la Asociaci\u00f3n Cultural Coro del Teatro Villamarta\",\"publisher\":{\"@id\":\"https:\\\/\\\/corodelteatrovillamarta.org\\\/#organization\"},\"potentialAction\":[{\"@type\":\"SearchAction\",\"target\":{\"@type\":\"EntryPoint\",\"urlTemplate\":\"https:\\\/\\\/corodelteatrovillamarta.org\\\/?s={search_term_string}\"},\"query-input\":{\"@type\":\"PropertyValueSpecification\",\"valueRequired\":true,\"valueName\":\"search_term_string\"}}],\"inLanguage\":\"es\"},{\"@type\":\"Organization\",\"@id\":\"https:\\\/\\\/corodelteatrovillamarta.org\\\/#organization\",\"name\":\"Asociaci\u00f3n Cultural Coro del Teatro Villamarta\",\"url\":\"https:\\\/\\\/corodelteatrovillamarta.org\\\/\",\"logo\":{\"@type\":\"ImageObject\",\"inLanguage\":\"es\",\"@id\":\"https:\\\/\\\/corodelteatrovillamarta.org\\\/#\\\/schema\\\/logo\\\/image\\\/\",\"url\":\"https:\\\/\\\/corodelteatrovillamarta.org\\\/wp-content\\\/uploads\\\/2022\\\/03\\\/Logosimbolo1-1.png\",\"contentUrl\":\"https:\\\/\\\/corodelteatrovillamarta.org\\\/wp-content\\\/uploads\\\/2022\\\/03\\\/Logosimbolo1-1.png\",\"width\":464,\"height\":141,\"caption\":\"Asociaci\u00f3n Cultural Coro del Teatro Villamarta\"},\"image\":{\"@id\":\"https:\\\/\\\/corodelteatrovillamarta.org\\\/#\\\/schema\\\/logo\\\/image\\\/\"},\"sameAs\":[\"https:\\\/\\\/www.facebook.com\\\/CorodelTeatroVillamarta\",\"https:\\\/\\\/www.instagram.com\\\/corodelteatrovillamarta\\\/\",\"https:\\\/\\\/www.youtube.com\\\/@corodelteatrovillamarta4326\"]}]}<\/script>\n<!-- \/ Yoast SEO plugin. -->","yoast_head_json":{"title":"Do\u00f1a Francisquita (A. Vives) - Coro del Teatro Villamarta","robots":{"index":"index","follow":"follow","max-snippet":"max-snippet:-1","max-image-preview":"max-image-preview:large","max-video-preview":"max-video-preview:-1"},"canonical":"https:\/\/corodelteatrovillamarta.org\/index.php\/event\/dona-francisquita-2\/","og_locale":"es_ES","og_type":"article","og_title":"Do\u00f1a Francisquita (A. Vives) - Coro del Teatro Villamarta","og_description":"ROC\u00cdO P\u00c9REZ &#8211; LEONARDO S\u00c1NCHEZ &#8211; JOS\u00c9 MANUEL ZAPATA CRISTINA DEL BARRIO &#8211; ENRIC MART\u00cdNEZ CASTIGNANI C\u00c9SAR SAN MART\u00cdN &#8211; LUC\u00cdA MILL\u00c1N CORO DEL TEATRO VILLAMARTA ORQUESTA FILARM\u00d3NICA DE M\u00c1LAGA [&hellip;]","og_url":"https:\/\/corodelteatrovillamarta.org\/index.php\/event\/dona-francisquita-2\/","og_site_name":"Coro del Teatro Villamarta","article_publisher":"https:\/\/www.facebook.com\/CorodelTeatroVillamarta","article_modified_time":"2022-07-27T12:24:16+00:00","og_image":[{"url":"https:\/\/www.teatrovillamarta.es\/fileadmin\/Image_Archive\/Villamarta\/FOTOGRAFIAS_ESPECTACULOS\/TEMPORADA_22_23\/donafrancisquita.jpg","type":"","width":"","height":""}],"twitter_card":"summary_large_image","twitter_misc":{"Tiempo de lectura":"1 minuto"},"schema":{"@context":"https:\/\/schema.org","@graph":[{"@type":"WebPage","@id":"https:\/\/corodelteatrovillamarta.org\/index.php\/event\/dona-francisquita-2\/","url":"https:\/\/corodelteatrovillamarta.org\/index.php\/event\/dona-francisquita-2\/","name":"Do\u00f1a Francisquita (A. Vives) - Coro del Teatro Villamarta","isPartOf":{"@id":"https:\/\/corodelteatrovillamarta.org\/#website"},"primaryImageOfPage":{"@id":"https:\/\/corodelteatrovillamarta.org\/index.php\/event\/dona-francisquita-2\/#primaryimage"},"image":{"@id":"https:\/\/corodelteatrovillamarta.org\/index.php\/event\/dona-francisquita-2\/#primaryimage"},"thumbnailUrl":"https:\/\/www.teatrovillamarta.es\/fileadmin\/Image_Archive\/Villamarta\/FOTOGRAFIAS_ESPECTACULOS\/TEMPORADA_22_23\/donafrancisquita.jpg","datePublished":"2022-07-27T12:12:50+00:00","dateModified":"2022-07-27T12:24:16+00:00","breadcrumb":{"@id":"https:\/\/corodelteatrovillamarta.org\/index.php\/event\/dona-francisquita-2\/#breadcrumb"},"inLanguage":"es","potentialAction":[{"@type":"ReadAction","target":["https:\/\/corodelteatrovillamarta.org\/index.php\/event\/dona-francisquita-2\/"]}]},{"@type":"ImageObject","inLanguage":"es","@id":"https:\/\/corodelteatrovillamarta.org\/index.php\/event\/dona-francisquita-2\/#primaryimage","url":"https:\/\/www.teatrovillamarta.es\/fileadmin\/Image_Archive\/Villamarta\/FOTOGRAFIAS_ESPECTACULOS\/TEMPORADA_22_23\/donafrancisquita.jpg","contentUrl":"https:\/\/www.teatrovillamarta.es\/fileadmin\/Image_Archive\/Villamarta\/FOTOGRAFIAS_ESPECTACULOS\/TEMPORADA_22_23\/donafrancisquita.jpg"},{"@type":"BreadcrumbList","@id":"https:\/\/corodelteatrovillamarta.org\/index.php\/event\/dona-francisquita-2\/#breadcrumb","itemListElement":[{"@type":"ListItem","position":1,"name":"Portada","item":"https:\/\/corodelteatrovillamarta.org\/"},{"@type":"ListItem","position":2,"name":"Eventos","item":"https:\/\/corodelteatrovillamarta.org\/index.php\/events\/"},{"@type":"ListItem","position":3,"name":"Do\u00f1a Francisquita (A. Vives)"}]},{"@type":"WebSite","@id":"https:\/\/corodelteatrovillamarta.org\/#website","url":"https:\/\/corodelteatrovillamarta.org\/","name":"Coro del Teatro Villamarta","description":"Web oficial de la Asociaci\u00f3n Cultural Coro del Teatro Villamarta","publisher":{"@id":"https:\/\/corodelteatrovillamarta.org\/#organization"},"potentialAction":[{"@type":"SearchAction","target":{"@type":"EntryPoint","urlTemplate":"https:\/\/corodelteatrovillamarta.org\/?s={search_term_string}"},"query-input":{"@type":"PropertyValueSpecification","valueRequired":true,"valueName":"search_term_string"}}],"inLanguage":"es"},{"@type":"Organization","@id":"https:\/\/corodelteatrovillamarta.org\/#organization","name":"Asociaci\u00f3n Cultural Coro del Teatro Villamarta","url":"https:\/\/corodelteatrovillamarta.org\/","logo":{"@type":"ImageObject","inLanguage":"es","@id":"https:\/\/corodelteatrovillamarta.org\/#\/schema\/logo\/image\/","url":"https:\/\/corodelteatrovillamarta.org\/wp-content\/uploads\/2022\/03\/Logosimbolo1-1.png","contentUrl":"https:\/\/corodelteatrovillamarta.org\/wp-content\/uploads\/2022\/03\/Logosimbolo1-1.png","width":464,"height":141,"caption":"Asociaci\u00f3n Cultural Coro del Teatro Villamarta"},"image":{"@id":"https:\/\/corodelteatrovillamarta.org\/#\/schema\/logo\/image\/"},"sameAs":["https:\/\/www.facebook.com\/CorodelTeatroVillamarta","https:\/\/www.instagram.com\/corodelteatrovillamarta\/","https:\/\/www.youtube.com\/@corodelteatrovillamarta4326"]}]}},"_links":{"self":[{"href":"https:\/\/corodelteatrovillamarta.org\/index.php\/wp-json\/wp\/v2\/tribe_events\/1827","targetHints":{"allow":["GET"]}}],"collection":[{"href":"https:\/\/corodelteatrovillamarta.org\/index.php\/wp-json\/wp\/v2\/tribe_events"}],"about":[{"href":"https:\/\/corodelteatrovillamarta.org\/index.php\/wp-json\/wp\/v2\/types\/tribe_events"}],"author":[{"embeddable":true,"href":"https:\/\/corodelteatrovillamarta.org\/index.php\/wp-json\/wp\/v2\/users\/2"}],"version-history":[{"count":2,"href":"https:\/\/corodelteatrovillamarta.org\/index.php\/wp-json\/wp\/v2\/tribe_events\/1827\/revisions"}],"predecessor-version":[{"id":1836,"href":"https:\/\/corodelteatrovillamarta.org\/index.php\/wp-json\/wp\/v2\/tribe_events\/1827\/revisions\/1836"}],"wp:attachment":[{"href":"https:\/\/corodelteatrovillamarta.org\/index.php\/wp-json\/wp\/v2\/media?parent=1827"}],"wp:term":[{"taxonomy":"post_tag","embeddable":true,"href":"https:\/\/corodelteatrovillamarta.org\/index.php\/wp-json\/wp\/v2\/tags?post=1827"},{"taxonomy":"tribe_events_cat","embeddable":true,"href":"https:\/\/corodelteatrovillamarta.org\/index.php\/wp-json\/wp\/v2\/tribe_events_cat?post=1827"}],"curies":[{"name":"wp","href":"https:\/\/api.w.org\/{rel}","templated":true}]}}