{"id":2078,"date":"2025-08-28T18:53:09","date_gmt":"2025-08-28T17:53:09","guid":{"rendered":"https:\/\/corodelteatrovillamarta.org\/?post_type=tribe_events&#038;p=2078"},"modified":"2025-08-28T18:54:11","modified_gmt":"2025-08-28T17:54:11","slug":"don-gil-de-alcala-2","status":"publish","type":"tribe_events","link":"https:\/\/corodelteatrovillamarta.org\/index.php\/event\/don-gil-de-alcala-2\/","title":{"rendered":"DON GIL DE ALCAL\u00c1"},"content":{"rendered":"<div  class=\"tribe-events-schedule tribe-clearfix\" >\n\t<p class=\"tribe-events-schedule__datetime\">\n\t\t<span class=\"tribe-events-schedule__date tribe-events-schedule__date--start\">\n\t\t\t23 23+01:00 noviembre 23+01:00 2025\t\t<\/span>\n\n\t\t\t\t\t<span class=\"tribe-events-schedule__separator tribe-events-schedule__separator--date\">\n\t\t\t\t @ \t\t\t<\/span>\n\t\t\t<span class=\"tribe-events-schedule__time tribe-events-schedule__time--start\">\n\t\t\t\t18:00\t\t\t<\/span>\n\t\t\n\t\t\t\t\t\t\t\t\t<span class=\"tribe-events-schedule__separator tribe-events-schedule__separator--time\">\n\t\t\t\t\t &#8211; \t\t\t\t<\/span>\n\t\t\t\n\t\t\t\t\t\t\t<span class=\"tribe-events-schedule__time tribe-events-schedule__time--end\">\n\t\t\t\t\t21:00\t\t\t\t<\/span>\n\t\t\t\n\t\t\t\t\t\t<\/p>\n<\/div>\n\n\n\n<p>Autor <strong>M. PENELLA<\/strong><\/p>\n\n\n\n<p>Producci\u00f3n del <strong>Teatro Campoamor &#8211; Fundaci\u00f3n Municipal de Cultura del Ayuntamiento de Oviedo<\/strong> (2017)<\/p>\n\n\n\n<p><strong>CECILIA BERCOVICH<\/strong>, direcci\u00f3n musical<br><strong>EMILIO SAGI<\/strong>, direcci\u00f3n de escena<br><strong>NURIA CASTEJ\u00d3N,<\/strong> direcci\u00f3n de reposici\u00f3n y coreograf\u00eda<br><strong>DANIEL BIANCO<\/strong>, escenograf\u00eda<br><strong>EDUARDO BRAVO<\/strong>, iluminaci\u00f3n<br><strong>PEPA OJANGUREN<\/strong>, vestuario<br><strong>ANUSCHKA BRAUN<\/strong>, restauraci\u00f3n de vestuario<br><strong>MARTA BEN\u00cdTEZ<\/strong>, direcci\u00f3n de coro<\/p>\n\n\n\n<p><strong>MARC SALA<\/strong>, Don Gil<br><strong>SOF\u00cdA ESPARZA<\/strong>, Ni\u00f1a Estrella<br><strong>MANUEL DE DIEGO<\/strong>, Chamaco<br><strong>ZAYRA RUIZ<\/strong>, Maya<br><strong>CARLOS DAZA<\/strong>, Don Diego<br><strong>RUBEN AMORETTI<\/strong>, Sargento Carrasquilla<br><strong>DAVID RUBIERA<\/strong>, Gobernador<br><strong>LETICIA RODR\u00cdGUEZ<\/strong>, Madre abadesa<br><strong>GONZALO RUIZ<\/strong>, Padre Magistral<br><strong>GREGORIO GARC\u00cdA<\/strong>, Virrey<br><strong>ALEJANDRO OTERO,<\/strong> Maestro de Ceremonias<br><br><strong>CORO DEL TEATRO VILLAMARTA<br>ORQUESTA CIUDAD DE GRANADA<\/strong><\/p>\n\n\n\n<p>La \u00f3pera c\u00f3mica de Manuel Penella llega al coliseo jerezano bajo la direcci\u00f3n esc\u00e9nica de Emilio Sagi. La trama se inspira el El s\u00ed de las ni\u00f1as, de Morat\u00edn, con una c\u00e1ndida historia de amor entre dos j\u00f3venes -Ni\u00f1a Estrella y Don Gil- que se ve entorpecida por un tercero en discordia, pero la complicidad de los sirvientes y el p\u00edcaro sargento, que canta al vino de Jerez, perfilan una obra de trazo elegante. Un neoclasicismo musical a la espa\u00f1ola con aires del virreinato de Nueva Espa\u00f1a que mezcla lo hilarante con la enorme belleza de su m\u00fasica.<\/p>\n\n\n<div  class=\"tribe-block tribe-block__event-price\" >\n\t\t<\/div>\n\n\n\n\n<div  class=\"tribe-block tribe-block__venue tribe-clearfix\" >\n\t\n\t\t\n\t<\/div>\n\n\n<div  class=\"tribe-block tribe-block__event-website\" >\n\t<a\n\t\thref=\"https:\/\/www.teatrovillamarta.es\/evento-simple-villamarta\/don-gil-de-alcala-1\"\n\t\ttarget=\"_self\"\n\t\t\t>\n\t\tM\u00e1s informaci\u00f3n\t<\/a>\n<\/div>\n\n\n\t<div  class=\"tribe-block tribe-block__events-link\" >\n\t\t<div class=\"tribe-events tribe-common\">\n\t\t\t<div class=\"tribe-events-c-subscribe-dropdown__container\">\n\t\t\t\t<div class=\"tribe-events-c-subscribe-dropdown\">\n\t\t\t\t\t<div class=\"tribe-common-c-btn-border tribe-events-c-subscribe-dropdown__button\">\n\t\t\t\t\t\t<svg\n\t class=\"tribe-common-c-svgicon tribe-common-c-svgicon--cal-export tribe-events-c-subscribe-dropdown__export-icon\" \taria-hidden=\"true\"\n\tviewBox=\"0 0 23 17\"\n\txmlns=\"http:\/\/www.w3.org\/2000\/svg\"\n>\n\t<path fill-rule=\"evenodd\" clip-rule=\"evenodd\" d=\"M.128.896V16.13c0 .211.145.383.323.383h15.354c.179 0 .323-.172.323-.383V.896c0-.212-.144-.383-.323-.383H.451C.273.513.128.684.128.896Zm16 6.742h-.901V4.679H1.009v10.729h14.218v-3.336h.901V7.638ZM1.01 1.614h14.218v2.058H1.009V1.614Z\" \/>\n\t<path d=\"M20.5 9.846H8.312M18.524 6.953l2.89 2.909-2.855 2.855\" stroke-width=\"1.2\" stroke-linecap=\"round\" stroke-linejoin=\"round\"\/>\n<\/svg>\n\t\t\t\t\t\t<button\n\t\t\t\t\t\t\tclass=\"tribe-events-c-subscribe-dropdown__button-text\"\n\t\t\t\t\t\t\taria-expanded=\"false\"\n\t\t\t\t\t\t\taria-controls=\"tribe-events-subscribe-dropdown-content\"\n\t\t\t\t\t\t\taria-label=\"Ver enlaces para a\u00f1adir eventos al calendario\"\n\t\t\t\t\t\t>\n\t\t\t\t\t\t\tA\u00f1adir al calendario\t\t\t\t\t\t<\/button>\n\t\t\t\t\t\t<svg\n\t class=\"tribe-common-c-svgicon tribe-common-c-svgicon--caret-down tribe-events-c-subscribe-dropdown__button-icon\" \taria-hidden=\"true\"\n\tviewBox=\"0 0 10 7\"\n\txmlns=\"http:\/\/www.w3.org\/2000\/svg\"\n>\n\t<path fill-rule=\"evenodd\" clip-rule=\"evenodd\" d=\"M1.008.609L5 4.6 8.992.61l.958.958L5 6.517.05 1.566l.958-.958z\" class=\"tribe-common-c-svgicon__svg-fill\"\/>\n<\/svg>\n\t\t\t\t\t<\/div>\n\t\t\t\t\t<div id=\"tribe-events-subscribe-dropdown-content\" class=\"tribe-events-c-subscribe-dropdown__content\">\n\t\t\t\t\t\t<ul class=\"tribe-events-c-subscribe-dropdown__list\">\n\t\t\t\t\t\t\t\t\t\t\t\t\t\t\t<li class=\"tribe-events-c-subscribe-dropdown__list-item tribe-events-c-subscribe-dropdown__list-item--gcal\">\n\t\t\t\t\t\t\t\t\t<a\n\t\t\t\t\t\t\t\t\t\thref=\"https:\/\/www.google.com\/calendar\/event?action=TEMPLATE&#038;dates=20251123T180000\/20251123T210000&#038;text=DON%20GIL%20DE%20ALCAL%C3%81&#038;details=%3Cp%3EAutor+%3Cstrong%3EM.+PENELLA%3C%2Fstrong%3E%3C%2Fp%3E+%3Cp%3EProducci%C3%B3n+del+%3Cstrong%3ETeatro+Campoamor+-+Fundaci%C3%B3n+Municipal+de+Cultura+del+Ayuntamiento+de+Oviedo%3C%2Fstrong%3E+%282017%29%3C%2Fp%3E+%3Cp%3E%3Cstrong%3ECECILIA+BERCOVICH%3C%2Fstrong%3E%2C+direcci%C3%B3n+musical%3Cbr+%2F%3E%3Cstrong%3EEMILIO+SAGI%3C%2Fstrong%3E%2C+direcci%C3%B3n+de+escena%3Cbr+%2F%3E%3Cstrong%3ENURIA+CASTEJ%C3%93N%2C%3C%2Fstrong%3E+direcci%C3%B3n+de+reposici%C3%B3n+y+coreograf%C3%ADa%3Cbr+%2F%3E%3Cstrong%3EDANIEL+BIANCO%3C%2Fstrong%3E%2C+escenograf%C3%ADa%3Cbr+%2F%3E%3Cstrong%3EEDUARDO+BRAVO%3C%2Fstrong%3E%2C+iluminaci%C3%B3n%3Cbr+%2F%3E%3Cstrong%3EPEPA+OJANGUREN%3C%2Fstrong%3E%2C+vestuario%3Cbr+%2F%3E%3Cstrong%3EANUSCHKA+BRAUN%3C%2Fstrong%3E%2C+restauraci%C3%B3n+de+vestuario%3Cbr+%2F%3E%3Cstrong%3EMARTA+BEN%C3%8DTEZ%3C%2Fstrong%3E%2C+direcci%C3%B3n+de+coro%3C%2Fp%3E+%3Cp%3E%3Cstrong%3EMARC+SALA%3C%2Fstrong%3E%2C+Don+Gil%3Cbr+%2F%3E%3Cstrong%3ESOF%C3%8DA+ESPARZA%3C%2Fstrong%3E%2C+Ni%C3%B1a+Estrella%3Cbr+%2F%3E%3Cstrong%3EMANUEL+DE+DIEGO%3C%2Fstrong%3E%2C+Chamaco%3Cbr+%2F%3E%3Cstrong%3EZAYRA+RUIZ%3C%2Fstrong%3E%2C+Maya%3Cbr+%2F%3E%3Cstrong%3ECARLOS+DAZA%3C%2Fstrong%3E%2C+Don+Diego%3Cbr+%2F%3E%3Cstrong%3ERUBEN+AMORETTI%3C%2Fstrong%3E%2C+Sargento+Carrasquilla%3Cbr+%2F%3E%3Cstrong%3EDAVID+RUBIERA%3C%2Fstrong%3E%2C+Gobernador%3Cbr+%2F%3E%3Cstrong%3ELETICIA+RODR%C3%8DGUEZ%3C%2Fstrong%3E%2C+M%3C%2Fp%3E+%28Ver+aqu%C3%AD+la+descripci%C3%B3n+completa+de+evento%3A+https%3A%2F%2Fcorodelteatrovillamarta.org%2Findex.php%2Fevent%2Fdon-gil-de-alcala-2%2F%29&#038;trp=false&#038;ctz=UTC+1&#038;sprop=website:https:\/\/corodelteatrovillamarta.org\"\n\t\t\t\t\t\t\t\t\t\tclass=\"tribe-events-c-subscribe-dropdown__list-item-link\"\n\t\t\t\t\t\t\t\t\t\ttarget=\"_blank\"\n\t\t\t\t\t\t\t\t\t\trel=\"noopener noreferrer nofollow noindex\"\n\t\t\t\t\t\t\t\t\t>\n\t\t\t\t\t\t\t\t\t\tGoogle Calendar\t\t\t\t\t\t\t\t\t<\/a>\n\t\t\t\t\t\t\t\t<\/li>\n\t\t\t\t\t\t\t\t\t\t\t\t\t\t\t<li class=\"tribe-events-c-subscribe-dropdown__list-item tribe-events-c-subscribe-dropdown__list-item--ical\">\n\t\t\t\t\t\t\t\t\t<a\n\t\t\t\t\t\t\t\t\t\thref=\"\"\n\t\t\t\t\t\t\t\t\t\tclass=\"tribe-events-c-subscribe-dropdown__list-item-link\"\n\t\t\t\t\t\t\t\t\t\ttarget=\"_blank\"\n\t\t\t\t\t\t\t\t\t\trel=\"noopener noreferrer nofollow noindex\"\n\t\t\t\t\t\t\t\t\t>\n\t\t\t\t\t\t\t\t\t\tiCalendar\t\t\t\t\t\t\t\t\t<\/a>\n\t\t\t\t\t\t\t\t<\/li>\n\t\t\t\t\t\t\t\t\t\t\t\t\t\t\t<li class=\"tribe-events-c-subscribe-dropdown__list-item tribe-events-c-subscribe-dropdown__list-item--outlook-365\">\n\t\t\t\t\t\t\t\t\t<a\n\t\t\t\t\t\t\t\t\t\thref=\"\"\n\t\t\t\t\t\t\t\t\t\tclass=\"tribe-events-c-subscribe-dropdown__list-item-link\"\n\t\t\t\t\t\t\t\t\t\ttarget=\"_blank\"\n\t\t\t\t\t\t\t\t\t\trel=\"noopener noreferrer nofollow noindex\"\n\t\t\t\t\t\t\t\t\t>\n\t\t\t\t\t\t\t\t\t\tOutlook 365\t\t\t\t\t\t\t\t\t<\/a>\n\t\t\t\t\t\t\t\t<\/li>\n\t\t\t\t\t\t\t\t\t\t\t\t\t\t\t<li class=\"tribe-events-c-subscribe-dropdown__list-item tribe-events-c-subscribe-dropdown__list-item--outlook-live\">\n\t\t\t\t\t\t\t\t\t<a\n\t\t\t\t\t\t\t\t\t\thref=\"\"\n\t\t\t\t\t\t\t\t\t\tclass=\"tribe-events-c-subscribe-dropdown__list-item-link\"\n\t\t\t\t\t\t\t\t\t\ttarget=\"_blank\"\n\t\t\t\t\t\t\t\t\t\trel=\"noopener noreferrer nofollow noindex\"\n\t\t\t\t\t\t\t\t\t>\n\t\t\t\t\t\t\t\t\t\tOutlook Live\t\t\t\t\t\t\t\t\t<\/a>\n\t\t\t\t\t\t\t\t<\/li>\n\t\t\t\t\t\t\t\t\t\t\t\t\t<\/ul>\n\t\t\t\t\t<\/div>\n\t\t\t\t<\/div>\n\t\t\t<\/div>\n\t\t<\/div>\n\t<\/div>\n\n","protected":false},"excerpt":{"rendered":"<p>Autor M. PENELLA Producci\u00f3n del Teatro Campoamor &#8211; Fundaci\u00f3n Municipal de Cultura del Ayuntamiento de Oviedo (2017) CECILIA BERCOVICH, direcci\u00f3n musicalEMILIO SAGI, direcci\u00f3n de escenaNURIA CASTEJ\u00d3N, direcci\u00f3n de reposici\u00f3n y [&hellip;]<\/p>\n","protected":false},"author":1,"featured_media":2080,"template":"","meta":{"_monsterinsights_skip_tracking":false,"_monsterinsights_sitenote_active":false,"_monsterinsights_sitenote_note":"","_monsterinsights_sitenote_category":0,"_EventAllDay":false,"_EventTimezone":"UTC+1","_EventStartDate":"2025-11-23 18:00:00","_EventEndDate":"2025-11-23 21:00:00","_EventStartDateUTC":"2025-11-23 17:00:00","_EventEndDateUTC":"2025-11-23 20:00:00","_EventShowMap":false,"_EventShowMapLink":false,"_EventURL":"https:\/\/www.teatrovillamarta.es\/evento-simple-villamarta\/don-gil-de-alcala-1","_EventCost":"","_EventCostDescription":"","_EventCurrencySymbol":"$","_EventCurrencyCode":"USD","_EventCurrencyPosition":"prefix","_EventDateTimeSeparator":" @ ","_EventTimeRangeSeparator":" - ","_EventOrganizerID":[],"_EventVenueID":[],"_OrganizerEmail":"","_OrganizerPhone":"","_OrganizerWebsite":"","_VenueAddress":"","_VenueCity":"","_VenueCountry":"","_VenueProvince":"","_VenueState":"","_VenueZip":"","_VenuePhone":"","_VenueURL":"","_VenueStateProvince":"","_VenueLat":"","_VenueLng":"","_VenueShowMap":false,"_VenueShowMapLink":false,"_tribe_events_status":"","_tribe_events_status_reason":"","footnotes":""},"tags":[],"tribe_events_cat":[],"class_list":["post-2078","tribe_events","type-tribe_events","status-publish","has-post-thumbnail","hentry"],"yoast_head":"<!-- This site is optimized with the Yoast SEO plugin v27.5 - https:\/\/yoast.com\/product\/yoast-seo-wordpress\/ -->\n<title>DON GIL DE ALCAL\u00c1 - Coro del Teatro Villamarta<\/title>\n<meta name=\"robots\" content=\"index, follow, max-snippet:-1, max-image-preview:large, max-video-preview:-1\" \/>\n<link rel=\"canonical\" href=\"https:\/\/corodelteatrovillamarta.org\/index.php\/event\/don-gil-de-alcala-2\/\" \/>\n<meta property=\"og:locale\" content=\"es_ES\" \/>\n<meta property=\"og:type\" content=\"article\" \/>\n<meta property=\"og:title\" content=\"DON GIL DE ALCAL\u00c1 - Coro del Teatro Villamarta\" \/>\n<meta property=\"og:description\" content=\"Autor M. PENELLA Producci\u00f3n del Teatro Campoamor &#8211; Fundaci\u00f3n Municipal de Cultura del Ayuntamiento de Oviedo (2017) CECILIA BERCOVICH, direcci\u00f3n musicalEMILIO SAGI, direcci\u00f3n de escenaNURIA CASTEJ\u00d3N, direcci\u00f3n de reposici\u00f3n y [&hellip;]\" \/>\n<meta property=\"og:url\" content=\"https:\/\/corodelteatrovillamarta.org\/index.php\/event\/don-gil-de-alcala-2\/\" \/>\n<meta property=\"og:site_name\" content=\"Coro del Teatro Villamarta\" \/>\n<meta property=\"article:publisher\" content=\"https:\/\/www.facebook.com\/CorodelTeatroVillamarta\" \/>\n<meta property=\"article:modified_time\" content=\"2025-08-28T17:54:11+00:00\" \/>\n<meta property=\"og:image\" content=\"https:\/\/corodelteatrovillamarta.org\/wp-content\/uploads\/2025\/08\/don-gil-de-alcala-2.jpg\" \/>\n\t<meta property=\"og:image:width\" content=\"2000\" \/>\n\t<meta property=\"og:image:height\" content=\"1085\" \/>\n\t<meta property=\"og:image:type\" content=\"image\/jpeg\" \/>\n<meta name=\"twitter:card\" content=\"summary_large_image\" \/>\n<meta name=\"twitter:label1\" content=\"Tiempo de lectura\" \/>\n\t<meta name=\"twitter:data1\" content=\"2 minutos\" \/>\n<script type=\"application\/ld+json\" class=\"yoast-schema-graph\">{\"@context\":\"https:\\\/\\\/schema.org\",\"@graph\":[{\"@type\":\"WebPage\",\"@id\":\"https:\\\/\\\/corodelteatrovillamarta.org\\\/index.php\\\/event\\\/don-gil-de-alcala-2\\\/\",\"url\":\"https:\\\/\\\/corodelteatrovillamarta.org\\\/index.php\\\/event\\\/don-gil-de-alcala-2\\\/\",\"name\":\"DON GIL DE ALCAL\u00c1 - Coro del Teatro Villamarta\",\"isPartOf\":{\"@id\":\"https:\\\/\\\/corodelteatrovillamarta.org\\\/#website\"},\"primaryImageOfPage\":{\"@id\":\"https:\\\/\\\/corodelteatrovillamarta.org\\\/index.php\\\/event\\\/don-gil-de-alcala-2\\\/#primaryimage\"},\"image\":{\"@id\":\"https:\\\/\\\/corodelteatrovillamarta.org\\\/index.php\\\/event\\\/don-gil-de-alcala-2\\\/#primaryimage\"},\"thumbnailUrl\":\"https:\\\/\\\/corodelteatrovillamarta.org\\\/wp-content\\\/uploads\\\/2025\\\/08\\\/don-gil-de-alcala-2.jpg\",\"datePublished\":\"2025-08-28T17:53:09+00:00\",\"dateModified\":\"2025-08-28T17:54:11+00:00\",\"breadcrumb\":{\"@id\":\"https:\\\/\\\/corodelteatrovillamarta.org\\\/index.php\\\/event\\\/don-gil-de-alcala-2\\\/#breadcrumb\"},\"inLanguage\":\"es\",\"potentialAction\":[{\"@type\":\"ReadAction\",\"target\":[\"https:\\\/\\\/corodelteatrovillamarta.org\\\/index.php\\\/event\\\/don-gil-de-alcala-2\\\/\"]}]},{\"@type\":\"ImageObject\",\"inLanguage\":\"es\",\"@id\":\"https:\\\/\\\/corodelteatrovillamarta.org\\\/index.php\\\/event\\\/don-gil-de-alcala-2\\\/#primaryimage\",\"url\":\"https:\\\/\\\/corodelteatrovillamarta.org\\\/wp-content\\\/uploads\\\/2025\\\/08\\\/don-gil-de-alcala-2.jpg\",\"contentUrl\":\"https:\\\/\\\/corodelteatrovillamarta.org\\\/wp-content\\\/uploads\\\/2025\\\/08\\\/don-gil-de-alcala-2.jpg\",\"width\":2000,\"height\":1085},{\"@type\":\"BreadcrumbList\",\"@id\":\"https:\\\/\\\/corodelteatrovillamarta.org\\\/index.php\\\/event\\\/don-gil-de-alcala-2\\\/#breadcrumb\",\"itemListElement\":[{\"@type\":\"ListItem\",\"position\":1,\"name\":\"Portada\",\"item\":\"https:\\\/\\\/corodelteatrovillamarta.org\\\/\"},{\"@type\":\"ListItem\",\"position\":2,\"name\":\"Eventos\",\"item\":\"https:\\\/\\\/corodelteatrovillamarta.org\\\/index.php\\\/events\\\/\"},{\"@type\":\"ListItem\",\"position\":3,\"name\":\"DON GIL DE ALCAL\u00c1\"}]},{\"@type\":\"WebSite\",\"@id\":\"https:\\\/\\\/corodelteatrovillamarta.org\\\/#website\",\"url\":\"https:\\\/\\\/corodelteatrovillamarta.org\\\/\",\"name\":\"Coro del Teatro Villamarta\",\"description\":\"Web oficial de la Asociaci\u00f3n Cultural Coro del Teatro Villamarta\",\"publisher\":{\"@id\":\"https:\\\/\\\/corodelteatrovillamarta.org\\\/#organization\"},\"potentialAction\":[{\"@type\":\"SearchAction\",\"target\":{\"@type\":\"EntryPoint\",\"urlTemplate\":\"https:\\\/\\\/corodelteatrovillamarta.org\\\/?s={search_term_string}\"},\"query-input\":{\"@type\":\"PropertyValueSpecification\",\"valueRequired\":true,\"valueName\":\"search_term_string\"}}],\"inLanguage\":\"es\"},{\"@type\":\"Organization\",\"@id\":\"https:\\\/\\\/corodelteatrovillamarta.org\\\/#organization\",\"name\":\"Asociaci\u00f3n Cultural Coro del Teatro Villamarta\",\"url\":\"https:\\\/\\\/corodelteatrovillamarta.org\\\/\",\"logo\":{\"@type\":\"ImageObject\",\"inLanguage\":\"es\",\"@id\":\"https:\\\/\\\/corodelteatrovillamarta.org\\\/#\\\/schema\\\/logo\\\/image\\\/\",\"url\":\"https:\\\/\\\/corodelteatrovillamarta.org\\\/wp-content\\\/uploads\\\/2022\\\/03\\\/Logosimbolo1-1.png\",\"contentUrl\":\"https:\\\/\\\/corodelteatrovillamarta.org\\\/wp-content\\\/uploads\\\/2022\\\/03\\\/Logosimbolo1-1.png\",\"width\":464,\"height\":141,\"caption\":\"Asociaci\u00f3n Cultural Coro del Teatro Villamarta\"},\"image\":{\"@id\":\"https:\\\/\\\/corodelteatrovillamarta.org\\\/#\\\/schema\\\/logo\\\/image\\\/\"},\"sameAs\":[\"https:\\\/\\\/www.facebook.com\\\/CorodelTeatroVillamarta\",\"https:\\\/\\\/www.instagram.com\\\/corodelteatrovillamarta\\\/\",\"https:\\\/\\\/www.youtube.com\\\/@corodelteatrovillamarta4326\"]}]}<\/script>\n<!-- \/ Yoast SEO plugin. -->","yoast_head_json":{"title":"DON GIL DE ALCAL\u00c1 - Coro del Teatro Villamarta","robots":{"index":"index","follow":"follow","max-snippet":"max-snippet:-1","max-image-preview":"max-image-preview:large","max-video-preview":"max-video-preview:-1"},"canonical":"https:\/\/corodelteatrovillamarta.org\/index.php\/event\/don-gil-de-alcala-2\/","og_locale":"es_ES","og_type":"article","og_title":"DON GIL DE ALCAL\u00c1 - Coro del Teatro Villamarta","og_description":"Autor M. PENELLA Producci\u00f3n del Teatro Campoamor &#8211; Fundaci\u00f3n Municipal de Cultura del Ayuntamiento de Oviedo (2017) CECILIA BERCOVICH, direcci\u00f3n musicalEMILIO SAGI, direcci\u00f3n de escenaNURIA CASTEJ\u00d3N, direcci\u00f3n de reposici\u00f3n y [&hellip;]","og_url":"https:\/\/corodelteatrovillamarta.org\/index.php\/event\/don-gil-de-alcala-2\/","og_site_name":"Coro del Teatro Villamarta","article_publisher":"https:\/\/www.facebook.com\/CorodelTeatroVillamarta","article_modified_time":"2025-08-28T17:54:11+00:00","og_image":[{"width":2000,"height":1085,"url":"https:\/\/corodelteatrovillamarta.org\/wp-content\/uploads\/2025\/08\/don-gil-de-alcala-2.jpg","type":"image\/jpeg"}],"twitter_card":"summary_large_image","twitter_misc":{"Tiempo de lectura":"2 minutos"},"schema":{"@context":"https:\/\/schema.org","@graph":[{"@type":"WebPage","@id":"https:\/\/corodelteatrovillamarta.org\/index.php\/event\/don-gil-de-alcala-2\/","url":"https:\/\/corodelteatrovillamarta.org\/index.php\/event\/don-gil-de-alcala-2\/","name":"DON GIL DE ALCAL\u00c1 - Coro del Teatro Villamarta","isPartOf":{"@id":"https:\/\/corodelteatrovillamarta.org\/#website"},"primaryImageOfPage":{"@id":"https:\/\/corodelteatrovillamarta.org\/index.php\/event\/don-gil-de-alcala-2\/#primaryimage"},"image":{"@id":"https:\/\/corodelteatrovillamarta.org\/index.php\/event\/don-gil-de-alcala-2\/#primaryimage"},"thumbnailUrl":"https:\/\/corodelteatrovillamarta.org\/wp-content\/uploads\/2025\/08\/don-gil-de-alcala-2.jpg","datePublished":"2025-08-28T17:53:09+00:00","dateModified":"2025-08-28T17:54:11+00:00","breadcrumb":{"@id":"https:\/\/corodelteatrovillamarta.org\/index.php\/event\/don-gil-de-alcala-2\/#breadcrumb"},"inLanguage":"es","potentialAction":[{"@type":"ReadAction","target":["https:\/\/corodelteatrovillamarta.org\/index.php\/event\/don-gil-de-alcala-2\/"]}]},{"@type":"ImageObject","inLanguage":"es","@id":"https:\/\/corodelteatrovillamarta.org\/index.php\/event\/don-gil-de-alcala-2\/#primaryimage","url":"https:\/\/corodelteatrovillamarta.org\/wp-content\/uploads\/2025\/08\/don-gil-de-alcala-2.jpg","contentUrl":"https:\/\/corodelteatrovillamarta.org\/wp-content\/uploads\/2025\/08\/don-gil-de-alcala-2.jpg","width":2000,"height":1085},{"@type":"BreadcrumbList","@id":"https:\/\/corodelteatrovillamarta.org\/index.php\/event\/don-gil-de-alcala-2\/#breadcrumb","itemListElement":[{"@type":"ListItem","position":1,"name":"Portada","item":"https:\/\/corodelteatrovillamarta.org\/"},{"@type":"ListItem","position":2,"name":"Eventos","item":"https:\/\/corodelteatrovillamarta.org\/index.php\/events\/"},{"@type":"ListItem","position":3,"name":"DON GIL DE ALCAL\u00c1"}]},{"@type":"WebSite","@id":"https:\/\/corodelteatrovillamarta.org\/#website","url":"https:\/\/corodelteatrovillamarta.org\/","name":"Coro del Teatro Villamarta","description":"Web oficial de la Asociaci\u00f3n Cultural Coro del Teatro Villamarta","publisher":{"@id":"https:\/\/corodelteatrovillamarta.org\/#organization"},"potentialAction":[{"@type":"SearchAction","target":{"@type":"EntryPoint","urlTemplate":"https:\/\/corodelteatrovillamarta.org\/?s={search_term_string}"},"query-input":{"@type":"PropertyValueSpecification","valueRequired":true,"valueName":"search_term_string"}}],"inLanguage":"es"},{"@type":"Organization","@id":"https:\/\/corodelteatrovillamarta.org\/#organization","name":"Asociaci\u00f3n Cultural Coro del Teatro Villamarta","url":"https:\/\/corodelteatrovillamarta.org\/","logo":{"@type":"ImageObject","inLanguage":"es","@id":"https:\/\/corodelteatrovillamarta.org\/#\/schema\/logo\/image\/","url":"https:\/\/corodelteatrovillamarta.org\/wp-content\/uploads\/2022\/03\/Logosimbolo1-1.png","contentUrl":"https:\/\/corodelteatrovillamarta.org\/wp-content\/uploads\/2022\/03\/Logosimbolo1-1.png","width":464,"height":141,"caption":"Asociaci\u00f3n Cultural Coro del Teatro Villamarta"},"image":{"@id":"https:\/\/corodelteatrovillamarta.org\/#\/schema\/logo\/image\/"},"sameAs":["https:\/\/www.facebook.com\/CorodelTeatroVillamarta","https:\/\/www.instagram.com\/corodelteatrovillamarta\/","https:\/\/www.youtube.com\/@corodelteatrovillamarta4326"]}]}},"_links":{"self":[{"href":"https:\/\/corodelteatrovillamarta.org\/index.php\/wp-json\/wp\/v2\/tribe_events\/2078","targetHints":{"allow":["GET"]}}],"collection":[{"href":"https:\/\/corodelteatrovillamarta.org\/index.php\/wp-json\/wp\/v2\/tribe_events"}],"about":[{"href":"https:\/\/corodelteatrovillamarta.org\/index.php\/wp-json\/wp\/v2\/types\/tribe_events"}],"author":[{"embeddable":true,"href":"https:\/\/corodelteatrovillamarta.org\/index.php\/wp-json\/wp\/v2\/users\/1"}],"version-history":[{"count":1,"href":"https:\/\/corodelteatrovillamarta.org\/index.php\/wp-json\/wp\/v2\/tribe_events\/2078\/revisions"}],"predecessor-version":[{"id":2079,"href":"https:\/\/corodelteatrovillamarta.org\/index.php\/wp-json\/wp\/v2\/tribe_events\/2078\/revisions\/2079"}],"wp:featuredmedia":[{"embeddable":true,"href":"https:\/\/corodelteatrovillamarta.org\/index.php\/wp-json\/wp\/v2\/media\/2080"}],"wp:attachment":[{"href":"https:\/\/corodelteatrovillamarta.org\/index.php\/wp-json\/wp\/v2\/media?parent=2078"}],"wp:term":[{"taxonomy":"post_tag","embeddable":true,"href":"https:\/\/corodelteatrovillamarta.org\/index.php\/wp-json\/wp\/v2\/tags?post=2078"},{"taxonomy":"tribe_events_cat","embeddable":true,"href":"https:\/\/corodelteatrovillamarta.org\/index.php\/wp-json\/wp\/v2\/tribe_events_cat?post=2078"}],"curies":[{"name":"wp","href":"https:\/\/api.w.org\/{rel}","templated":true}]}}