{"id":2081,"date":"2025-08-28T18:57:31","date_gmt":"2025-08-28T17:57:31","guid":{"rendered":"https:\/\/corodelteatrovillamarta.org\/?post_type=tribe_events&#038;p=2081"},"modified":"2025-08-28T18:57:32","modified_gmt":"2025-08-28T17:57:32","slug":"don-giovanni","status":"publish","type":"tribe_events","link":"https:\/\/corodelteatrovillamarta.org\/index.php\/event\/don-giovanni\/","title":{"rendered":"DON GIOVANNI"},"content":{"rendered":"<div  class=\"tribe-events-schedule tribe-clearfix\" >\n\t<p class=\"tribe-events-schedule__datetime\">\n\t\t<span class=\"tribe-events-schedule__date tribe-events-schedule__date--start\">\n\t\t\tmayo 29\t\t<\/span>\n\n\t\t\t\t\t<span class=\"tribe-events-schedule__separator tribe-events-schedule__separator--date\">\n\t\t\t\t @ \t\t\t<\/span>\n\t\t\t<span class=\"tribe-events-schedule__time tribe-events-schedule__time--start\">\n\t\t\t\t20:00\t\t\t<\/span>\n\t\t\n\t\t\t\t\t\t\t\t\t<span class=\"tribe-events-schedule__separator tribe-events-schedule__separator--time\">\n\t\t\t\t\t &#8211; \t\t\t\t<\/span>\n\t\t\t\n\t\t\t\t\t\t\t<span class=\"tribe-events-schedule__time tribe-events-schedule__time--end\">\n\t\t\t\t\t20:30\t\t\t\t<\/span>\n\t\t\t\n\t\t\t\t\t\t<\/p>\n<\/div>\n\n\n\n<p><strong>Producci\u00f3n de la \u00d3pera de Oviedo (2022)<\/strong><\/p>\n\n\n\n<p><strong>ELENA SALVATIERRA<\/strong>, direcci\u00f3n musical<br><strong>MARTA EGUILIOR<\/strong>, direcci\u00f3n de escena, escenograf\u00eda&nbsp;<br><strong>MARTA EGUILIOR Y RODRIGO ORTEGA<\/strong>, iluminaci\u00f3n<br><strong>BETITXE SAITUA<\/strong>, dise\u00f1o de vestuario<br><strong>MARTA BEN\u00cdTEZ, <\/strong>direcci\u00f3n de coro<br><br><strong>RAMIRO MATURANA<\/strong>, Don Giovanni<br><strong>RUBEN AMORETTI<\/strong>, Leporello<br><strong>MARIA REY-JOLY<\/strong>, Donna Anna<br><strong>BERNA PERLES<\/strong>, Donna Elvira<br><strong>JULI\u00c1N ENAO<\/strong>, Don Ottavio<br><strong>ALBA CHANTAR<\/strong>, Zerlina<br><strong>FRANCISCO BERMUDO<\/strong>, Masetto<br><strong>JULIO NOMDEDEU<\/strong>, Il Commendatore<br><br><strong>CORO DEL TEATRO VILLAMARTA<br>ORQUESTA DE C\u00d3RDOBA<\/strong><\/p>\n\n\n<div  class=\"tribe-block tribe-block__event-price\" >\n\t\t<\/div>\n\n\n\n\n<div  class=\"tribe-block tribe-block__venue tribe-clearfix\" >\n\t\n\t\t\n\t<\/div>\n\n\n\n\n\t<div  class=\"tribe-block tribe-block__events-link\" >\n\t\t<div class=\"tribe-events tribe-common\">\n\t\t\t<div class=\"tribe-events-c-subscribe-dropdown__container\">\n\t\t\t\t<div class=\"tribe-events-c-subscribe-dropdown\">\n\t\t\t\t\t<div class=\"tribe-common-c-btn-border tribe-events-c-subscribe-dropdown__button\">\n\t\t\t\t\t\t<svg\n\t class=\"tribe-common-c-svgicon tribe-common-c-svgicon--cal-export tribe-events-c-subscribe-dropdown__export-icon\" \taria-hidden=\"true\"\n\tviewBox=\"0 0 23 17\"\n\txmlns=\"http:\/\/www.w3.org\/2000\/svg\"\n>\n\t<path fill-rule=\"evenodd\" clip-rule=\"evenodd\" d=\"M.128.896V16.13c0 .211.145.383.323.383h15.354c.179 0 .323-.172.323-.383V.896c0-.212-.144-.383-.323-.383H.451C.273.513.128.684.128.896Zm16 6.742h-.901V4.679H1.009v10.729h14.218v-3.336h.901V7.638ZM1.01 1.614h14.218v2.058H1.009V1.614Z\" \/>\n\t<path d=\"M20.5 9.846H8.312M18.524 6.953l2.89 2.909-2.855 2.855\" stroke-width=\"1.2\" stroke-linecap=\"round\" stroke-linejoin=\"round\"\/>\n<\/svg>\n\t\t\t\t\t\t<button\n\t\t\t\t\t\t\tclass=\"tribe-events-c-subscribe-dropdown__button-text\"\n\t\t\t\t\t\t\taria-expanded=\"false\"\n\t\t\t\t\t\t\taria-controls=\"tribe-events-subscribe-dropdown-content\"\n\t\t\t\t\t\t\taria-label=\"Ver enlaces para a\u00f1adir eventos al calendario\"\n\t\t\t\t\t\t>\n\t\t\t\t\t\t\tA\u00f1adir al calendario\t\t\t\t\t\t<\/button>\n\t\t\t\t\t\t<svg\n\t class=\"tribe-common-c-svgicon tribe-common-c-svgicon--caret-down tribe-events-c-subscribe-dropdown__button-icon\" \taria-hidden=\"true\"\n\tviewBox=\"0 0 10 7\"\n\txmlns=\"http:\/\/www.w3.org\/2000\/svg\"\n>\n\t<path fill-rule=\"evenodd\" clip-rule=\"evenodd\" d=\"M1.008.609L5 4.6 8.992.61l.958.958L5 6.517.05 1.566l.958-.958z\" class=\"tribe-common-c-svgicon__svg-fill\"\/>\n<\/svg>\n\t\t\t\t\t<\/div>\n\t\t\t\t\t<div id=\"tribe-events-subscribe-dropdown-content\" class=\"tribe-events-c-subscribe-dropdown__content\">\n\t\t\t\t\t\t<ul class=\"tribe-events-c-subscribe-dropdown__list\">\n\t\t\t\t\t\t\t\t\t\t\t\t\t\t\t<li class=\"tribe-events-c-subscribe-dropdown__list-item tribe-events-c-subscribe-dropdown__list-item--gcal\">\n\t\t\t\t\t\t\t\t\t<a\n\t\t\t\t\t\t\t\t\t\thref=\"https:\/\/www.google.com\/calendar\/event?action=TEMPLATE&#038;dates=20260529T200000\/20260529T203000&#038;text=DON%20GIOVANNI&#038;details=%3Cp%3E%3Cstrong%3EProducci%C3%B3n+de+la+%C3%93pera+de+Oviedo+%282022%29%3C%2Fstrong%3E%3C%2Fp%3E+%3Cp%3E%3Cstrong%3EELENA+SALVATIERRA%3C%2Fstrong%3E%2C+direcci%C3%B3n+musical%3Cbr%3E%3Cstrong%3EMARTA+EGUILIOR%3C%2Fstrong%3E%2C+direcci%C3%B3n+de+escena%2C+escenograf%C3%ADa%26nbsp%3B%3Cbr%3E%3Cstrong%3EMARTA+EGUILIOR+Y+RODRIGO+ORTEGA%3C%2Fstrong%3E%2C+iluminaci%C3%B3n%3Cbr%3E%3Cstrong%3EBETITXE+SAITUA%3C%2Fstrong%3E%2C+dise%C3%B1o+de+vestuario%3Cbr%3E%3Cstrong%3EMARTA+BEN%C3%8DTEZ%2C+%3C%2Fstrong%3Edirecci%C3%B3n+de+coro%3Cbr%3E%3Cbr%3E%3Cstrong%3ERAMIRO+MATURANA%3C%2Fstrong%3E%2C+Don+Giovanni%3Cbr%3E%3Cstrong%3ERUBEN+AMORETTI%3C%2Fstrong%3E%2C+Leporello%3Cbr%3E%3Cstrong%3EMARIA+REY-JOLY%3C%2Fstrong%3E%2C+Donna+Anna%3Cbr%3E%3Cstrong%3EBERNA+PERLES%3C%2Fstrong%3E%2C+Donna+Elvira%3Cbr%3E%3Cstrong%3EJULI%C3%81N+ENAO%3C%2Fstrong%3E%2C+Don+Ottavio%3Cbr%3E%3Cstrong%3EALBA+CHANTAR%3C%2Fstrong%3E%2C+Zerlina%3Cbr%3E%3Cstrong%3EFRANCISCO+BERMUDO%3C%2Fstrong%3E%2C+Masetto%3Cbr%3E%3Cstrong%3EJULIO+NOMDEDEU%3C%2Fstrong%3E%2C+Il+Commendatore%3Cbr%3E%3Cbr%3E%3Cstrong%3ECORO+DEL+TEATRO+VILLAMARTA%3Cbr%3EORQUESTA+DE+C%C3%93RDOBA%3C%2Fstrong%3E%3C%2Fp%3E+&#038;trp=false&#038;ctz=UTC+1&#038;sprop=website:https:\/\/corodelteatrovillamarta.org\"\n\t\t\t\t\t\t\t\t\t\tclass=\"tribe-events-c-subscribe-dropdown__list-item-link\"\n\t\t\t\t\t\t\t\t\t\ttarget=\"_blank\"\n\t\t\t\t\t\t\t\t\t\trel=\"noopener noreferrer nofollow noindex\"\n\t\t\t\t\t\t\t\t\t>\n\t\t\t\t\t\t\t\t\t\tGoogle Calendar\t\t\t\t\t\t\t\t\t<\/a>\n\t\t\t\t\t\t\t\t<\/li>\n\t\t\t\t\t\t\t\t\t\t\t\t\t\t\t<li class=\"tribe-events-c-subscribe-dropdown__list-item tribe-events-c-subscribe-dropdown__list-item--ical\">\n\t\t\t\t\t\t\t\t\t<a\n\t\t\t\t\t\t\t\t\t\thref=\"\"\n\t\t\t\t\t\t\t\t\t\tclass=\"tribe-events-c-subscribe-dropdown__list-item-link\"\n\t\t\t\t\t\t\t\t\t\ttarget=\"_blank\"\n\t\t\t\t\t\t\t\t\t\trel=\"noopener noreferrer nofollow noindex\"\n\t\t\t\t\t\t\t\t\t>\n\t\t\t\t\t\t\t\t\t\tiCalendar\t\t\t\t\t\t\t\t\t<\/a>\n\t\t\t\t\t\t\t\t<\/li>\n\t\t\t\t\t\t\t\t\t\t\t\t\t\t\t<li class=\"tribe-events-c-subscribe-dropdown__list-item tribe-events-c-subscribe-dropdown__list-item--outlook-365\">\n\t\t\t\t\t\t\t\t\t<a\n\t\t\t\t\t\t\t\t\t\thref=\"\"\n\t\t\t\t\t\t\t\t\t\tclass=\"tribe-events-c-subscribe-dropdown__list-item-link\"\n\t\t\t\t\t\t\t\t\t\ttarget=\"_blank\"\n\t\t\t\t\t\t\t\t\t\trel=\"noopener noreferrer nofollow noindex\"\n\t\t\t\t\t\t\t\t\t>\n\t\t\t\t\t\t\t\t\t\tOutlook 365\t\t\t\t\t\t\t\t\t<\/a>\n\t\t\t\t\t\t\t\t<\/li>\n\t\t\t\t\t\t\t\t\t\t\t\t\t\t\t<li class=\"tribe-events-c-subscribe-dropdown__list-item tribe-events-c-subscribe-dropdown__list-item--outlook-live\">\n\t\t\t\t\t\t\t\t\t<a\n\t\t\t\t\t\t\t\t\t\thref=\"\"\n\t\t\t\t\t\t\t\t\t\tclass=\"tribe-events-c-subscribe-dropdown__list-item-link\"\n\t\t\t\t\t\t\t\t\t\ttarget=\"_blank\"\n\t\t\t\t\t\t\t\t\t\trel=\"noopener noreferrer nofollow noindex\"\n\t\t\t\t\t\t\t\t\t>\n\t\t\t\t\t\t\t\t\t\tOutlook Live\t\t\t\t\t\t\t\t\t<\/a>\n\t\t\t\t\t\t\t\t<\/li>\n\t\t\t\t\t\t\t\t\t\t\t\t\t<\/ul>\n\t\t\t\t\t<\/div>\n\t\t\t\t<\/div>\n\t\t\t<\/div>\n\t\t<\/div>\n\t<\/div>\n\n","protected":false},"excerpt":{"rendered":"<p>Producci\u00f3n de la \u00d3pera de Oviedo (2022) ELENA SALVATIERRA, direcci\u00f3n musicalMARTA EGUILIOR, direcci\u00f3n de escena, escenograf\u00eda&nbsp;MARTA EGUILIOR Y RODRIGO ORTEGA, iluminaci\u00f3nBETITXE SAITUA, dise\u00f1o de vestuarioMARTA BEN\u00cdTEZ, direcci\u00f3n de coro RAMIRO [&hellip;]<\/p>\n","protected":false},"author":1,"featured_media":2082,"template":"","meta":{"_monsterinsights_skip_tracking":false,"_monsterinsights_sitenote_active":false,"_monsterinsights_sitenote_note":"","_monsterinsights_sitenote_category":0,"_EventAllDay":false,"_EventTimezone":"UTC+1","_EventStartDate":"2026-05-29 20:00:00","_EventEndDate":"2026-05-29 20:30:00","_EventStartDateUTC":"2026-05-29 18:00:00","_EventEndDateUTC":"2026-05-29 18:30:00","_EventShowMap":false,"_EventShowMapLink":false,"_EventURL":"","_EventCost":"","_EventCostDescription":"","_EventCurrencySymbol":"$","_EventCurrencyCode":"USD","_EventCurrencyPosition":"prefix","_EventDateTimeSeparator":" @ ","_EventTimeRangeSeparator":" - ","_EventOrganizerID":[],"_EventVenueID":[],"_OrganizerEmail":"","_OrganizerPhone":"","_OrganizerWebsite":"","_VenueAddress":"","_VenueCity":"","_VenueCountry":"","_VenueProvince":"","_VenueState":"","_VenueZip":"","_VenuePhone":"","_VenueURL":"","_VenueStateProvince":"","_VenueLat":"","_VenueLng":"","_VenueShowMap":false,"_VenueShowMapLink":false,"_tribe_events_status":"","_tribe_events_status_reason":"","footnotes":""},"tags":[],"tribe_events_cat":[],"class_list":["post-2081","tribe_events","type-tribe_events","status-publish","has-post-thumbnail","hentry"],"yoast_head":"<!-- This site is optimized with the Yoast SEO plugin v27.5 - https:\/\/yoast.com\/product\/yoast-seo-wordpress\/ -->\n<title>DON GIOVANNI - Coro del Teatro Villamarta<\/title>\n<meta name=\"robots\" content=\"index, follow, max-snippet:-1, max-image-preview:large, max-video-preview:-1\" \/>\n<link rel=\"canonical\" href=\"https:\/\/corodelteatrovillamarta.org\/index.php\/event\/don-giovanni\/\" \/>\n<meta property=\"og:locale\" content=\"es_ES\" \/>\n<meta property=\"og:type\" content=\"article\" \/>\n<meta property=\"og:title\" content=\"DON GIOVANNI - Coro del Teatro Villamarta\" \/>\n<meta property=\"og:description\" content=\"Producci\u00f3n de la \u00d3pera de Oviedo (2022) ELENA SALVATIERRA, direcci\u00f3n musicalMARTA EGUILIOR, direcci\u00f3n de escena, escenograf\u00eda&nbsp;MARTA EGUILIOR Y RODRIGO ORTEGA, iluminaci\u00f3nBETITXE SAITUA, dise\u00f1o de vestuarioMARTA BEN\u00cdTEZ, direcci\u00f3n de coro RAMIRO [&hellip;]\" \/>\n<meta property=\"og:url\" content=\"https:\/\/corodelteatrovillamarta.org\/index.php\/event\/don-giovanni\/\" \/>\n<meta property=\"og:site_name\" content=\"Coro del Teatro Villamarta\" \/>\n<meta property=\"article:publisher\" content=\"https:\/\/www.facebook.com\/CorodelTeatroVillamarta\" \/>\n<meta property=\"article:modified_time\" content=\"2025-08-28T17:57:32+00:00\" \/>\n<meta property=\"og:image\" content=\"https:\/\/corodelteatrovillamarta.org\/wp-content\/uploads\/2025\/08\/DON_GIOVANNI_2054-scaled.jpg\" \/>\n\t<meta property=\"og:image:width\" content=\"2560\" \/>\n\t<meta property=\"og:image:height\" content=\"1709\" \/>\n\t<meta property=\"og:image:type\" content=\"image\/jpeg\" \/>\n<meta name=\"twitter:card\" content=\"summary_large_image\" \/>\n<meta name=\"twitter:label1\" content=\"Tiempo de lectura\" \/>\n\t<meta name=\"twitter:data1\" content=\"1 minuto\" \/>\n<script type=\"application\/ld+json\" class=\"yoast-schema-graph\">{\"@context\":\"https:\\\/\\\/schema.org\",\"@graph\":[{\"@type\":\"WebPage\",\"@id\":\"https:\\\/\\\/corodelteatrovillamarta.org\\\/index.php\\\/event\\\/don-giovanni\\\/\",\"url\":\"https:\\\/\\\/corodelteatrovillamarta.org\\\/index.php\\\/event\\\/don-giovanni\\\/\",\"name\":\"DON GIOVANNI - Coro del Teatro Villamarta\",\"isPartOf\":{\"@id\":\"https:\\\/\\\/corodelteatrovillamarta.org\\\/#website\"},\"primaryImageOfPage\":{\"@id\":\"https:\\\/\\\/corodelteatrovillamarta.org\\\/index.php\\\/event\\\/don-giovanni\\\/#primaryimage\"},\"image\":{\"@id\":\"https:\\\/\\\/corodelteatrovillamarta.org\\\/index.php\\\/event\\\/don-giovanni\\\/#primaryimage\"},\"thumbnailUrl\":\"https:\\\/\\\/corodelteatrovillamarta.org\\\/wp-content\\\/uploads\\\/2025\\\/08\\\/DON_GIOVANNI_2054-scaled.jpg\",\"datePublished\":\"2025-08-28T17:57:31+00:00\",\"dateModified\":\"2025-08-28T17:57:32+00:00\",\"breadcrumb\":{\"@id\":\"https:\\\/\\\/corodelteatrovillamarta.org\\\/index.php\\\/event\\\/don-giovanni\\\/#breadcrumb\"},\"inLanguage\":\"es\",\"potentialAction\":[{\"@type\":\"ReadAction\",\"target\":[\"https:\\\/\\\/corodelteatrovillamarta.org\\\/index.php\\\/event\\\/don-giovanni\\\/\"]}]},{\"@type\":\"ImageObject\",\"inLanguage\":\"es\",\"@id\":\"https:\\\/\\\/corodelteatrovillamarta.org\\\/index.php\\\/event\\\/don-giovanni\\\/#primaryimage\",\"url\":\"https:\\\/\\\/corodelteatrovillamarta.org\\\/wp-content\\\/uploads\\\/2025\\\/08\\\/DON_GIOVANNI_2054-scaled.jpg\",\"contentUrl\":\"https:\\\/\\\/corodelteatrovillamarta.org\\\/wp-content\\\/uploads\\\/2025\\\/08\\\/DON_GIOVANNI_2054-scaled.jpg\",\"width\":2560,\"height\":1709},{\"@type\":\"BreadcrumbList\",\"@id\":\"https:\\\/\\\/corodelteatrovillamarta.org\\\/index.php\\\/event\\\/don-giovanni\\\/#breadcrumb\",\"itemListElement\":[{\"@type\":\"ListItem\",\"position\":1,\"name\":\"Portada\",\"item\":\"https:\\\/\\\/corodelteatrovillamarta.org\\\/\"},{\"@type\":\"ListItem\",\"position\":2,\"name\":\"Eventos\",\"item\":\"https:\\\/\\\/corodelteatrovillamarta.org\\\/index.php\\\/events\\\/\"},{\"@type\":\"ListItem\",\"position\":3,\"name\":\"DON GIOVANNI\"}]},{\"@type\":\"WebSite\",\"@id\":\"https:\\\/\\\/corodelteatrovillamarta.org\\\/#website\",\"url\":\"https:\\\/\\\/corodelteatrovillamarta.org\\\/\",\"name\":\"Coro del Teatro Villamarta\",\"description\":\"Web oficial de la Asociaci\u00f3n Cultural Coro del Teatro Villamarta\",\"publisher\":{\"@id\":\"https:\\\/\\\/corodelteatrovillamarta.org\\\/#organization\"},\"potentialAction\":[{\"@type\":\"SearchAction\",\"target\":{\"@type\":\"EntryPoint\",\"urlTemplate\":\"https:\\\/\\\/corodelteatrovillamarta.org\\\/?s={search_term_string}\"},\"query-input\":{\"@type\":\"PropertyValueSpecification\",\"valueRequired\":true,\"valueName\":\"search_term_string\"}}],\"inLanguage\":\"es\"},{\"@type\":\"Organization\",\"@id\":\"https:\\\/\\\/corodelteatrovillamarta.org\\\/#organization\",\"name\":\"Asociaci\u00f3n Cultural Coro del Teatro Villamarta\",\"url\":\"https:\\\/\\\/corodelteatrovillamarta.org\\\/\",\"logo\":{\"@type\":\"ImageObject\",\"inLanguage\":\"es\",\"@id\":\"https:\\\/\\\/corodelteatrovillamarta.org\\\/#\\\/schema\\\/logo\\\/image\\\/\",\"url\":\"https:\\\/\\\/corodelteatrovillamarta.org\\\/wp-content\\\/uploads\\\/2022\\\/03\\\/Logosimbolo1-1.png\",\"contentUrl\":\"https:\\\/\\\/corodelteatrovillamarta.org\\\/wp-content\\\/uploads\\\/2022\\\/03\\\/Logosimbolo1-1.png\",\"width\":464,\"height\":141,\"caption\":\"Asociaci\u00f3n Cultural Coro del Teatro Villamarta\"},\"image\":{\"@id\":\"https:\\\/\\\/corodelteatrovillamarta.org\\\/#\\\/schema\\\/logo\\\/image\\\/\"},\"sameAs\":[\"https:\\\/\\\/www.facebook.com\\\/CorodelTeatroVillamarta\",\"https:\\\/\\\/www.instagram.com\\\/corodelteatrovillamarta\\\/\",\"https:\\\/\\\/www.youtube.com\\\/@corodelteatrovillamarta4326\"]}]}<\/script>\n<!-- \/ Yoast SEO plugin. -->","yoast_head_json":{"title":"DON GIOVANNI - Coro del Teatro Villamarta","robots":{"index":"index","follow":"follow","max-snippet":"max-snippet:-1","max-image-preview":"max-image-preview:large","max-video-preview":"max-video-preview:-1"},"canonical":"https:\/\/corodelteatrovillamarta.org\/index.php\/event\/don-giovanni\/","og_locale":"es_ES","og_type":"article","og_title":"DON GIOVANNI - Coro del Teatro Villamarta","og_description":"Producci\u00f3n de la \u00d3pera de Oviedo (2022) ELENA SALVATIERRA, direcci\u00f3n musicalMARTA EGUILIOR, direcci\u00f3n de escena, escenograf\u00eda&nbsp;MARTA EGUILIOR Y RODRIGO ORTEGA, iluminaci\u00f3nBETITXE SAITUA, dise\u00f1o de vestuarioMARTA BEN\u00cdTEZ, direcci\u00f3n de coro RAMIRO [&hellip;]","og_url":"https:\/\/corodelteatrovillamarta.org\/index.php\/event\/don-giovanni\/","og_site_name":"Coro del Teatro Villamarta","article_publisher":"https:\/\/www.facebook.com\/CorodelTeatroVillamarta","article_modified_time":"2025-08-28T17:57:32+00:00","og_image":[{"width":2560,"height":1709,"url":"https:\/\/corodelteatrovillamarta.org\/wp-content\/uploads\/2025\/08\/DON_GIOVANNI_2054-scaled.jpg","type":"image\/jpeg"}],"twitter_card":"summary_large_image","twitter_misc":{"Tiempo de lectura":"1 minuto"},"schema":{"@context":"https:\/\/schema.org","@graph":[{"@type":"WebPage","@id":"https:\/\/corodelteatrovillamarta.org\/index.php\/event\/don-giovanni\/","url":"https:\/\/corodelteatrovillamarta.org\/index.php\/event\/don-giovanni\/","name":"DON GIOVANNI - Coro del Teatro Villamarta","isPartOf":{"@id":"https:\/\/corodelteatrovillamarta.org\/#website"},"primaryImageOfPage":{"@id":"https:\/\/corodelteatrovillamarta.org\/index.php\/event\/don-giovanni\/#primaryimage"},"image":{"@id":"https:\/\/corodelteatrovillamarta.org\/index.php\/event\/don-giovanni\/#primaryimage"},"thumbnailUrl":"https:\/\/corodelteatrovillamarta.org\/wp-content\/uploads\/2025\/08\/DON_GIOVANNI_2054-scaled.jpg","datePublished":"2025-08-28T17:57:31+00:00","dateModified":"2025-08-28T17:57:32+00:00","breadcrumb":{"@id":"https:\/\/corodelteatrovillamarta.org\/index.php\/event\/don-giovanni\/#breadcrumb"},"inLanguage":"es","potentialAction":[{"@type":"ReadAction","target":["https:\/\/corodelteatrovillamarta.org\/index.php\/event\/don-giovanni\/"]}]},{"@type":"ImageObject","inLanguage":"es","@id":"https:\/\/corodelteatrovillamarta.org\/index.php\/event\/don-giovanni\/#primaryimage","url":"https:\/\/corodelteatrovillamarta.org\/wp-content\/uploads\/2025\/08\/DON_GIOVANNI_2054-scaled.jpg","contentUrl":"https:\/\/corodelteatrovillamarta.org\/wp-content\/uploads\/2025\/08\/DON_GIOVANNI_2054-scaled.jpg","width":2560,"height":1709},{"@type":"BreadcrumbList","@id":"https:\/\/corodelteatrovillamarta.org\/index.php\/event\/don-giovanni\/#breadcrumb","itemListElement":[{"@type":"ListItem","position":1,"name":"Portada","item":"https:\/\/corodelteatrovillamarta.org\/"},{"@type":"ListItem","position":2,"name":"Eventos","item":"https:\/\/corodelteatrovillamarta.org\/index.php\/events\/"},{"@type":"ListItem","position":3,"name":"DON GIOVANNI"}]},{"@type":"WebSite","@id":"https:\/\/corodelteatrovillamarta.org\/#website","url":"https:\/\/corodelteatrovillamarta.org\/","name":"Coro del Teatro Villamarta","description":"Web oficial de la Asociaci\u00f3n Cultural Coro del Teatro Villamarta","publisher":{"@id":"https:\/\/corodelteatrovillamarta.org\/#organization"},"potentialAction":[{"@type":"SearchAction","target":{"@type":"EntryPoint","urlTemplate":"https:\/\/corodelteatrovillamarta.org\/?s={search_term_string}"},"query-input":{"@type":"PropertyValueSpecification","valueRequired":true,"valueName":"search_term_string"}}],"inLanguage":"es"},{"@type":"Organization","@id":"https:\/\/corodelteatrovillamarta.org\/#organization","name":"Asociaci\u00f3n Cultural Coro del Teatro Villamarta","url":"https:\/\/corodelteatrovillamarta.org\/","logo":{"@type":"ImageObject","inLanguage":"es","@id":"https:\/\/corodelteatrovillamarta.org\/#\/schema\/logo\/image\/","url":"https:\/\/corodelteatrovillamarta.org\/wp-content\/uploads\/2022\/03\/Logosimbolo1-1.png","contentUrl":"https:\/\/corodelteatrovillamarta.org\/wp-content\/uploads\/2022\/03\/Logosimbolo1-1.png","width":464,"height":141,"caption":"Asociaci\u00f3n Cultural Coro del Teatro Villamarta"},"image":{"@id":"https:\/\/corodelteatrovillamarta.org\/#\/schema\/logo\/image\/"},"sameAs":["https:\/\/www.facebook.com\/CorodelTeatroVillamarta","https:\/\/www.instagram.com\/corodelteatrovillamarta\/","https:\/\/www.youtube.com\/@corodelteatrovillamarta4326"]}]}},"_links":{"self":[{"href":"https:\/\/corodelteatrovillamarta.org\/index.php\/wp-json\/wp\/v2\/tribe_events\/2081","targetHints":{"allow":["GET"]}}],"collection":[{"href":"https:\/\/corodelteatrovillamarta.org\/index.php\/wp-json\/wp\/v2\/tribe_events"}],"about":[{"href":"https:\/\/corodelteatrovillamarta.org\/index.php\/wp-json\/wp\/v2\/types\/tribe_events"}],"author":[{"embeddable":true,"href":"https:\/\/corodelteatrovillamarta.org\/index.php\/wp-json\/wp\/v2\/users\/1"}],"version-history":[{"count":2,"href":"https:\/\/corodelteatrovillamarta.org\/index.php\/wp-json\/wp\/v2\/tribe_events\/2081\/revisions"}],"predecessor-version":[{"id":2099,"href":"https:\/\/corodelteatrovillamarta.org\/index.php\/wp-json\/wp\/v2\/tribe_events\/2081\/revisions\/2099"}],"wp:featuredmedia":[{"embeddable":true,"href":"https:\/\/corodelteatrovillamarta.org\/index.php\/wp-json\/wp\/v2\/media\/2082"}],"wp:attachment":[{"href":"https:\/\/corodelteatrovillamarta.org\/index.php\/wp-json\/wp\/v2\/media?parent=2081"}],"wp:term":[{"taxonomy":"post_tag","embeddable":true,"href":"https:\/\/corodelteatrovillamarta.org\/index.php\/wp-json\/wp\/v2\/tags?post=2081"},{"taxonomy":"tribe_events_cat","embeddable":true,"href":"https:\/\/corodelteatrovillamarta.org\/index.php\/wp-json\/wp\/v2\/tribe_events_cat?post=2081"}],"curies":[{"name":"wp","href":"https:\/\/api.w.org\/{rel}","templated":true}]}}