{"id":2086,"date":"2025-08-28T19:03:09","date_gmt":"2025-08-28T18:03:09","guid":{"rendered":"https:\/\/corodelteatrovillamarta.org\/?post_type=tribe_events&#038;p=2086"},"modified":"2025-08-28T19:03:11","modified_gmt":"2025-08-28T18:03:11","slug":"las-voces-del-paraiso","status":"publish","type":"tribe_events","link":"https:\/\/corodelteatrovillamarta.org\/index.php\/event\/las-voces-del-paraiso\/","title":{"rendered":"LAS VOCES DEL PARA\u00cdSO"},"content":{"rendered":"<div  class=\"tribe-events-schedule tribe-clearfix\" >\n\t<p class=\"tribe-events-schedule__datetime\">\n\t\t<span class=\"tribe-events-schedule__date tribe-events-schedule__date--start\">\n\t\t\tjunio 26\t\t<\/span>\n\n\t\t\t\t\t<span class=\"tribe-events-schedule__separator tribe-events-schedule__separator--date\">\n\t\t\t\t @ \t\t\t<\/span>\n\t\t\t<span class=\"tribe-events-schedule__time tribe-events-schedule__time--start\">\n\t\t\t\t20:00\t\t\t<\/span>\n\t\t\n\t\t\t\t\t\t\t\t\t<span class=\"tribe-events-schedule__separator tribe-events-schedule__separator--time\">\n\t\t\t\t\t &#8211; \t\t\t\t<\/span>\n\t\t\t\n\t\t\t\t\t\t\t<span class=\"tribe-events-schedule__time tribe-events-schedule__time--end\">\n\t\t\t\t\t22:00\t\t\t\t<\/span>\n\t\t\t\n\t\t\t\t\t\t<\/p>\n<\/div>\n\n\n\n<p>CORO DEL TEATRO VILLAMARTA<br>ESCUELA CORAL VILLAMARTA<br>ORQUESTA DEL CONSERVATORIO JOAQU\u00cdN VILLATORO<\/p>\n\n\n\n<p>Direcci\u00f3n musical<strong> JOS\u00c9 RAM\u00d3N HERN\u00c1NDEZ<\/strong><br>Direcci\u00f3n de coro <strong>MARTA BEN\u00cdTEZ<\/strong><\/p>\n\n\n\n<p>Soprano&nbsp;<strong>ANDREA RAM\u00cdREZ<\/strong><br>Bar\u00edtono&nbsp;<strong>FRANCISCO BERMUDO<\/strong><br>Piano&nbsp;<strong>HUGO DOM\u00cdNGUEZ<\/strong><\/p>\n\n\n\n<p><strong>Monogr\u00e1fico de Gabriel For\u00e9<\/strong><\/p>\n\n\n\n<p><em>Le ruisseau op. 22<\/em><br>Tantum ergo op. 65 (coro femenino y \u00f3rgano\/orquestaci\u00f3n) 3\u2019<br>\u2060Les Djinns op. 12 (coro mixto+piano) 4\u2019 30\u2019\u2019<br>\u2060Cantique de Jean Racine op. 11 (coro y orquesta) 6\u2019<br>R\u00e9quiem op. 48 (coro+orquesta+bar\u00edtono y soprano solistas) 40\u2019<\/p>\n\n\n<div  class=\"tribe-block tribe-block__event-price\" >\n\t\t<\/div>\n\n\n\n\n<div  class=\"tribe-block tribe-block__venue tribe-clearfix\" >\n\t\n\t\t\n\t<\/div>\n\n\n\n\n\t<div  class=\"tribe-block tribe-block__events-link\" >\n\t\t<div class=\"tribe-events tribe-common\">\n\t\t\t<div class=\"tribe-events-c-subscribe-dropdown__container\">\n\t\t\t\t<div class=\"tribe-events-c-subscribe-dropdown\">\n\t\t\t\t\t<div class=\"tribe-common-c-btn-border tribe-events-c-subscribe-dropdown__button\">\n\t\t\t\t\t\t<svg\n\t class=\"tribe-common-c-svgicon tribe-common-c-svgicon--cal-export tribe-events-c-subscribe-dropdown__export-icon\" \taria-hidden=\"true\"\n\tviewBox=\"0 0 23 17\"\n\txmlns=\"http:\/\/www.w3.org\/2000\/svg\"\n>\n\t<path fill-rule=\"evenodd\" clip-rule=\"evenodd\" d=\"M.128.896V16.13c0 .211.145.383.323.383h15.354c.179 0 .323-.172.323-.383V.896c0-.212-.144-.383-.323-.383H.451C.273.513.128.684.128.896Zm16 6.742h-.901V4.679H1.009v10.729h14.218v-3.336h.901V7.638ZM1.01 1.614h14.218v2.058H1.009V1.614Z\" \/>\n\t<path d=\"M20.5 9.846H8.312M18.524 6.953l2.89 2.909-2.855 2.855\" stroke-width=\"1.2\" stroke-linecap=\"round\" stroke-linejoin=\"round\"\/>\n<\/svg>\n\t\t\t\t\t\t<button\n\t\t\t\t\t\t\tclass=\"tribe-events-c-subscribe-dropdown__button-text\"\n\t\t\t\t\t\t\taria-expanded=\"false\"\n\t\t\t\t\t\t\taria-controls=\"tribe-events-subscribe-dropdown-content\"\n\t\t\t\t\t\t\taria-label=\"Ver enlaces para a\u00f1adir eventos al calendario\"\n\t\t\t\t\t\t>\n\t\t\t\t\t\t\tA\u00f1adir al calendario\t\t\t\t\t\t<\/button>\n\t\t\t\t\t\t<svg\n\t class=\"tribe-common-c-svgicon tribe-common-c-svgicon--caret-down tribe-events-c-subscribe-dropdown__button-icon\" \taria-hidden=\"true\"\n\tviewBox=\"0 0 10 7\"\n\txmlns=\"http:\/\/www.w3.org\/2000\/svg\"\n>\n\t<path fill-rule=\"evenodd\" clip-rule=\"evenodd\" d=\"M1.008.609L5 4.6 8.992.61l.958.958L5 6.517.05 1.566l.958-.958z\" class=\"tribe-common-c-svgicon__svg-fill\"\/>\n<\/svg>\n\t\t\t\t\t<\/div>\n\t\t\t\t\t<div id=\"tribe-events-subscribe-dropdown-content\" class=\"tribe-events-c-subscribe-dropdown__content\">\n\t\t\t\t\t\t<ul class=\"tribe-events-c-subscribe-dropdown__list\">\n\t\t\t\t\t\t\t\t\t\t\t\t\t\t\t<li class=\"tribe-events-c-subscribe-dropdown__list-item tribe-events-c-subscribe-dropdown__list-item--gcal\">\n\t\t\t\t\t\t\t\t\t<a\n\t\t\t\t\t\t\t\t\t\thref=\"https:\/\/www.google.com\/calendar\/event?action=TEMPLATE&#038;dates=20260626T200000\/20260626T220000&#038;text=LAS%20VOCES%20DEL%20PARA%C3%8DSO&#038;details=%3Cp%3ECORO+DEL+TEATRO+VILLAMARTA%3Cbr%3EESCUELA+CORAL+VILLAMARTA%3Cbr%3EORQUESTA+DEL+CONSERVATORIO+JOAQU%C3%8DN+VILLATORO%3C%2Fp%3E+%3Cp%3EDirecci%C3%B3n+musical%3Cstrong%3E+JOS%C3%89+RAM%C3%93N+HERN%C3%81NDEZ%3C%2Fstrong%3E%3Cbr%3EDirecci%C3%B3n+de+coro+%3Cstrong%3EMARTA+BEN%C3%8DTEZ%3C%2Fstrong%3E%3C%2Fp%3E+%3Cp%3ESoprano%26nbsp%3B%3Cstrong%3EANDREA+RAM%C3%8DREZ%3C%2Fstrong%3E%3Cbr%3EBar%C3%ADtono%26nbsp%3B%3Cstrong%3EFRANCISCO+BERMUDO%3C%2Fstrong%3E%3Cbr%3EPiano%26nbsp%3B%3Cstrong%3EHUGO+DOM%C3%8DNGUEZ%3C%2Fstrong%3E%3C%2Fp%3E+%3Cp%3E%3Cstrong%3EMonogr%C3%A1fico+de+Gabriel+For%C3%A9%3C%2Fstrong%3E%3C%2Fp%3E+%3Cp%3E%3Cem%3ELe+ruisseau+op.+22%3C%2Fem%3E%3Cbr%3ETantum+ergo+op.+65+%28coro+femenino+y+%C3%B3rgano%2Forquestaci%C3%B3n%29+3%E2%80%99%3Cbr%3E%E2%81%A0Les+Djinns+op.+12+%28coro+mixto%2Bpiano%29+4%E2%80%99+30%E2%80%99%E2%80%99%3Cbr%3E%E2%81%A0Cantique+de+Jean+Racine+op.+11+%28coro+y+orquesta%29+6%E2%80%99%3Cbr%3ER%C3%A9quiem+op.+48+%28coro%2Borquesta%2Bbar%C3%ADtono+y+soprano+solistas%29+40%E2%80%99%3C%2Fp%3E+&#038;trp=false&#038;ctz=UTC+1&#038;sprop=website:https:\/\/corodelteatrovillamarta.org\"\n\t\t\t\t\t\t\t\t\t\tclass=\"tribe-events-c-subscribe-dropdown__list-item-link\"\n\t\t\t\t\t\t\t\t\t\ttarget=\"_blank\"\n\t\t\t\t\t\t\t\t\t\trel=\"noopener noreferrer nofollow noindex\"\n\t\t\t\t\t\t\t\t\t>\n\t\t\t\t\t\t\t\t\t\tGoogle Calendar\t\t\t\t\t\t\t\t\t<\/a>\n\t\t\t\t\t\t\t\t<\/li>\n\t\t\t\t\t\t\t\t\t\t\t\t\t\t\t<li class=\"tribe-events-c-subscribe-dropdown__list-item tribe-events-c-subscribe-dropdown__list-item--ical\">\n\t\t\t\t\t\t\t\t\t<a\n\t\t\t\t\t\t\t\t\t\thref=\"\"\n\t\t\t\t\t\t\t\t\t\tclass=\"tribe-events-c-subscribe-dropdown__list-item-link\"\n\t\t\t\t\t\t\t\t\t\ttarget=\"_blank\"\n\t\t\t\t\t\t\t\t\t\trel=\"noopener noreferrer nofollow noindex\"\n\t\t\t\t\t\t\t\t\t>\n\t\t\t\t\t\t\t\t\t\tiCalendar\t\t\t\t\t\t\t\t\t<\/a>\n\t\t\t\t\t\t\t\t<\/li>\n\t\t\t\t\t\t\t\t\t\t\t\t\t\t\t<li class=\"tribe-events-c-subscribe-dropdown__list-item tribe-events-c-subscribe-dropdown__list-item--outlook-365\">\n\t\t\t\t\t\t\t\t\t<a\n\t\t\t\t\t\t\t\t\t\thref=\"\"\n\t\t\t\t\t\t\t\t\t\tclass=\"tribe-events-c-subscribe-dropdown__list-item-link\"\n\t\t\t\t\t\t\t\t\t\ttarget=\"_blank\"\n\t\t\t\t\t\t\t\t\t\trel=\"noopener noreferrer nofollow noindex\"\n\t\t\t\t\t\t\t\t\t>\n\t\t\t\t\t\t\t\t\t\tOutlook 365\t\t\t\t\t\t\t\t\t<\/a>\n\t\t\t\t\t\t\t\t<\/li>\n\t\t\t\t\t\t\t\t\t\t\t\t\t\t\t<li class=\"tribe-events-c-subscribe-dropdown__list-item tribe-events-c-subscribe-dropdown__list-item--outlook-live\">\n\t\t\t\t\t\t\t\t\t<a\n\t\t\t\t\t\t\t\t\t\thref=\"\"\n\t\t\t\t\t\t\t\t\t\tclass=\"tribe-events-c-subscribe-dropdown__list-item-link\"\n\t\t\t\t\t\t\t\t\t\ttarget=\"_blank\"\n\t\t\t\t\t\t\t\t\t\trel=\"noopener noreferrer nofollow noindex\"\n\t\t\t\t\t\t\t\t\t>\n\t\t\t\t\t\t\t\t\t\tOutlook Live\t\t\t\t\t\t\t\t\t<\/a>\n\t\t\t\t\t\t\t\t<\/li>\n\t\t\t\t\t\t\t\t\t\t\t\t\t<\/ul>\n\t\t\t\t\t<\/div>\n\t\t\t\t<\/div>\n\t\t\t<\/div>\n\t\t<\/div>\n\t<\/div>\n\n","protected":false},"excerpt":{"rendered":"<p>CORO DEL TEATRO VILLAMARTAESCUELA CORAL VILLAMARTAORQUESTA DEL CONSERVATORIO JOAQU\u00cdN VILLATORO Direcci\u00f3n musical JOS\u00c9 RAM\u00d3N HERN\u00c1NDEZDirecci\u00f3n de coro MARTA BEN\u00cdTEZ Soprano&nbsp;ANDREA RAM\u00cdREZBar\u00edtono&nbsp;FRANCISCO BERMUDOPiano&nbsp;HUGO DOM\u00cdNGUEZ Monogr\u00e1fico de Gabriel For\u00e9 Le ruisseau op. [&hellip;]<\/p>\n","protected":false},"author":1,"featured_media":2087,"template":"","meta":{"_monsterinsights_skip_tracking":false,"_monsterinsights_sitenote_active":false,"_monsterinsights_sitenote_note":"","_monsterinsights_sitenote_category":0,"_EventAllDay":false,"_EventTimezone":"UTC+1","_EventStartDate":"2026-06-26 20:00:00","_EventEndDate":"2026-06-26 22:00:00","_EventStartDateUTC":"2026-06-26 18:00:00","_EventEndDateUTC":"2026-06-26 20:00:00","_EventShowMap":false,"_EventShowMapLink":false,"_EventURL":"","_EventCost":"","_EventCostDescription":"","_EventCurrencySymbol":"$","_EventCurrencyCode":"USD","_EventCurrencyPosition":"prefix","_EventDateTimeSeparator":" @ ","_EventTimeRangeSeparator":" - ","_EventOrganizerID":[],"_EventVenueID":[],"_OrganizerEmail":"","_OrganizerPhone":"","_OrganizerWebsite":"","_VenueAddress":"","_VenueCity":"","_VenueCountry":"","_VenueProvince":"","_VenueState":"","_VenueZip":"","_VenuePhone":"","_VenueURL":"","_VenueStateProvince":"","_VenueLat":"","_VenueLng":"","_VenueShowMap":false,"_VenueShowMapLink":false,"_tribe_events_status":"","_tribe_events_status_reason":"","footnotes":""},"tags":[],"tribe_events_cat":[],"class_list":["post-2086","tribe_events","type-tribe_events","status-publish","has-post-thumbnail","hentry"],"yoast_head":"<!-- This site is optimized with the Yoast SEO plugin v27.5 - https:\/\/yoast.com\/product\/yoast-seo-wordpress\/ -->\n<title>LAS VOCES DEL PARA\u00cdSO - Coro del Teatro Villamarta<\/title>\n<meta name=\"robots\" content=\"index, follow, max-snippet:-1, max-image-preview:large, max-video-preview:-1\" \/>\n<link rel=\"canonical\" href=\"https:\/\/corodelteatrovillamarta.org\/index.php\/event\/las-voces-del-paraiso\/\" \/>\n<meta property=\"og:locale\" content=\"es_ES\" \/>\n<meta property=\"og:type\" content=\"article\" \/>\n<meta property=\"og:title\" content=\"LAS VOCES DEL PARA\u00cdSO - Coro del Teatro Villamarta\" \/>\n<meta property=\"og:description\" content=\"CORO DEL TEATRO VILLAMARTAESCUELA CORAL VILLAMARTAORQUESTA DEL CONSERVATORIO JOAQU\u00cdN VILLATORO Direcci\u00f3n musical JOS\u00c9 RAM\u00d3N HERN\u00c1NDEZDirecci\u00f3n de coro MARTA BEN\u00cdTEZ Soprano&nbsp;ANDREA RAM\u00cdREZBar\u00edtono&nbsp;FRANCISCO BERMUDOPiano&nbsp;HUGO DOM\u00cdNGUEZ Monogr\u00e1fico de Gabriel For\u00e9 Le ruisseau op. [&hellip;]\" \/>\n<meta property=\"og:url\" content=\"https:\/\/corodelteatrovillamarta.org\/index.php\/event\/las-voces-del-paraiso\/\" \/>\n<meta property=\"og:site_name\" content=\"Coro del Teatro Villamarta\" \/>\n<meta property=\"article:publisher\" content=\"https:\/\/www.facebook.com\/CorodelTeatroVillamarta\" \/>\n<meta property=\"article:modified_time\" content=\"2025-08-28T18:03:11+00:00\" \/>\n<meta property=\"og:image\" content=\"https:\/\/corodelteatrovillamarta.org\/wp-content\/uploads\/2025\/08\/Foto-coro-1.jpg\" \/>\n\t<meta property=\"og:image:width\" content=\"1600\" \/>\n\t<meta property=\"og:image:height\" content=\"900\" \/>\n\t<meta property=\"og:image:type\" content=\"image\/jpeg\" \/>\n<meta name=\"twitter:card\" content=\"summary_large_image\" \/>\n<meta name=\"twitter:label1\" content=\"Tiempo de lectura\" \/>\n\t<meta name=\"twitter:data1\" content=\"1 minuto\" \/>\n<script type=\"application\/ld+json\" class=\"yoast-schema-graph\">{\"@context\":\"https:\\\/\\\/schema.org\",\"@graph\":[{\"@type\":\"WebPage\",\"@id\":\"https:\\\/\\\/corodelteatrovillamarta.org\\\/index.php\\\/event\\\/las-voces-del-paraiso\\\/\",\"url\":\"https:\\\/\\\/corodelteatrovillamarta.org\\\/index.php\\\/event\\\/las-voces-del-paraiso\\\/\",\"name\":\"LAS VOCES DEL PARA\u00cdSO - Coro del Teatro Villamarta\",\"isPartOf\":{\"@id\":\"https:\\\/\\\/corodelteatrovillamarta.org\\\/#website\"},\"primaryImageOfPage\":{\"@id\":\"https:\\\/\\\/corodelteatrovillamarta.org\\\/index.php\\\/event\\\/las-voces-del-paraiso\\\/#primaryimage\"},\"image\":{\"@id\":\"https:\\\/\\\/corodelteatrovillamarta.org\\\/index.php\\\/event\\\/las-voces-del-paraiso\\\/#primaryimage\"},\"thumbnailUrl\":\"https:\\\/\\\/corodelteatrovillamarta.org\\\/wp-content\\\/uploads\\\/2025\\\/08\\\/Foto-coro-1.jpg\",\"datePublished\":\"2025-08-28T18:03:09+00:00\",\"dateModified\":\"2025-08-28T18:03:11+00:00\",\"breadcrumb\":{\"@id\":\"https:\\\/\\\/corodelteatrovillamarta.org\\\/index.php\\\/event\\\/las-voces-del-paraiso\\\/#breadcrumb\"},\"inLanguage\":\"es\",\"potentialAction\":[{\"@type\":\"ReadAction\",\"target\":[\"https:\\\/\\\/corodelteatrovillamarta.org\\\/index.php\\\/event\\\/las-voces-del-paraiso\\\/\"]}]},{\"@type\":\"ImageObject\",\"inLanguage\":\"es\",\"@id\":\"https:\\\/\\\/corodelteatrovillamarta.org\\\/index.php\\\/event\\\/las-voces-del-paraiso\\\/#primaryimage\",\"url\":\"https:\\\/\\\/corodelteatrovillamarta.org\\\/wp-content\\\/uploads\\\/2025\\\/08\\\/Foto-coro-1.jpg\",\"contentUrl\":\"https:\\\/\\\/corodelteatrovillamarta.org\\\/wp-content\\\/uploads\\\/2025\\\/08\\\/Foto-coro-1.jpg\",\"width\":1600,\"height\":900},{\"@type\":\"BreadcrumbList\",\"@id\":\"https:\\\/\\\/corodelteatrovillamarta.org\\\/index.php\\\/event\\\/las-voces-del-paraiso\\\/#breadcrumb\",\"itemListElement\":[{\"@type\":\"ListItem\",\"position\":1,\"name\":\"Portada\",\"item\":\"https:\\\/\\\/corodelteatrovillamarta.org\\\/\"},{\"@type\":\"ListItem\",\"position\":2,\"name\":\"Eventos\",\"item\":\"https:\\\/\\\/corodelteatrovillamarta.org\\\/index.php\\\/events\\\/\"},{\"@type\":\"ListItem\",\"position\":3,\"name\":\"LAS VOCES DEL PARA\u00cdSO\"}]},{\"@type\":\"WebSite\",\"@id\":\"https:\\\/\\\/corodelteatrovillamarta.org\\\/#website\",\"url\":\"https:\\\/\\\/corodelteatrovillamarta.org\\\/\",\"name\":\"Coro del Teatro Villamarta\",\"description\":\"Web oficial de la Asociaci\u00f3n Cultural Coro del Teatro Villamarta\",\"publisher\":{\"@id\":\"https:\\\/\\\/corodelteatrovillamarta.org\\\/#organization\"},\"potentialAction\":[{\"@type\":\"SearchAction\",\"target\":{\"@type\":\"EntryPoint\",\"urlTemplate\":\"https:\\\/\\\/corodelteatrovillamarta.org\\\/?s={search_term_string}\"},\"query-input\":{\"@type\":\"PropertyValueSpecification\",\"valueRequired\":true,\"valueName\":\"search_term_string\"}}],\"inLanguage\":\"es\"},{\"@type\":\"Organization\",\"@id\":\"https:\\\/\\\/corodelteatrovillamarta.org\\\/#organization\",\"name\":\"Asociaci\u00f3n Cultural Coro del Teatro Villamarta\",\"url\":\"https:\\\/\\\/corodelteatrovillamarta.org\\\/\",\"logo\":{\"@type\":\"ImageObject\",\"inLanguage\":\"es\",\"@id\":\"https:\\\/\\\/corodelteatrovillamarta.org\\\/#\\\/schema\\\/logo\\\/image\\\/\",\"url\":\"https:\\\/\\\/corodelteatrovillamarta.org\\\/wp-content\\\/uploads\\\/2022\\\/03\\\/Logosimbolo1-1.png\",\"contentUrl\":\"https:\\\/\\\/corodelteatrovillamarta.org\\\/wp-content\\\/uploads\\\/2022\\\/03\\\/Logosimbolo1-1.png\",\"width\":464,\"height\":141,\"caption\":\"Asociaci\u00f3n Cultural Coro del Teatro Villamarta\"},\"image\":{\"@id\":\"https:\\\/\\\/corodelteatrovillamarta.org\\\/#\\\/schema\\\/logo\\\/image\\\/\"},\"sameAs\":[\"https:\\\/\\\/www.facebook.com\\\/CorodelTeatroVillamarta\",\"https:\\\/\\\/www.instagram.com\\\/corodelteatrovillamarta\\\/\",\"https:\\\/\\\/www.youtube.com\\\/@corodelteatrovillamarta4326\"]}]}<\/script>\n<!-- \/ Yoast SEO plugin. -->","yoast_head_json":{"title":"LAS VOCES DEL PARA\u00cdSO - Coro del Teatro Villamarta","robots":{"index":"index","follow":"follow","max-snippet":"max-snippet:-1","max-image-preview":"max-image-preview:large","max-video-preview":"max-video-preview:-1"},"canonical":"https:\/\/corodelteatrovillamarta.org\/index.php\/event\/las-voces-del-paraiso\/","og_locale":"es_ES","og_type":"article","og_title":"LAS VOCES DEL PARA\u00cdSO - Coro del Teatro Villamarta","og_description":"CORO DEL TEATRO VILLAMARTAESCUELA CORAL VILLAMARTAORQUESTA DEL CONSERVATORIO JOAQU\u00cdN VILLATORO Direcci\u00f3n musical JOS\u00c9 RAM\u00d3N HERN\u00c1NDEZDirecci\u00f3n de coro MARTA BEN\u00cdTEZ Soprano&nbsp;ANDREA RAM\u00cdREZBar\u00edtono&nbsp;FRANCISCO BERMUDOPiano&nbsp;HUGO DOM\u00cdNGUEZ Monogr\u00e1fico de Gabriel For\u00e9 Le ruisseau op. [&hellip;]","og_url":"https:\/\/corodelteatrovillamarta.org\/index.php\/event\/las-voces-del-paraiso\/","og_site_name":"Coro del Teatro Villamarta","article_publisher":"https:\/\/www.facebook.com\/CorodelTeatroVillamarta","article_modified_time":"2025-08-28T18:03:11+00:00","og_image":[{"width":1600,"height":900,"url":"https:\/\/corodelteatrovillamarta.org\/wp-content\/uploads\/2025\/08\/Foto-coro-1.jpg","type":"image\/jpeg"}],"twitter_card":"summary_large_image","twitter_misc":{"Tiempo de lectura":"1 minuto"},"schema":{"@context":"https:\/\/schema.org","@graph":[{"@type":"WebPage","@id":"https:\/\/corodelteatrovillamarta.org\/index.php\/event\/las-voces-del-paraiso\/","url":"https:\/\/corodelteatrovillamarta.org\/index.php\/event\/las-voces-del-paraiso\/","name":"LAS VOCES DEL PARA\u00cdSO - Coro del Teatro Villamarta","isPartOf":{"@id":"https:\/\/corodelteatrovillamarta.org\/#website"},"primaryImageOfPage":{"@id":"https:\/\/corodelteatrovillamarta.org\/index.php\/event\/las-voces-del-paraiso\/#primaryimage"},"image":{"@id":"https:\/\/corodelteatrovillamarta.org\/index.php\/event\/las-voces-del-paraiso\/#primaryimage"},"thumbnailUrl":"https:\/\/corodelteatrovillamarta.org\/wp-content\/uploads\/2025\/08\/Foto-coro-1.jpg","datePublished":"2025-08-28T18:03:09+00:00","dateModified":"2025-08-28T18:03:11+00:00","breadcrumb":{"@id":"https:\/\/corodelteatrovillamarta.org\/index.php\/event\/las-voces-del-paraiso\/#breadcrumb"},"inLanguage":"es","potentialAction":[{"@type":"ReadAction","target":["https:\/\/corodelteatrovillamarta.org\/index.php\/event\/las-voces-del-paraiso\/"]}]},{"@type":"ImageObject","inLanguage":"es","@id":"https:\/\/corodelteatrovillamarta.org\/index.php\/event\/las-voces-del-paraiso\/#primaryimage","url":"https:\/\/corodelteatrovillamarta.org\/wp-content\/uploads\/2025\/08\/Foto-coro-1.jpg","contentUrl":"https:\/\/corodelteatrovillamarta.org\/wp-content\/uploads\/2025\/08\/Foto-coro-1.jpg","width":1600,"height":900},{"@type":"BreadcrumbList","@id":"https:\/\/corodelteatrovillamarta.org\/index.php\/event\/las-voces-del-paraiso\/#breadcrumb","itemListElement":[{"@type":"ListItem","position":1,"name":"Portada","item":"https:\/\/corodelteatrovillamarta.org\/"},{"@type":"ListItem","position":2,"name":"Eventos","item":"https:\/\/corodelteatrovillamarta.org\/index.php\/events\/"},{"@type":"ListItem","position":3,"name":"LAS VOCES DEL PARA\u00cdSO"}]},{"@type":"WebSite","@id":"https:\/\/corodelteatrovillamarta.org\/#website","url":"https:\/\/corodelteatrovillamarta.org\/","name":"Coro del Teatro Villamarta","description":"Web oficial de la Asociaci\u00f3n Cultural Coro del Teatro Villamarta","publisher":{"@id":"https:\/\/corodelteatrovillamarta.org\/#organization"},"potentialAction":[{"@type":"SearchAction","target":{"@type":"EntryPoint","urlTemplate":"https:\/\/corodelteatrovillamarta.org\/?s={search_term_string}"},"query-input":{"@type":"PropertyValueSpecification","valueRequired":true,"valueName":"search_term_string"}}],"inLanguage":"es"},{"@type":"Organization","@id":"https:\/\/corodelteatrovillamarta.org\/#organization","name":"Asociaci\u00f3n Cultural Coro del Teatro Villamarta","url":"https:\/\/corodelteatrovillamarta.org\/","logo":{"@type":"ImageObject","inLanguage":"es","@id":"https:\/\/corodelteatrovillamarta.org\/#\/schema\/logo\/image\/","url":"https:\/\/corodelteatrovillamarta.org\/wp-content\/uploads\/2022\/03\/Logosimbolo1-1.png","contentUrl":"https:\/\/corodelteatrovillamarta.org\/wp-content\/uploads\/2022\/03\/Logosimbolo1-1.png","width":464,"height":141,"caption":"Asociaci\u00f3n Cultural Coro del Teatro Villamarta"},"image":{"@id":"https:\/\/corodelteatrovillamarta.org\/#\/schema\/logo\/image\/"},"sameAs":["https:\/\/www.facebook.com\/CorodelTeatroVillamarta","https:\/\/www.instagram.com\/corodelteatrovillamarta\/","https:\/\/www.youtube.com\/@corodelteatrovillamarta4326"]}]}},"_links":{"self":[{"href":"https:\/\/corodelteatrovillamarta.org\/index.php\/wp-json\/wp\/v2\/tribe_events\/2086","targetHints":{"allow":["GET"]}}],"collection":[{"href":"https:\/\/corodelteatrovillamarta.org\/index.php\/wp-json\/wp\/v2\/tribe_events"}],"about":[{"href":"https:\/\/corodelteatrovillamarta.org\/index.php\/wp-json\/wp\/v2\/types\/tribe_events"}],"author":[{"embeddable":true,"href":"https:\/\/corodelteatrovillamarta.org\/index.php\/wp-json\/wp\/v2\/users\/1"}],"version-history":[{"count":1,"href":"https:\/\/corodelteatrovillamarta.org\/index.php\/wp-json\/wp\/v2\/tribe_events\/2086\/revisions"}],"predecessor-version":[{"id":2088,"href":"https:\/\/corodelteatrovillamarta.org\/index.php\/wp-json\/wp\/v2\/tribe_events\/2086\/revisions\/2088"}],"wp:featuredmedia":[{"embeddable":true,"href":"https:\/\/corodelteatrovillamarta.org\/index.php\/wp-json\/wp\/v2\/media\/2087"}],"wp:attachment":[{"href":"https:\/\/corodelteatrovillamarta.org\/index.php\/wp-json\/wp\/v2\/media?parent=2086"}],"wp:term":[{"taxonomy":"post_tag","embeddable":true,"href":"https:\/\/corodelteatrovillamarta.org\/index.php\/wp-json\/wp\/v2\/tags?post=2086"},{"taxonomy":"tribe_events_cat","embeddable":true,"href":"https:\/\/corodelteatrovillamarta.org\/index.php\/wp-json\/wp\/v2\/tribe_events_cat?post=2086"}],"curies":[{"name":"wp","href":"https:\/\/api.w.org\/{rel}","templated":true}]}}